{"id":2286,"date":"2026-03-27T11:56:27","date_gmt":"2026-03-27T10:56:27","guid":{"rendered":"https:\/\/dev.handelschweiz.bertastrasse1.ch\/bildung\/hoehere-fachpruefung-hfp-aussenhandel\/"},"modified":"2023-12-21T01:48:03","modified_gmt":"2023-12-21T00:48:03","slug":"examen-professionnel-superieur-commerce-international","status":"publish","type":"bildung","link":"https:\/\/handel-schweiz.com\/fr\/bildung\/examen-professionnel-superieur-commerce-international\/","title":{"rendered":"Examen professionnel sup\u00e9rieur Commerce international"},"content":{"rendered":"\n    <section class=\"intro-text-block   intro-text-block-69f0c6aaccdd1\">\n        <div class=\"block-bg-color bg-white\"><\/div>\n\n        <div class=\"intro-text-block-content scrollMagic-block\" data-uid=\"69f0c6aaccdd11\">\n            <div class=\"title-block\">\n                                                            <h2 class=\"mixed-font\"><p><b>Cheffe\/Chef du commerce international<\/b> <\/p>\n<\/h2>\n                                                <\/div>\n\n            <div class=\"intro-text-columns-block \">\n                <div class=\"intro-text-left-block scrollMagic-block delay-animation-1\" data-uid=\"69f0c6aaccdd12\">\n                                            <p class=\"leadtext\">Le \u00abpasse-partout\u00bb dans le commerce ext\u00e9rieur<\/p>\n                    \n                    <div class=\"intro-text-left-block-texteditor\">\n                        <p>Le monde complexe du commerce ext\u00e9rieur exerce une influence consid\u00e9rable sur notre quotidien. Dans ce contexte, les sp\u00e9cialistes du commerce ext\u00e9rieur jouent un r\u00f4le d\u00e9terminant.<\/p>\n<p>Les plus qualifi\u00e9s de ces sp\u00e9cialistes du commerce ext\u00e9rieur sont les dipl\u00f4m\u00e9s de l&rsquo;examen professionnel f\u00e9d\u00e9ral sup\u00e9rieur de \u00abchef(fe) de commerce ext\u00e9rieur dipl\u00f4m\u00e9(e)\u00bb. Les futurs cadres prouvent par leur r\u00e9ussite \u00e0 cet examen qu&rsquo;ils peuvent \u00eatre engag\u00e9s comme managers dans le domaine du commerce ext\u00e9rieur. Les cours pr\u00e9paratoires les pr\u00e9parent \u00e0 des postes de cadres dans des entreprises. Les dipl\u00f4m\u00e9s qui r\u00e9ussissent cet examen obtiennent le dipl\u00f4me f\u00e9d\u00e9ral.<\/p>\n<p>Dans le commerce ext\u00e9rieur aussi, il est de plus en plus important de disposer de solides connaissances techniques. Toute entreprise qui peut compter parmi ses collaborateurs un professionnel tel qu&rsquo;un responsable du commerce ext\u00e9rieur avec dipl\u00f4me f\u00e9d\u00e9ral minimise ses risques et assure son succ\u00e8s dans le commerce mondial.<\/p>\n\n                                                                                                                                                                                                        <pre><a href=\"http:\/\/www.epah-efce.ch\" class=\"main-btn\" target=\"_blank\">EN SAVOIR PLUS<span><i class=\"far fa-external-link\"><\/i><\/span><\/a><\/pre>\n                                                                                                                                                                                        <pre><a href=\"https:\/\/handel-schweiz.com\/wp-content\/uploads\/2023\/06\/flyer-aussenhandelsleiter-a5-f.pdf\" class=\"main-btn\" download target=\"_blank\">Flyer chef \/cheffe du commerce international<\/a><\/pre>\n                                                                                                \n                            <div class=\"texteditor-after-btns\">\n                                <p>Vous trouverez un d\u00e9pliant avec des informations d\u00e9taill\u00e9es sous le lien de t\u00e9l\u00e9chargement ou pouvez acc\u00e9der directement au site Internet des examens f\u00e9d\u00e9raux EFCE en cliquant sur ce lien.<\/p>\n                            <\/div>\n                                            <\/div>\n                <\/div>\n\n                <div class=\"intro-text-right-block scrollMagic-block delay-animation-3\" data-uid=\"69f0c6aaccdd13\">\n                    <h3>Vos avantages<\/h3>\n<ul>\n<li>Dipl\u00f4me reconnu au niveau f\u00e9d\u00e9ral<\/li>\n<li>Cr\u00e9ation de concepts et gestion de projets<\/li>\n<li>Gestion d&rsquo;entreprise durable<\/li>\n<li>Gestion des risques et de la cha\u00eene d&rsquo;approvisionnement<\/li>\n<li>Gestion des grands comptes et suivi de la client\u00e8le<\/li>\n<li>Gestion du personnel<\/li>\n<li>Budg\u00e9tisation et d\u00e9veloppement de business plan<\/li>\n<li>Cr\u00e9ation et extension du r\u00e9seau dans les \u00e9tudes<\/li>\n<\/ul>\n<h3>Votre contact<\/h3>\n<p>Antonietta Arcuri<br \/>\nResponsable de l&rsquo;examen<\/p>\n<p>+41 61 202 94 53<br \/>\n<a href=\"mailto:info@epah-efce.ch\">info@epah-efce.ch<\/a><\/p>\n<p>&nbsp;<\/p>\n                <\/div>\n            <\/div>\n        <\/div>\n    <\/section>\n\n\n\n\n\n\n\n\n\n\n\n\n    \n                    <style>\n                .testimonials-with-bg .testimonials-with-bg-content .testimonial-wrapper .testimonials-with-bg-right-block .testimonial-person-photo.testimonial-person-photo-0{\n                    background-image: url(https:\/\/handel-schweiz.com\/wp-content\/uploads\/2023\/12\/hans_christian_vondercrone_21-09-13_09-31-38-400x600.jpg);\n                }\n\n                                    @media only screen and (max-width: 1400px) {\n                        .testimonials-with-bg .testimonials-with-bg-content .testimonial-wrapper .testimonials-with-bg-right-block .testimonial-person-photo.testimonial-person-photo-0 {\n                            background-image: url(https:\/\/handel-schweiz.com\/wp-content\/uploads\/2023\/12\/hans_christian_vondercrone_21-09-13_09-31-38-e1701683040971-541x600.jpg);\n                        }\n                    }\n                            <\/style>\n                    <style>\n                .testimonials-with-bg .testimonials-with-bg-content .testimonial-wrapper .testimonials-with-bg-right-block .testimonial-person-photo.testimonial-person-photo-1{\n                    background-image: url(https:\/\/handel-schweiz.com\/wp-content\/uploads\/2023\/11\/Karin-Streit-heizmann-450x600.jpg);\n                }\n\n                                    @media only screen and (max-width: 1400px) {\n                        .testimonials-with-bg .testimonials-with-bg-content .testimonial-wrapper .testimonials-with-bg-right-block .testimonial-person-photo.testimonial-person-photo-1 {\n                            background-image: url(https:\/\/handel-schweiz.com\/wp-content\/uploads\/2023\/11\/Karin-Streit-heizmann-scaled-e1774537455703.jpg);\n                        }\n                    }\n                            <\/style>\n                    <style>\n                .testimonials-with-bg .testimonials-with-bg-content .testimonial-wrapper .testimonials-with-bg-right-block .testimonial-person-photo.testimonial-person-photo-2{\n                    background-image: url(https:\/\/handel-schweiz.com\/wp-content\/uploads\/2023\/06\/Thomas-Freuler-kl-547x600.jpg);\n                }\n\n                                    @media only screen and (max-width: 1400px) {\n                        .testimonials-with-bg .testimonials-with-bg-content .testimonial-wrapper .testimonials-with-bg-right-block .testimonial-person-photo.testimonial-person-photo-2 {\n                            background-image: url(https:\/\/handel-schweiz.com\/wp-content\/uploads\/2023\/11\/Thomas-Freuler-429x600.jpg);\n                        }\n                    }\n                            <\/style>\n                    <style>\n                .testimonials-with-bg .testimonials-with-bg-content .testimonial-wrapper .testimonials-with-bg-right-block .testimonial-person-photo.testimonial-person-photo-3{\n                    background-image: url(https:\/\/handel-schweiz.com\/wp-content\/uploads\/2023\/11\/Foto-Testimonial-Ben-Staeheli-450x600.jpg);\n                }\n\n                            <\/style>\n        \n        <section class=\"testimonials-with-bg testimonials-with-bg-69f0c6aace378\">\n            <div>\n                <div class=\"testimonial-bg-color\"><\/div>\n\n                <div class=\"testimonials-with-bg-content scrollMagic-block\" data-uid=\"69f0c6aace378\">\n                    <div class=\"testimonials-with-bg-slider\">\n                                                    <div class=\"testimonial-wrapper\">\n                                <div class=\"testimonials-with-bg-left-block equal-h\">\n                                    <div class=\"testimonial\">\n                                        <div>\n                                            <div class=\"testimonial-title-block\">\n                                                <h2 class=\"testimonial-title text-light mb_0 text-not-uppercase text-white\">Ce que disent nos membres<\/h2>\n                                            <\/div>\n\n                                            <div class=\"testimonial-text-block\">\n                                                <p class=\"big\">\u00a0\u00bb Faire ensemble ce qu&rsquo;il y a de mieux pour le commerce. \u00ab\u00a0<\/p>\n                                            <\/div>\n\n                                            <div class=\"testimonial-person-meta-block\">\n                                                <p class=\"mb_0\">Hans Christian von der Crone<\/p>\n                                                <div class=\"person-meta\"><p>Directeur Nimex AG \/ Comit\u00e9 Commerce Suisse<\/p>\n<\/div>\n                                            <\/div>\n                                        <\/div>\n                                    <\/div>\n                                <\/div>\n\n                                <div class=\"testimonials-with-bg-right-block equal-h\">\n                                    <div class=\"testimonial-person-photo testimonial-person-photo-0\"><\/div>\n                                <\/div>\n                            <\/div>\n                                                    <div class=\"testimonial-wrapper\">\n                                <div class=\"testimonials-with-bg-left-block equal-h\">\n                                    <div class=\"testimonial\">\n                                        <div>\n                                            <div class=\"testimonial-title-block\">\n                                                <h2 class=\"testimonial-title text-light mb_0 text-not-uppercase text-white\">Ce que disent nos membres<\/h2>\n                                            <\/div>\n\n                                            <div class=\"testimonial-text-block\">\n                                                <p class=\"big\">\u00a0\u00bb Le Commerce Suisse s&rsquo;engage pour des formations ax\u00e9e sur la pratique afin d\u2019avoir une longueur d\u2019avance sur la formation professionnelle. Gr\u00e2ce \u00e0 une base solide, nos apprentis b\u00e9n\u00e9ficient de formidables opportunit\u00e9s de carri\u00e8re  professionnelle florissantes dans le secteur du commerce. \u00a0\u00bb\r\n<\/p>\n                                            <\/div>\n\n                                            <div class=\"testimonial-person-meta-block\">\n                                                <p class=\"mb_0\">Karin Streit-Heizmann<\/p>\n                                                <div class=\"person-meta\"><p>Directrice Heizmann AG<\/p>\n<\/div>\n                                            <\/div>\n                                        <\/div>\n                                    <\/div>\n                                <\/div>\n\n                                <div class=\"testimonials-with-bg-right-block equal-h\">\n                                    <div class=\"testimonial-person-photo testimonial-person-photo-1\"><\/div>\n                                <\/div>\n                            <\/div>\n                                                    <div class=\"testimonial-wrapper\">\n                                <div class=\"testimonials-with-bg-left-block equal-h\">\n                                    <div class=\"testimonial\">\n                                        <div>\n                                            <div class=\"testimonial-title-block\">\n                                                <h2 class=\"testimonial-title text-light mb_0 text-not-uppercase text-white\">Ce que disent nos membres<\/h2>\n                                            <\/div>\n\n                                            <div class=\"testimonial-text-block\">\n                                                <p class=\"big\">\u00ab\u00a0Les crises \u00e9conomiques mondiales se suivent les unes apr\u00e8s les autres. Les d\u00e9fis du commerce deviennent de plus en plus complexes. Une association forte, dot\u00e9e d&rsquo;une strat\u00e9gie claire et coh\u00e9rente, permet de s&rsquo;orienter et de soutenir les t\u00e2ches \u00e0 venir\u00a0\u00bb<\/p>\n                                            <\/div>\n\n                                            <div class=\"testimonial-person-meta-block\">\n                                                <p class=\"mb_0\">Thomas Freuler<\/p>\n                                                <div class=\"person-meta\"><p>Pr\u00e9sident de l&rsquo;Association suisse de l&rsquo;acier et de la technique du b\u00e2timent ASCA\/ Spaeter AG<br \/>\nMembre du comit\u00e9 directeur de Commerce Suisse<\/p>\n<\/div>\n                                            <\/div>\n                                        <\/div>\n                                    <\/div>\n                                <\/div>\n\n                                <div class=\"testimonials-with-bg-right-block equal-h\">\n                                    <div class=\"testimonial-person-photo testimonial-person-photo-2\"><\/div>\n                                <\/div>\n                            <\/div>\n                                                    <div class=\"testimonial-wrapper\">\n                                <div class=\"testimonials-with-bg-left-block equal-h\">\n                                    <div class=\"testimonial\">\n                                        <div>\n                                            <div class=\"testimonial-title-block\">\n                                                <h2 class=\"testimonial-title text-light mb_0 text-not-uppercase text-white\">Ce que disent nos membres<\/h2>\n                                            <\/div>\n\n                                            <div class=\"testimonial-text-block\">\n                                                <p class=\"big\">\u00a0\u00bb Le Commerce Suisse est actif et s&rsquo;engage pour le maintien et le d\u00e9veloppement de conditions-cadres favorables au commerce. Car seul un commerce libre garantit la s\u00e9curit\u00e9 de l&rsquo;approvisionnement de la Suisse et conduit au succ\u00e8s \u00e9conomique. \u00a0\u00bb\r\n\r\n<\/p>\n                                            <\/div>\n\n                                            <div class=\"testimonial-person-meta-block\">\n                                                <p class=\"mb_0\">Benjamin St\u00e4helin<\/p>\n                                                <div class=\"person-meta\"><p>Directeur de  Tioman Trading SA<\/p>\n<\/div>\n                                            <\/div>\n                                        <\/div>\n                                    <\/div>\n                                <\/div>\n\n                                <div class=\"testimonials-with-bg-right-block equal-h\">\n                                    <div class=\"testimonial-person-photo testimonial-person-photo-3\"><\/div>\n                                <\/div>\n                            <\/div>\n                                            <\/div>\n                <\/div>\n            <\/div>\n        <\/section>\n    \n\n\n\n\n\n\n","protected":false},"featured_media":1156,"template":"","bildung_category":[99],"bildung_tag":[100],"thema":[101],"class_list":["post-2286","bildung","type-bildung","status-publish","has-post-thumbnail","hentry","bildung_category-formation-professionnelle","bildung_tag-formation-professionnelle","thema-formation-fr"],"acf":[],"yoast_head":"<!-- This site is optimized with the Yoast SEO plugin v27.5 - https:\/\/yoast.com\/product\/yoast-seo-wordpress\/ -->\n<title>Examen professionnel sup\u00e9rieur Commerce international - HANDELSchweiz<\/title>\n<meta name=\"description\" content=\"Les plus qualifi\u00e9s de ces sp\u00e9cialistes du commerce ext\u00e9rieur sont aujourd&#039;hui les titulaires d&#039;un examen professionnel f\u00e9d\u00e9ral sup\u00e9rieur avec dipl\u00f4me f\u00e9d\u00e9ral.\" \/>\n<meta name=\"robots\" content=\"index, follow, max-snippet:-1, max-image-preview:large, max-video-preview:-1\" \/>\n<link rel=\"canonical\" href=\"https:\/\/handel-schweiz.com\/fr\/bildung\/examen-professionnel-superieur-commerce-international\/\" \/>\n<meta property=\"og:locale\" content=\"fr_FR\" \/>\n<meta property=\"og:type\" content=\"article\" \/>\n<meta property=\"og:title\" content=\"Examen professionnel sup\u00e9rieur Commerce international - HANDELSchweiz\" \/>\n<meta property=\"og:description\" content=\"Les plus qualifi\u00e9s de ces sp\u00e9cialistes du commerce ext\u00e9rieur sont aujourd&#039;hui les titulaires d&#039;un examen professionnel f\u00e9d\u00e9ral sup\u00e9rieur avec dipl\u00f4me f\u00e9d\u00e9ral.\" \/>\n<meta property=\"og:url\" content=\"https:\/\/handel-schweiz.com\/fr\/bildung\/examen-professionnel-superieur-commerce-international\/\" \/>\n<meta property=\"og:site_name\" content=\"HANDELSchweiz\" \/>\n<meta property=\"og:image\" content=\"https:\/\/handel-schweiz.com\/wp-content\/uploads\/2023\/06\/container-4465494_1920.jpg\" \/>\n\t<meta property=\"og:image:width\" content=\"1920\" \/>\n\t<meta property=\"og:image:height\" content=\"1281\" \/>\n\t<meta property=\"og:image:type\" content=\"image\/jpeg\" \/>\n<meta name=\"twitter:card\" content=\"summary_large_image\" \/>\n<meta name=\"twitter:site\" content=\"@handelschweiz\" \/>\n<script type=\"application\/ld+json\" class=\"yoast-schema-graph\">{\"@context\":\"https:\\\/\\\/schema.org\",\"@graph\":[{\"@type\":\"WebPage\",\"@id\":\"https:\\\/\\\/handel-schweiz.com\\\/fr\\\/bildung\\\/examen-professionnel-superieur-commerce-international\\\/\",\"url\":\"https:\\\/\\\/handel-schweiz.com\\\/fr\\\/bildung\\\/examen-professionnel-superieur-commerce-international\\\/\",\"name\":\"Examen professionnel sup\u00e9rieur Commerce international - HANDELSchweiz\",\"isPartOf\":{\"@id\":\"https:\\\/\\\/handel-schweiz.com\\\/#website\"},\"primaryImageOfPage\":{\"@id\":\"https:\\\/\\\/handel-schweiz.com\\\/fr\\\/bildung\\\/examen-professionnel-superieur-commerce-international\\\/#primaryimage\"},\"image\":{\"@id\":\"https:\\\/\\\/handel-schweiz.com\\\/fr\\\/bildung\\\/examen-professionnel-superieur-commerce-international\\\/#primaryimage\"},\"thumbnailUrl\":\"https:\\\/\\\/handel-schweiz.com\\\/wp-content\\\/uploads\\\/2023\\\/06\\\/container-4465494_1920.jpg\",\"datePublished\":\"2026-03-27T10:56:27+00:00\",\"description\":\"Les plus qualifi\u00e9s de ces sp\u00e9cialistes du commerce ext\u00e9rieur sont aujourd'hui les titulaires d'un examen professionnel f\u00e9d\u00e9ral sup\u00e9rieur avec dipl\u00f4me f\u00e9d\u00e9ral.\",\"breadcrumb\":{\"@id\":\"https:\\\/\\\/handel-schweiz.com\\\/fr\\\/bildung\\\/examen-professionnel-superieur-commerce-international\\\/#breadcrumb\"},\"inLanguage\":\"fr-FR\",\"potentialAction\":[{\"@type\":\"ReadAction\",\"target\":[\"https:\\\/\\\/handel-schweiz.com\\\/fr\\\/bildung\\\/examen-professionnel-superieur-commerce-international\\\/\"]}]},{\"@type\":\"ImageObject\",\"inLanguage\":\"fr-FR\",\"@id\":\"https:\\\/\\\/handel-schweiz.com\\\/fr\\\/bildung\\\/examen-professionnel-superieur-commerce-international\\\/#primaryimage\",\"url\":\"https:\\\/\\\/handel-schweiz.com\\\/wp-content\\\/uploads\\\/2023\\\/06\\\/container-4465494_1920.jpg\",\"contentUrl\":\"https:\\\/\\\/handel-schweiz.com\\\/wp-content\\\/uploads\\\/2023\\\/06\\\/container-4465494_1920.jpg\",\"width\":1920,\"height\":1281},{\"@type\":\"BreadcrumbList\",\"@id\":\"https:\\\/\\\/handel-schweiz.com\\\/fr\\\/bildung\\\/examen-professionnel-superieur-commerce-international\\\/#breadcrumb\",\"itemListElement\":[{\"@type\":\"ListItem\",\"position\":1,\"name\":\"Home\",\"item\":\"https:\\\/\\\/handel-schweiz.com\\\/fr\\\/\"},{\"@type\":\"ListItem\",\"position\":2,\"name\":\"Bildung\",\"item\":\"https:\\\/\\\/handel-schweiz.com\\\/bildung\\\/\"},{\"@type\":\"ListItem\",\"position\":3,\"name\":\"Examen professionnel sup\u00e9rieur Commerce international\"}]},{\"@type\":\"WebSite\",\"@id\":\"https:\\\/\\\/handel-schweiz.com\\\/#website\",\"url\":\"https:\\\/\\\/handel-schweiz.com\\\/\",\"name\":\"HANDELSchweiz\",\"description\":\"HANDEL f\u00f6rdern und vereinfachen\",\"publisher\":{\"@id\":\"https:\\\/\\\/handel-schweiz.com\\\/#organization\"},\"potentialAction\":[{\"@type\":\"SearchAction\",\"target\":{\"@type\":\"EntryPoint\",\"urlTemplate\":\"https:\\\/\\\/handel-schweiz.com\\\/?s={search_term_string}\"},\"query-input\":{\"@type\":\"PropertyValueSpecification\",\"valueRequired\":true,\"valueName\":\"search_term_string\"}}],\"inLanguage\":\"fr-FR\"},{\"@type\":\"Organization\",\"@id\":\"https:\\\/\\\/handel-schweiz.com\\\/#organization\",\"name\":\"HandelSchweiz\",\"alternateName\":\"Handel Schweiz\",\"url\":\"https:\\\/\\\/handel-schweiz.com\\\/\",\"logo\":{\"@type\":\"ImageObject\",\"inLanguage\":\"fr-FR\",\"@id\":\"https:\\\/\\\/handel-schweiz.com\\\/#\\\/schema\\\/logo\\\/image\\\/\",\"url\":\"https:\\\/\\\/handel-schweiz.com\\\/wp-content\\\/uploads\\\/2023\\\/11\\\/logo_de.svg\",\"contentUrl\":\"https:\\\/\\\/handel-schweiz.com\\\/wp-content\\\/uploads\\\/2023\\\/11\\\/logo_de.svg\",\"width\":417,\"height\":89,\"caption\":\"HandelSchweiz\"},\"image\":{\"@id\":\"https:\\\/\\\/handel-schweiz.com\\\/#\\\/schema\\\/logo\\\/image\\\/\"},\"sameAs\":[\"https:\\\/\\\/x.com\\\/handelschweiz\",\"https:\\\/\\\/ch.linkedin.com\\\/company\\\/handelschweiz\"]}]}<\/script>\n<!-- \/ Yoast SEO plugin. -->","yoast_head_json":{"title":"Examen professionnel sup\u00e9rieur Commerce international - HANDELSchweiz","description":"Les plus qualifi\u00e9s de ces sp\u00e9cialistes du commerce ext\u00e9rieur sont aujourd'hui les titulaires d'un examen professionnel f\u00e9d\u00e9ral sup\u00e9rieur avec dipl\u00f4me f\u00e9d\u00e9ral.","robots":{"index":"index","follow":"follow","max-snippet":"max-snippet:-1","max-image-preview":"max-image-preview:large","max-video-preview":"max-video-preview:-1"},"canonical":"https:\/\/handel-schweiz.com\/fr\/bildung\/examen-professionnel-superieur-commerce-international\/","og_locale":"fr_FR","og_type":"article","og_title":"Examen professionnel sup\u00e9rieur Commerce international - HANDELSchweiz","og_description":"Les plus qualifi\u00e9s de ces sp\u00e9cialistes du commerce ext\u00e9rieur sont aujourd'hui les titulaires d'un examen professionnel f\u00e9d\u00e9ral sup\u00e9rieur avec dipl\u00f4me f\u00e9d\u00e9ral.","og_url":"https:\/\/handel-schweiz.com\/fr\/bildung\/examen-professionnel-superieur-commerce-international\/","og_site_name":"HANDELSchweiz","og_image":[{"width":1920,"height":1281,"url":"https:\/\/handel-schweiz.com\/wp-content\/uploads\/2023\/06\/container-4465494_1920.jpg","type":"image\/jpeg"}],"twitter_card":"summary_large_image","twitter_site":"@handelschweiz","schema":{"@context":"https:\/\/schema.org","@graph":[{"@type":"WebPage","@id":"https:\/\/handel-schweiz.com\/fr\/bildung\/examen-professionnel-superieur-commerce-international\/","url":"https:\/\/handel-schweiz.com\/fr\/bildung\/examen-professionnel-superieur-commerce-international\/","name":"Examen professionnel sup\u00e9rieur Commerce international - HANDELSchweiz","isPartOf":{"@id":"https:\/\/handel-schweiz.com\/#website"},"primaryImageOfPage":{"@id":"https:\/\/handel-schweiz.com\/fr\/bildung\/examen-professionnel-superieur-commerce-international\/#primaryimage"},"image":{"@id":"https:\/\/handel-schweiz.com\/fr\/bildung\/examen-professionnel-superieur-commerce-international\/#primaryimage"},"thumbnailUrl":"https:\/\/handel-schweiz.com\/wp-content\/uploads\/2023\/06\/container-4465494_1920.jpg","datePublished":"2026-03-27T10:56:27+00:00","description":"Les plus qualifi\u00e9s de ces sp\u00e9cialistes du commerce ext\u00e9rieur sont aujourd'hui les titulaires d'un examen professionnel f\u00e9d\u00e9ral sup\u00e9rieur avec dipl\u00f4me f\u00e9d\u00e9ral.","breadcrumb":{"@id":"https:\/\/handel-schweiz.com\/fr\/bildung\/examen-professionnel-superieur-commerce-international\/#breadcrumb"},"inLanguage":"fr-FR","potentialAction":[{"@type":"ReadAction","target":["https:\/\/handel-schweiz.com\/fr\/bildung\/examen-professionnel-superieur-commerce-international\/"]}]},{"@type":"ImageObject","inLanguage":"fr-FR","@id":"https:\/\/handel-schweiz.com\/fr\/bildung\/examen-professionnel-superieur-commerce-international\/#primaryimage","url":"https:\/\/handel-schweiz.com\/wp-content\/uploads\/2023\/06\/container-4465494_1920.jpg","contentUrl":"https:\/\/handel-schweiz.com\/wp-content\/uploads\/2023\/06\/container-4465494_1920.jpg","width":1920,"height":1281},{"@type":"BreadcrumbList","@id":"https:\/\/handel-schweiz.com\/fr\/bildung\/examen-professionnel-superieur-commerce-international\/#breadcrumb","itemListElement":[{"@type":"ListItem","position":1,"name":"Home","item":"https:\/\/handel-schweiz.com\/fr\/"},{"@type":"ListItem","position":2,"name":"Bildung","item":"https:\/\/handel-schweiz.com\/bildung\/"},{"@type":"ListItem","position":3,"name":"Examen professionnel sup\u00e9rieur Commerce international"}]},{"@type":"WebSite","@id":"https:\/\/handel-schweiz.com\/#website","url":"https:\/\/handel-schweiz.com\/","name":"HANDELSchweiz","description":"HANDEL f\u00f6rdern und vereinfachen","publisher":{"@id":"https:\/\/handel-schweiz.com\/#organization"},"potentialAction":[{"@type":"SearchAction","target":{"@type":"EntryPoint","urlTemplate":"https:\/\/handel-schweiz.com\/?s={search_term_string}"},"query-input":{"@type":"PropertyValueSpecification","valueRequired":true,"valueName":"search_term_string"}}],"inLanguage":"fr-FR"},{"@type":"Organization","@id":"https:\/\/handel-schweiz.com\/#organization","name":"HandelSchweiz","alternateName":"Handel Schweiz","url":"https:\/\/handel-schweiz.com\/","logo":{"@type":"ImageObject","inLanguage":"fr-FR","@id":"https:\/\/handel-schweiz.com\/#\/schema\/logo\/image\/","url":"https:\/\/handel-schweiz.com\/wp-content\/uploads\/2023\/11\/logo_de.svg","contentUrl":"https:\/\/handel-schweiz.com\/wp-content\/uploads\/2023\/11\/logo_de.svg","width":417,"height":89,"caption":"HandelSchweiz"},"image":{"@id":"https:\/\/handel-schweiz.com\/#\/schema\/logo\/image\/"},"sameAs":["https:\/\/x.com\/handelschweiz","https:\/\/ch.linkedin.com\/company\/handelschweiz"]}]}},"_links":{"self":[{"href":"https:\/\/handel-schweiz.com\/fr\/wp-json\/wp\/v2\/bildung\/2286","targetHints":{"allow":["GET"]}}],"collection":[{"href":"https:\/\/handel-schweiz.com\/fr\/wp-json\/wp\/v2\/bildung"}],"about":[{"href":"https:\/\/handel-schweiz.com\/fr\/wp-json\/wp\/v2\/types\/bildung"}],"wp:featuredmedia":[{"embeddable":true,"href":"https:\/\/handel-schweiz.com\/fr\/wp-json\/wp\/v2\/media\/1156"}],"wp:attachment":[{"href":"https:\/\/handel-schweiz.com\/fr\/wp-json\/wp\/v2\/media?parent=2286"}],"wp:term":[{"taxonomy":"bildung_category","embeddable":true,"href":"https:\/\/handel-schweiz.com\/fr\/wp-json\/wp\/v2\/bildung_category?post=2286"},{"taxonomy":"bildung_tag","embeddable":true,"href":"https:\/\/handel-schweiz.com\/fr\/wp-json\/wp\/v2\/bildung_tag?post=2286"},{"taxonomy":"thema","embeddable":true,"href":"https:\/\/handel-schweiz.com\/fr\/wp-json\/wp\/v2\/thema?post=2286"}],"curies":[{"name":"wp","href":"https:\/\/api.w.org\/{rel}","templated":true}]}}