{"id":3597,"date":"2025-08-12T15:57:33","date_gmt":"2025-08-12T13:57:33","guid":{"rendered":"https:\/\/handel-schweiz.com\/?post_type=branchen-update&#038;p=3597"},"modified":"2025-08-12T15:57:34","modified_gmt":"2025-08-12T13:57:34","slug":"non-a-limpot-sur-les-successions-des-jeunes-socialistes","status":"publish","type":"branchen-update","link":"https:\/\/handel-schweiz.com\/fr\/branchen-update\/non-a-limpot-sur-les-successions-des-jeunes-socialistes\/","title":{"rendered":"Non \u00e0 l\u2019imp\u00f4t sur les successions des Jeunes Socialistes"},"content":{"rendered":"\n    <section class=\"intro-text-block   intro-text-block-69f3a7eeafd10\">\n        <div class=\"block-bg-color bg-white\"><\/div>\n\n        <div class=\"intro-text-block-content scrollMagic-block\" data-uid=\"69f3a7eeafd101\">\n            <div class=\"title-block\">\n                                                            <h1 class=\"big\"><p>Pourquoi l&rsquo;initiative des Jeunes socialistes <b>menace<\/b> les entreprises familiales<\/p>\n<\/h1>\n                                                <\/div>\n\n            <div class=\"intro-text-columns-block \">\n                <div class=\"intro-text-left-block scrollMagic-block delay-animation-1\" data-uid=\"69f3a7eeafd102\">\n                                            <p class=\"leadtext\">La nouvelle initiative des Jeunes socialistes s\u2019attaque directement aux moyennes et grandes entreprises familiales suisses. <\/p>\n                    \n                    <div class=\"intro-text-left-block-texteditor\">\n                        <p>Elle pr\u00e9voit un imp\u00f4t sur les successions de 50 % sur les successions sup\u00e9rieures \u00e0 50 millions de francs. Cela aurait des cons\u00e9quences dramatiques pour de nombreuses entreprises : en cas de succession, elles seraient contraintes de s&rsquo;endetter lourdement, de vendre une partie de leurs actifs, voire d&rsquo;\u00eatre d\u00e9mantel\u00e9es.<\/p>\n<p>Ce que les Jeunes socialistes ne comprennent pas, c&rsquo;est que la fortune de nombreux entrepreneurs prosp\u00e8res n&rsquo;est pas plac\u00e9e en esp\u00e8ces \u00e0 la banque, mais investie dans leur entreprise. Pour payer un tel imp\u00f4t, leurs h\u00e9ritiers devraient souvent c\u00e9der l&rsquo;entreprise ou la vendre dans l&rsquo;urgence, parfois \u00e0 des investisseurs \u00e9trangers sans aucun lien avec la r\u00e9gion, les employ\u00e9s ni la tradition. Cela ne toucherait pas seulement les entreprises elles-m\u00eames, mais aussi de nombreuses PME sous-traitantes et partenaires qui sont \u00e9troitement li\u00e9es \u00e0 elles et dont les commandes sont cruciales pour leur propre survie.<\/p>\n<p>L&rsquo;initiative prive ainsi les entreprises familiales des moyens dont elles ont besoin pour investir dans des technologies durables, des produits innovants et des emplois s\u00fbrs. Au lieu de garantir la p\u00e9rennit\u00e9 de ces entreprises, cette initiative met des b\u00e2tons dans les roues de la prochaine g\u00e9n\u00e9ration d&rsquo;entrepreneurs.<\/p>\n<p>Les entreprises familiales sont le pilier de notre \u00e9conomie : elles cr\u00e9ent des emplois, sont ancr\u00e9es dans leur r\u00e9gion, investissent localement et contribuent de mani\u00e8re significative aux recettes fiscales. Un imp\u00f4t sur les successions aussi radical d\u00e9truirait ces fondements.<\/p>\n<p>L&rsquo;initiative des Jeunes socialistes est un autogoal : elle affaiblit les entreprises prosp\u00e8res, met en p\u00e9ril des emplois et, en fin de compte, nous nuit \u00e0 tous.<\/p>\n\n                                            <\/div>\n                <\/div>\n\n                <div class=\"intro-text-right-block scrollMagic-block delay-animation-3\" data-uid=\"69f3a7eeafd103\">\n                                    <\/div>\n            <\/div>\n        <\/div>\n    <\/section>\n\n\n\n\n\n\n\n\n\n\n\n\n    \n                    <style>\n                .testimonials-with-bg .testimonials-with-bg-content .testimonial-wrapper .testimonials-with-bg-right-block .testimonial-person-photo.testimonial-person-photo-0{\n                    background-image: url(https:\/\/handel-schweiz.com\/wp-content\/uploads\/2023\/06\/Thomas-Freuler-kl-547x600.jpg);\n                }\n\n                                    @media only screen and (max-width: 1400px) {\n                        .testimonials-with-bg .testimonials-with-bg-content .testimonial-wrapper .testimonials-with-bg-right-block .testimonial-person-photo.testimonial-person-photo-0 {\n                            background-image: url(https:\/\/handel-schweiz.com\/wp-content\/uploads\/2023\/11\/Thomas-Freuler-e1701605668535-543x600.jpg);\n                        }\n                    }\n                            <\/style>\n                    <style>\n                .testimonials-with-bg .testimonials-with-bg-content .testimonial-wrapper .testimonials-with-bg-right-block .testimonial-person-photo.testimonial-person-photo-1{\n                    background-image: url(https:\/\/handel-schweiz.com\/wp-content\/uploads\/2023\/11\/Foto-Testimonial-Ben-Staeheli-450x600.jpg);\n                }\n\n                                    @media only screen and (max-width: 1400px) {\n                        .testimonials-with-bg .testimonials-with-bg-content .testimonial-wrapper .testimonials-with-bg-right-block .testimonial-person-photo.testimonial-person-photo-1 {\n                            background-image: url(https:\/\/handel-schweiz.com\/wp-content\/uploads\/2023\/11\/Foto-Testimonial-Ben-Staeheli-450x600.jpg);\n                        }\n                    }\n                            <\/style>\n                    <style>\n                .testimonials-with-bg .testimonials-with-bg-content .testimonial-wrapper .testimonials-with-bg-right-block .testimonial-person-photo.testimonial-person-photo-2{\n                    background-image: url(https:\/\/handel-schweiz.com\/wp-content\/uploads\/2023\/11\/Karin-Streit-heizmann-scaled-e1774537455703.jpg);\n                }\n\n                                    @media only screen and (max-width: 1400px) {\n                        .testimonials-with-bg .testimonials-with-bg-content .testimonial-wrapper .testimonials-with-bg-right-block .testimonial-person-photo.testimonial-person-photo-2 {\n                            background-image: url(https:\/\/handel-schweiz.com\/wp-content\/uploads\/2023\/11\/Karin-Streit-heizmann-scaled-e1774537455703.jpg);\n                        }\n                    }\n                            <\/style>\n                    <style>\n                .testimonials-with-bg .testimonials-with-bg-content .testimonial-wrapper .testimonials-with-bg-right-block .testimonial-person-photo.testimonial-person-photo-3{\n                    background-image: url(https:\/\/handel-schweiz.com\/wp-content\/uploads\/2023\/12\/hans_christian_vondercrone_21-09-13_09-31-38-e1701683040971-541x600.jpg);\n                }\n\n                                    @media only screen and (max-width: 1400px) {\n                        .testimonials-with-bg .testimonials-with-bg-content .testimonial-wrapper .testimonials-with-bg-right-block .testimonial-person-photo.testimonial-person-photo-3 {\n                            background-image: url(https:\/\/handel-schweiz.com\/wp-content\/uploads\/2023\/12\/hans_christian_vondercrone_21-09-13_09-31-38-e1701683040971-541x600.jpg);\n                        }\n                    }\n                            <\/style>\n        \n        <section class=\"testimonials-with-bg testimonials-with-bg-69f3a7eeb0e4f\">\n            <div>\n                <div class=\"testimonial-bg-color\"><\/div>\n\n                <div class=\"testimonials-with-bg-content scrollMagic-block\" data-uid=\"69f3a7eeb0e4f\">\n                    <div class=\"testimonials-with-bg-slider\">\n                                                    <div class=\"testimonial-wrapper\">\n                                <div class=\"testimonials-with-bg-left-block equal-h\">\n                                    <div class=\"testimonial\">\n                                        <div>\n                                            <div class=\"testimonial-title-block\">\n                                                <h2 class=\"testimonial-title text-light mb_0 text-not-uppercase text-white\">Ce que disent nos membres<\/h2>\n                                            <\/div>\n\n                                            <div class=\"testimonial-text-block\">\n                                                <p class=\"big\">\u00abWeltwirtschaftliche Krisen geben sich die Hand. Die Herausforderungen des Handels werden komplexer. Ein starker Verband mit klarer Strategie und Konsequenz gibt Orientierung und unterst\u00fctzt bei anstehenden Aufgaben.\u00bb<\/p>\n                                            <\/div>\n\n                                            <div class=\"testimonial-person-meta-block\">\n                                                <p class=\"mb_0\">Thomas Freuler<\/p>\n                                                <div class=\"person-meta\"><p>Pr\u00e4sident Schweizer Stahl- und Haustechnikverband \/ Spaeter AG<br \/>\nVorstand Handel Schweiz<\/p>\n<\/div>\n                                            <\/div>\n                                        <\/div>\n                                    <\/div>\n                                <\/div>\n\n                                <div class=\"testimonials-with-bg-right-block equal-h\">\n                                    <div class=\"testimonial-person-photo testimonial-person-photo-0\"><\/div>\n                                <\/div>\n                            <\/div>\n                                                    <div class=\"testimonial-wrapper\">\n                                <div class=\"testimonials-with-bg-left-block equal-h\">\n                                    <div class=\"testimonial\">\n                                        <div>\n                                            <div class=\"testimonial-title-block\">\n                                                <h2 class=\"testimonial-title text-light mb_0 text-not-uppercase text-white\">Ce que disent nos membres<\/h2>\n                                            <\/div>\n\n                                            <div class=\"testimonial-text-block\">\n                                                <p class=\"big\">\u00ab\u00a0Handel-Schweiz ist aktiv und engagiert sich f\u00fcr den Erhalt und die Entwicklung von handelsfreundlichen Rahmenbedingungen. Denn nur ein freier Handel garantiert die Versorgungssicherheit der Schweiz und f\u00fchrt zu wirtschaftlichem Erfolg.\u00a0\u00bb<\/p>\n                                            <\/div>\n\n                                            <div class=\"testimonial-person-meta-block\">\n                                                <p class=\"mb_0\">Benjamin St\u00e4helin<\/p>\n                                                <div class=\"person-meta\"><p>Gesch\u00e4ftsf\u00fchrer Tioman Trading SA<\/p>\n<\/div>\n                                            <\/div>\n                                        <\/div>\n                                    <\/div>\n                                <\/div>\n\n                                <div class=\"testimonials-with-bg-right-block equal-h\">\n                                    <div class=\"testimonial-person-photo testimonial-person-photo-1\"><\/div>\n                                <\/div>\n                            <\/div>\n                                                    <div class=\"testimonial-wrapper\">\n                                <div class=\"testimonials-with-bg-left-block equal-h\">\n                                    <div class=\"testimonial\">\n                                        <div>\n                                            <div class=\"testimonial-title-block\">\n                                                <h2 class=\"testimonial-title text-light mb_0 text-not-uppercase text-white\">Ce que disent nos membres<\/h2>\n                                            <\/div>\n\n                                            <div class=\"testimonial-text-block\">\n                                                <p class=\"big\">\u00ab\u00a0Handel Schweiz engagiert sich f\u00fcr praxisnahe Ausbildungen, um in der Berufsausbildung am Puls zu sein. Unsere Lernenden profitieren, dank einer soliden Grundlage, von tollen Karrierechancen f\u00fcr eine erfolgreiche berufliche Zukunft im Handelssektor.\u00a0\u00bb\r\n \r\n<\/p>\n                                            <\/div>\n\n                                            <div class=\"testimonial-person-meta-block\">\n                                                <p class=\"mb_0\">Karin Streit-Heizmann<\/p>\n                                                <div class=\"person-meta\"><p>Gesch\u00e4ftsf\u00fchrerin Heizmann AG<\/p>\n<\/div>\n                                            <\/div>\n                                        <\/div>\n                                    <\/div>\n                                <\/div>\n\n                                <div class=\"testimonials-with-bg-right-block equal-h\">\n                                    <div class=\"testimonial-person-photo testimonial-person-photo-2\"><\/div>\n                                <\/div>\n                            <\/div>\n                                                    <div class=\"testimonial-wrapper\">\n                                <div class=\"testimonials-with-bg-left-block equal-h\">\n                                    <div class=\"testimonial\">\n                                        <div>\n                                            <div class=\"testimonial-title-block\">\n                                                <h2 class=\"testimonial-title text-light mb_0 text-not-uppercase text-white\">Ce que disent nos membres<\/h2>\n                                            <\/div>\n\n                                            <div class=\"testimonial-text-block\">\n                                                <p class=\"big\">\u00ab\u00a0Gemeinsam mit andern f\u00fcr den Handel das Beste tun.\u00a0\u00bb<\/p>\n                                            <\/div>\n\n                                            <div class=\"testimonial-person-meta-block\">\n                                                <p class=\"mb_0\">Hans Christian von der Crone<\/p>\n                                                <div class=\"person-meta\"><p>Gesch\u00e4ftsf\u00fchrer Nimex AG \/ Vorstand Handel Schweiz<\/p>\n<\/div>\n                                            <\/div>\n                                        <\/div>\n                                    <\/div>\n                                <\/div>\n\n                                <div class=\"testimonials-with-bg-right-block equal-h\">\n                                    <div class=\"testimonial-person-photo testimonial-person-photo-3\"><\/div>\n                                <\/div>\n                            <\/div>\n                                            <\/div>\n                <\/div>\n            <\/div>\n        <\/section>\n    \n\n\n\n\n\n\n","protected":false},"featured_media":3427,"template":"","branchen_update_category":[116],"thema":[82],"class_list":["post-3597","branchen-update","type-branchen-update","status-publish","has-post-thumbnail","hentry","branchen_update_category-politique","thema-commerce"],"acf":[],"yoast_head":"<!-- This site is optimized with the Yoast SEO plugin v27.5 - https:\/\/yoast.com\/product\/yoast-seo-wordpress\/ -->\n<title>Non \u00e0 l\u2019imp\u00f4t sur les successions des Jeunes Socialistes - HANDELSchweiz<\/title>\n<meta name=\"description\" content=\"La nouvelle initiative des Jeunes socialistes s\u2019attaque directement aux moyennes et grandes entreprises familiales suisses.\" \/>\n<meta name=\"robots\" content=\"index, follow, max-snippet:-1, max-image-preview:large, max-video-preview:-1\" \/>\n<link rel=\"canonical\" href=\"https:\/\/handel-schweiz.com\/fr\/branchen-update\/non-a-limpot-sur-les-successions-des-jeunes-socialistes\/\" \/>\n<meta property=\"og:locale\" content=\"fr_FR\" \/>\n<meta property=\"og:type\" content=\"article\" \/>\n<meta property=\"og:title\" content=\"Non \u00e0 l\u2019imp\u00f4t sur les successions des Jeunes Socialistes - HANDELSchweiz\" \/>\n<meta property=\"og:description\" content=\"La nouvelle initiative des Jeunes socialistes s\u2019attaque directement aux moyennes et grandes entreprises familiales suisses.\" \/>\n<meta property=\"og:url\" content=\"https:\/\/handel-schweiz.com\/fr\/branchen-update\/non-a-limpot-sur-les-successions-des-jeunes-socialistes\/\" \/>\n<meta property=\"og:site_name\" content=\"HANDELSchweiz\" \/>\n<meta property=\"article:modified_time\" content=\"2025-08-12T13:57:34+00:00\" \/>\n<meta property=\"og:image\" content=\"https:\/\/handel-schweiz.com\/wp-content\/uploads\/2025\/01\/AdobeStock_541188582-5-scaled.jpg\" \/>\n\t<meta property=\"og:image:width\" content=\"1\" \/>\n\t<meta property=\"og:image:height\" content=\"1\" \/>\n\t<meta property=\"og:image:type\" content=\"image\/jpeg\" \/>\n<meta name=\"twitter:card\" content=\"summary_large_image\" \/>\n<meta name=\"twitter:site\" content=\"@handelschweiz\" \/>\n<meta name=\"twitter:label1\" content=\"Dur\u00e9e de lecture estim\u00e9e\" \/>\n\t<meta name=\"twitter:data1\" content=\"1 minute\" \/>\n<script type=\"application\/ld+json\" class=\"yoast-schema-graph\">{\"@context\":\"https:\\\/\\\/schema.org\",\"@graph\":[{\"@type\":\"WebPage\",\"@id\":\"https:\\\/\\\/handel-schweiz.com\\\/fr\\\/branchen-update\\\/non-a-limpot-sur-les-successions-des-jeunes-socialistes\\\/\",\"url\":\"https:\\\/\\\/handel-schweiz.com\\\/fr\\\/branchen-update\\\/non-a-limpot-sur-les-successions-des-jeunes-socialistes\\\/\",\"name\":\"Non \u00e0 l\u2019imp\u00f4t sur les successions des Jeunes Socialistes - HANDELSchweiz\",\"isPartOf\":{\"@id\":\"https:\\\/\\\/handel-schweiz.com\\\/#website\"},\"primaryImageOfPage\":{\"@id\":\"https:\\\/\\\/handel-schweiz.com\\\/fr\\\/branchen-update\\\/non-a-limpot-sur-les-successions-des-jeunes-socialistes\\\/#primaryimage\"},\"image\":{\"@id\":\"https:\\\/\\\/handel-schweiz.com\\\/fr\\\/branchen-update\\\/non-a-limpot-sur-les-successions-des-jeunes-socialistes\\\/#primaryimage\"},\"thumbnailUrl\":\"https:\\\/\\\/handel-schweiz.com\\\/wp-content\\\/uploads\\\/2025\\\/01\\\/AdobeStock_541188582-5-scaled.jpg\",\"datePublished\":\"2025-08-12T13:57:33+00:00\",\"dateModified\":\"2025-08-12T13:57:34+00:00\",\"description\":\"La nouvelle initiative des Jeunes socialistes s\u2019attaque directement aux moyennes et grandes entreprises familiales suisses.\",\"breadcrumb\":{\"@id\":\"https:\\\/\\\/handel-schweiz.com\\\/fr\\\/branchen-update\\\/non-a-limpot-sur-les-successions-des-jeunes-socialistes\\\/#breadcrumb\"},\"inLanguage\":\"fr-FR\",\"potentialAction\":[{\"@type\":\"ReadAction\",\"target\":[\"https:\\\/\\\/handel-schweiz.com\\\/fr\\\/branchen-update\\\/non-a-limpot-sur-les-successions-des-jeunes-socialistes\\\/\"]}]},{\"@type\":\"ImageObject\",\"inLanguage\":\"fr-FR\",\"@id\":\"https:\\\/\\\/handel-schweiz.com\\\/fr\\\/branchen-update\\\/non-a-limpot-sur-les-successions-des-jeunes-socialistes\\\/#primaryimage\",\"url\":\"https:\\\/\\\/handel-schweiz.com\\\/wp-content\\\/uploads\\\/2025\\\/01\\\/AdobeStock_541188582-5-scaled.jpg\",\"contentUrl\":\"https:\\\/\\\/handel-schweiz.com\\\/wp-content\\\/uploads\\\/2025\\\/01\\\/AdobeStock_541188582-5-scaled.jpg\"},{\"@type\":\"BreadcrumbList\",\"@id\":\"https:\\\/\\\/handel-schweiz.com\\\/fr\\\/branchen-update\\\/non-a-limpot-sur-les-successions-des-jeunes-socialistes\\\/#breadcrumb\",\"itemListElement\":[{\"@type\":\"ListItem\",\"position\":1,\"name\":\"Home\",\"item\":\"https:\\\/\\\/handel-schweiz.com\\\/fr\\\/\"},{\"@type\":\"ListItem\",\"position\":2,\"name\":\"Branchen-Updates\",\"item\":\"https:\\\/\\\/handel-schweiz.com\\\/branchen-update\\\/\"},{\"@type\":\"ListItem\",\"position\":3,\"name\":\"Non \u00e0 l\u2019imp\u00f4t sur les successions des Jeunes Socialistes\"}]},{\"@type\":\"WebSite\",\"@id\":\"https:\\\/\\\/handel-schweiz.com\\\/#website\",\"url\":\"https:\\\/\\\/handel-schweiz.com\\\/\",\"name\":\"HANDELSchweiz\",\"description\":\"HANDEL f\u00f6rdern und vereinfachen\",\"publisher\":{\"@id\":\"https:\\\/\\\/handel-schweiz.com\\\/#organization\"},\"potentialAction\":[{\"@type\":\"SearchAction\",\"target\":{\"@type\":\"EntryPoint\",\"urlTemplate\":\"https:\\\/\\\/handel-schweiz.com\\\/?s={search_term_string}\"},\"query-input\":{\"@type\":\"PropertyValueSpecification\",\"valueRequired\":true,\"valueName\":\"search_term_string\"}}],\"inLanguage\":\"fr-FR\"},{\"@type\":\"Organization\",\"@id\":\"https:\\\/\\\/handel-schweiz.com\\\/#organization\",\"name\":\"HandelSchweiz\",\"alternateName\":\"Handel Schweiz\",\"url\":\"https:\\\/\\\/handel-schweiz.com\\\/\",\"logo\":{\"@type\":\"ImageObject\",\"inLanguage\":\"fr-FR\",\"@id\":\"https:\\\/\\\/handel-schweiz.com\\\/#\\\/schema\\\/logo\\\/image\\\/\",\"url\":\"https:\\\/\\\/handel-schweiz.com\\\/wp-content\\\/uploads\\\/2023\\\/11\\\/logo_de.svg\",\"contentUrl\":\"https:\\\/\\\/handel-schweiz.com\\\/wp-content\\\/uploads\\\/2023\\\/11\\\/logo_de.svg\",\"width\":417,\"height\":89,\"caption\":\"HandelSchweiz\"},\"image\":{\"@id\":\"https:\\\/\\\/handel-schweiz.com\\\/#\\\/schema\\\/logo\\\/image\\\/\"},\"sameAs\":[\"https:\\\/\\\/x.com\\\/handelschweiz\",\"https:\\\/\\\/ch.linkedin.com\\\/company\\\/handelschweiz\"]}]}<\/script>\n<!-- \/ Yoast SEO plugin. -->","yoast_head_json":{"title":"Non \u00e0 l\u2019imp\u00f4t sur les successions des Jeunes Socialistes - HANDELSchweiz","description":"La nouvelle initiative des Jeunes socialistes s\u2019attaque directement aux moyennes et grandes entreprises familiales suisses.","robots":{"index":"index","follow":"follow","max-snippet":"max-snippet:-1","max-image-preview":"max-image-preview:large","max-video-preview":"max-video-preview:-1"},"canonical":"https:\/\/handel-schweiz.com\/fr\/branchen-update\/non-a-limpot-sur-les-successions-des-jeunes-socialistes\/","og_locale":"fr_FR","og_type":"article","og_title":"Non \u00e0 l\u2019imp\u00f4t sur les successions des Jeunes Socialistes - HANDELSchweiz","og_description":"La nouvelle initiative des Jeunes socialistes s\u2019attaque directement aux moyennes et grandes entreprises familiales suisses.","og_url":"https:\/\/handel-schweiz.com\/fr\/branchen-update\/non-a-limpot-sur-les-successions-des-jeunes-socialistes\/","og_site_name":"HANDELSchweiz","article_modified_time":"2025-08-12T13:57:34+00:00","og_image":[{"url":"https:\/\/handel-schweiz.com\/wp-content\/uploads\/2025\/01\/AdobeStock_541188582-5-scaled.jpg","width":1,"height":1,"type":"image\/jpeg"}],"twitter_card":"summary_large_image","twitter_site":"@handelschweiz","twitter_misc":{"Dur\u00e9e de lecture estim\u00e9e":"1 minute"},"schema":{"@context":"https:\/\/schema.org","@graph":[{"@type":"WebPage","@id":"https:\/\/handel-schweiz.com\/fr\/branchen-update\/non-a-limpot-sur-les-successions-des-jeunes-socialistes\/","url":"https:\/\/handel-schweiz.com\/fr\/branchen-update\/non-a-limpot-sur-les-successions-des-jeunes-socialistes\/","name":"Non \u00e0 l\u2019imp\u00f4t sur les successions des Jeunes Socialistes - HANDELSchweiz","isPartOf":{"@id":"https:\/\/handel-schweiz.com\/#website"},"primaryImageOfPage":{"@id":"https:\/\/handel-schweiz.com\/fr\/branchen-update\/non-a-limpot-sur-les-successions-des-jeunes-socialistes\/#primaryimage"},"image":{"@id":"https:\/\/handel-schweiz.com\/fr\/branchen-update\/non-a-limpot-sur-les-successions-des-jeunes-socialistes\/#primaryimage"},"thumbnailUrl":"https:\/\/handel-schweiz.com\/wp-content\/uploads\/2025\/01\/AdobeStock_541188582-5-scaled.jpg","datePublished":"2025-08-12T13:57:33+00:00","dateModified":"2025-08-12T13:57:34+00:00","description":"La nouvelle initiative des Jeunes socialistes s\u2019attaque directement aux moyennes et grandes entreprises familiales suisses.","breadcrumb":{"@id":"https:\/\/handel-schweiz.com\/fr\/branchen-update\/non-a-limpot-sur-les-successions-des-jeunes-socialistes\/#breadcrumb"},"inLanguage":"fr-FR","potentialAction":[{"@type":"ReadAction","target":["https:\/\/handel-schweiz.com\/fr\/branchen-update\/non-a-limpot-sur-les-successions-des-jeunes-socialistes\/"]}]},{"@type":"ImageObject","inLanguage":"fr-FR","@id":"https:\/\/handel-schweiz.com\/fr\/branchen-update\/non-a-limpot-sur-les-successions-des-jeunes-socialistes\/#primaryimage","url":"https:\/\/handel-schweiz.com\/wp-content\/uploads\/2025\/01\/AdobeStock_541188582-5-scaled.jpg","contentUrl":"https:\/\/handel-schweiz.com\/wp-content\/uploads\/2025\/01\/AdobeStock_541188582-5-scaled.jpg"},{"@type":"BreadcrumbList","@id":"https:\/\/handel-schweiz.com\/fr\/branchen-update\/non-a-limpot-sur-les-successions-des-jeunes-socialistes\/#breadcrumb","itemListElement":[{"@type":"ListItem","position":1,"name":"Home","item":"https:\/\/handel-schweiz.com\/fr\/"},{"@type":"ListItem","position":2,"name":"Branchen-Updates","item":"https:\/\/handel-schweiz.com\/branchen-update\/"},{"@type":"ListItem","position":3,"name":"Non \u00e0 l\u2019imp\u00f4t sur les successions des Jeunes Socialistes"}]},{"@type":"WebSite","@id":"https:\/\/handel-schweiz.com\/#website","url":"https:\/\/handel-schweiz.com\/","name":"HANDELSchweiz","description":"HANDEL f\u00f6rdern und vereinfachen","publisher":{"@id":"https:\/\/handel-schweiz.com\/#organization"},"potentialAction":[{"@type":"SearchAction","target":{"@type":"EntryPoint","urlTemplate":"https:\/\/handel-schweiz.com\/?s={search_term_string}"},"query-input":{"@type":"PropertyValueSpecification","valueRequired":true,"valueName":"search_term_string"}}],"inLanguage":"fr-FR"},{"@type":"Organization","@id":"https:\/\/handel-schweiz.com\/#organization","name":"HandelSchweiz","alternateName":"Handel Schweiz","url":"https:\/\/handel-schweiz.com\/","logo":{"@type":"ImageObject","inLanguage":"fr-FR","@id":"https:\/\/handel-schweiz.com\/#\/schema\/logo\/image\/","url":"https:\/\/handel-schweiz.com\/wp-content\/uploads\/2023\/11\/logo_de.svg","contentUrl":"https:\/\/handel-schweiz.com\/wp-content\/uploads\/2023\/11\/logo_de.svg","width":417,"height":89,"caption":"HandelSchweiz"},"image":{"@id":"https:\/\/handel-schweiz.com\/#\/schema\/logo\/image\/"},"sameAs":["https:\/\/x.com\/handelschweiz","https:\/\/ch.linkedin.com\/company\/handelschweiz"]}]}},"_links":{"self":[{"href":"https:\/\/handel-schweiz.com\/fr\/wp-json\/wp\/v2\/branchen-update\/3597","targetHints":{"allow":["GET"]}}],"collection":[{"href":"https:\/\/handel-schweiz.com\/fr\/wp-json\/wp\/v2\/branchen-update"}],"about":[{"href":"https:\/\/handel-schweiz.com\/fr\/wp-json\/wp\/v2\/types\/branchen-update"}],"wp:featuredmedia":[{"embeddable":true,"href":"https:\/\/handel-schweiz.com\/fr\/wp-json\/wp\/v2\/media\/3427"}],"wp:attachment":[{"href":"https:\/\/handel-schweiz.com\/fr\/wp-json\/wp\/v2\/media?parent=3597"}],"wp:term":[{"taxonomy":"branchen_update_category","embeddable":true,"href":"https:\/\/handel-schweiz.com\/fr\/wp-json\/wp\/v2\/branchen_update_category?post=3597"},{"taxonomy":"thema","embeddable":true,"href":"https:\/\/handel-schweiz.com\/fr\/wp-json\/wp\/v2\/thema?post=3597"}],"curies":[{"name":"wp","href":"https:\/\/api.w.org\/{rel}","templated":true}]}}