{"id":3614,"date":"2025-10-08T09:05:23","date_gmt":"2025-10-08T07:05:23","guid":{"rendered":"https:\/\/handel-schweiz.com\/?post_type=branchen-update&#038;p=3614"},"modified":"2025-10-08T09:07:19","modified_gmt":"2025-10-08T07:07:19","slug":"specialistes-du-e-commerce-recompense%c2%b7es","status":"publish","type":"branchen-update","link":"https:\/\/handel-schweiz.com\/fr\/branchen-update\/specialistes-du-e-commerce-recompense%c2%b7es\/","title":{"rendered":"Sp\u00e9cialistes du e-commerce r\u00e9compens\u00e9\u00b7es"},"content":{"rendered":"\n    <section class=\"intro-text-block   intro-text-block-69f2d62496aa5\">\n        <div class=\"block-bg-color bg-white\"><\/div>\n\n        <div class=\"intro-text-block-content scrollMagic-block\" data-uid=\"69f2d62496aa51\">\n            <div class=\"title-block\">\n                                                            <h1 class=\"big\"><p>Les candidat\u00b7es r\u00e9ussissent la <b>deuxi\u00e8me<\/b> session d\u2019examens finaux<\/p>\n<\/h1>\n                                                <\/div>\n\n            <div class=\"intro-text-columns-block \">\n                <div class=\"intro-text-left-block scrollMagic-block delay-animation-1\" data-uid=\"69f2d62496aa52\">\n                                            <p class=\"leadtext\">Pour la deuxi\u00e8me fois, l\u2019examen final menant au brevet f\u00e9d\u00e9ral de sp\u00e9cialiste en e-commerce s\u2019est tenu \u00e0 Zurich. <\/p>\n                    \n                    <div class=\"intro-text-left-block-texteditor\">\n                        <p>Apr\u00e8s un an et demi \u2013 soit environ 400 heures de cours pr\u00e9paratoires, sept examens modulaires et la r\u00e9daction d\u2019un rapport de d\u00e9veloppement complet \u2013 quatorze candidat\u00b7es se sont pr\u00e9sent\u00e9\u00b7es, le 27 ao\u00fbt 2025, \u00e0 l\u2019examen oral. Ils ont \u00e9t\u00e9 \u00e9valu\u00e9s par quatorze expert\u00b7es. Au cours de trois sessions orales d&rsquo;une demi-heure, les 7 candidates et 7 candidats ont \u00e9t\u00e9 soumis \u00e0 un nouvel examen approfondi par 14 experts. Dans la premi\u00e8re partie de l&rsquo;examen oral, intitul\u00e9e \u00ab entretien technique \u00bb, les rapports de d\u00e9veloppement ont \u00e9t\u00e9 examin\u00e9s de mani\u00e8re structur\u00e9e et approfondie. Dans la deuxi\u00e8me partie, les futurs sp\u00e9cialistes du commerce \u00e9lectronique ont d\u00fb traiter et r\u00e9soudre deux incidents critiques et deux mini-cas sans pr\u00e9paration pr\u00e9alable en 30 minutes. Pour finir, ils ont d\u00fb analyser une boutique en ligne qui leur avait \u00e9t\u00e9 attribu\u00e9e individuellement en 45 minutes de pr\u00e9paration et pr\u00e9parer une pr\u00e9sentation de 10 minutes. Apr\u00e8s la pr\u00e9sentation, les candidats ont d\u00fb r\u00e9pondre aux questions des \u00e9quipes d&rsquo;experts charg\u00e9s de l&rsquo;examen. Un grand merci aux experts qui ont men\u00e9 les examens de mani\u00e8re irr\u00e9prochable et ont mis \u00e0 profit leurs expertises.<\/p>\n<p>Les candidat\u00b7es ont \u00e9t\u00e9 tr\u00e8s bien pr\u00e9par\u00e9\u00b7es et form\u00e9\u00b7es \u00e0 l&rsquo;examen par les instituts de pr\u00e9paration <strong>FfD (Fachschule f\u00fcr Detailhandel Verkauf &amp; E-Commerce)<\/strong> et <strong>eFachausweis<\/strong>. Il s&rsquo;agit l\u00e0 d&rsquo;un \u00e9l\u00e9ment extr\u00eamement important pour l&rsquo;avenir de la formation continue dans le domaine du brevet f\u00e9d\u00e9ral. Un grand merci et toutes nos f\u00e9licitations \u00e0 ces instituts.<\/p>\n<p>Le 23 septembre 2025, nous avons eu le plaisir de remettre leur certificat professionnel et leur relev\u00e9 de notes \u00e0 tous les candidat\u00b7es lors d&rsquo;une c\u00e9r\u00e9monie festive organis\u00e9e chez Google \u00e0 Zurich, en pr\u00e9sence de leurs proches et d&rsquo;une trentaine d&rsquo;experts en commerce \u00e9lectronique. La moyenne des notes obtenues aux diff\u00e9rentes \u00e9preuves, comprise entre 4,6 et 5,4, t\u00e9moigne du niveau \u00e9lev\u00e9 de l&rsquo;examen. Tous les candidat\u00b7es ont r\u00e9ussi l&rsquo;examen. Nous f\u00e9licitons Jan Diego Jungclaus, Import Parf\u00fcmerie, qui a obtenu la meilleure note de cette promotion avec 5,7.<\/p>\n<p><img decoding=\"async\" src=\"https:\/\/handel-schweiz.com\/wp-content\/uploads\/2025\/10\/E-Commerce_Abschluesse_2025-scaled.jpg\" \/><\/p>\n<p><em>9 des 14 sp\u00e9cialistes du commerce \u00e9lectronique ayant r\u00e9ussi lors de la remise des dipl\u00f4mes.<\/em><\/p>\n<p>Bernhard Egger, pr\u00e9sident de la QSK : \u00ab L&rsquo;avenir ne fait que commencer. Pour le commerce de d\u00e9tail, cette formation au niveau du brevet f\u00e9d\u00e9ral constitue une \u00e9tape importante dans la carri\u00e8re professionnelle et surtout un pas dans la bonne direction vers l&rsquo;avenir de l&rsquo;omnicanal. Dans de nombreux secteurs, les consommateurs ach\u00e8tent aujourd&rsquo;hui de mani\u00e8re hybride, c&rsquo;est-\u00e0-dire via diff\u00e9rents canaux. Les titulaires de ce brevet f\u00e9d\u00e9ral sont parfaitement pr\u00e9par\u00e9s pour la suite de leur carri\u00e8re. Just Commerce. \u00bb<\/p>\n\n                                                    \n                            <div class=\"texteditor-after-btns\">\n                                                            <\/div>\n                                            <\/div>\n                <\/div>\n\n                <div class=\"intro-text-right-block scrollMagic-block delay-animation-3\" data-uid=\"69f2d62496aa53\">\n                    <p><strong>\u00c0 qui s&rsquo;adresse le brevet f\u00e9d\u00e9ral ?<\/strong><\/p>\n<p>Le brevet f\u00e9d\u00e9ral de sp\u00e9cialiste en commerce \u00e9lectronique s&rsquo;adresse en particulier aux personnes actives dans le domaine du commerce num\u00e9rique qui sont curieuses et ouvertes \u00e0 la nouveaut\u00e9, qui souhaitent fa\u00e7onner le commerce de demain et garder une vue d&rsquo;ensemble dans l&rsquo;environnement exigeant du commerce \u00e9lectronique. La formation continue convient particuli\u00e8rement aux personnes qui ont suivi un apprentissage professionnel au niveau du certificat f\u00e9d\u00e9ral de capacit\u00e9 (CFC) dans des domaines connexes : commerce de d\u00e9tail, commerce et administration, m\u00e9diamatique, informatique, etc. Mais le certificat professionnel est \u00e9galement accessible aux personnes int\u00e9ress\u00e9es titulaires d&rsquo;un dipl\u00f4me d&rsquo;apprentissage dans un autre secteur.<\/p>\n<p>Pour \u00eatre admis \u00e0 l&rsquo;examen professionnel f\u00e9d\u00e9ral, il faut, en plus du CFC, avoir au moins deux ou trois ans d&rsquo;exp\u00e9rience professionnelle dans le commerce \u00e9lectronique, avoir r\u00e9ussi les examens modulaires et pr\u00e9senter un rapport d&rsquo;exp\u00e9rience \u00e9crit accompagn\u00e9 de documents pratiques.<\/p>\n<p><strong>Ce qui attend les \u00e9tudiants dans la formation continue<\/strong><\/p>\n<p>Les \u00e9tudiants suivent environ 300 \u00e0 400 heures de cours r\u00e9parties en sept modules pratiques et passent un examen par module. Pendant la formation continue, ils doivent \u00e9galement r\u00e9diger des rapports pratiques dans les diff\u00e9rents modules. Ceux-ci doivent ensuite \u00eatre compil\u00e9s dans un rapport de d\u00e9veloppement qui sera \u00e9valu\u00e9 par les experts charg\u00e9s des examens. La partie orale de l&rsquo;examen professionnel se compose des trois parties d\u00e9crites ci-dessus.<\/p>\n<p><strong>Organismes scolaires responsables<\/strong><\/p>\n<p>La formation continue est propos\u00e9e par les \u00e9tablissements d&rsquo;enseignement suivants : eFachausweis et FfD \u2013 Fachschule f\u00fcr Detailhandel. Dans le cadre des conditions g\u00e9n\u00e9rales fix\u00e9es par l&rsquo;organisme responsable, les \u00e9tablissements d&rsquo;enseignement sont libres d&rsquo;organiser la formation comme ils l&rsquo;entendent et sous leur propre responsabilit\u00e9. L&rsquo;offre varie selon les \u00e9coles et couvre diff\u00e9rents besoins tels que la dur\u00e9e de la formation, le rythme d&rsquo;apprentissage, le mode d&rsquo;apprentissage (num\u00e9rique, hybride ou sur place) et la taille des classes. \u00ab Il vaut la peine de contacter les diff\u00e9rents \u00e9tablissements d&rsquo;enseignement pour s&rsquo;informer sur l&rsquo;offre et choisir ensuite l&rsquo;\u00e9cole qui convient \u00bb, explique Bernhard Egger.<\/p>\n<p><strong><span style=\"text-decoration: underline;\">A savoir :<\/span> apr\u00e8s l&rsquo;examen professionnel, la Conf\u00e9d\u00e9ration finance 50 % des frais de formation continue pr\u00e9paratoire, jusqu&rsquo;\u00e0 concurrence de 9 500 francs, si ceux-ci ont \u00e9t\u00e9 pay\u00e9s par les \u00e9tudiants eux-m\u00eames.<\/strong><\/p>\n<p>Les personnes int\u00e9ress\u00e9es trouveront de plus amples informations sur le contenu de la formation, les conditions d&rsquo;admission et les examens, ainsi que des articles de blog r\u00e9dig\u00e9s par des \u00e9tudiants actuels, sur le site web de l&rsquo;association responsable : <a href=\"http:\/\/www.e-com.swiss\">www.e-com.swiss<\/a> <em>(en allemand)<\/em>.<\/p>\n<p>&nbsp;<\/p>\n<p><strong>Que disent les dipl\u00f4m\u00e9s \u00e0 propos de la formation ?<\/strong><\/p>\n<p>\u00ab La formation correspondait exactement \u00e0 ce que je recherchais. J&rsquo;ai acquis beaucoup de connaissances pratiques et, aujourd&rsquo;hui, j&rsquo;ai nettement progress\u00e9 sur le plan technique et professionnel par rapport \u00e0 il y a deux ans. \u00bb<br \/>\nEnita Kuci, Ochsner Shoes SA<\/p>\n<p>\u00ab Je recommande vivement cette formation continue. La combinaison entre th\u00e9orie et mise en pratique m&rsquo;a \u00e9norm\u00e9ment aid\u00e9 dans mon travail quotidien. La flexibilit\u00e9 des cours, entre pr\u00e9sentiel et en ligne, est tr\u00e8s facile \u00e0 concilier. \u00bb<br \/>\nAlexander Sch\u00e4rer, Jumbo SA<\/p>\n<p>\u00ab Cette formation m&rsquo;a permis d&rsquo;\u00e9largir consid\u00e9rablement mes horizons dans le commerce num\u00e9rique et d&rsquo;augmenter nettement mon attractivit\u00e9 sur le march\u00e9 du travail. \u00bb<br \/>\nFlorian W\u00e4lterlin, Anouk SA<\/p>\n<p>\u00ab Cette formation continue \u00e9tait la bonne d\u00e9cision pour moi. Les contenus pratiques et le lien direct avec le quotidien professionnel m&rsquo;ont aid\u00e9 \u00e0 approfondir mes connaissances de mani\u00e8re cibl\u00e9e et \u00e0 les mettre \u00e0 profit. Je me sens aujourd&rsquo;hui parfaitement pr\u00e9par\u00e9 pour les prochaines \u00e9tapes dans le domaine du commerce \u00e9lectronique. \u00bb<br \/>\nStephanie Herzog, SPHS Sarl<\/p>\n<p>\u00ab Le certificat professionnel m&rsquo;a ouvert de nouvelles perspectives professionnelles et constitue une \u00e9tape importante pour la suite de ma carri\u00e8re. \u00bb<br \/>\nSandrine Benvenuto, SkinPro SA<\/p>\n<p>\u00ab La formation m&rsquo;a permis de progresser consid\u00e9rablement sur le plan technique dans le domaine du commerce \u00e9lectronique, tout en me donnant un \u00e9lan important sur le plan personnel. Je mets quotidiennement en pratique ce que j&rsquo;ai appris dans ma boutique. \u00bb<br \/>\nDominic de Sluca, BestofBasics.ch<\/p>\n                <\/div>\n            <\/div>\n        <\/div>\n    <\/section>\n\n\n\n\n\n\n\n\n\n\n\n\n    \n                    <style>\n                .testimonials-with-bg .testimonials-with-bg-content .testimonial-wrapper .testimonials-with-bg-right-block .testimonial-person-photo.testimonial-person-photo-0{\n                    background-image: url(https:\/\/handel-schweiz.com\/wp-content\/uploads\/2023\/06\/Thomas-Freuler-kl-547x600.jpg);\n                }\n\n                                    @media only screen and (max-width: 1400px) {\n                        .testimonials-with-bg .testimonials-with-bg-content .testimonial-wrapper .testimonials-with-bg-right-block .testimonial-person-photo.testimonial-person-photo-0 {\n                            background-image: url(https:\/\/handel-schweiz.com\/wp-content\/uploads\/2023\/11\/Thomas-Freuler-e1701605668535-543x600.jpg);\n                        }\n                    }\n                            <\/style>\n                    <style>\n                .testimonials-with-bg .testimonials-with-bg-content .testimonial-wrapper .testimonials-with-bg-right-block .testimonial-person-photo.testimonial-person-photo-1{\n                    background-image: url(https:\/\/handel-schweiz.com\/wp-content\/uploads\/2023\/11\/Foto-Testimonial-Ben-Staeheli-450x600.jpg);\n                }\n\n                                    @media only screen and (max-width: 1400px) {\n                        .testimonials-with-bg .testimonials-with-bg-content .testimonial-wrapper .testimonials-with-bg-right-block .testimonial-person-photo.testimonial-person-photo-1 {\n                            background-image: url(https:\/\/handel-schweiz.com\/wp-content\/uploads\/2023\/11\/Foto-Testimonial-Ben-Staeheli-450x600.jpg);\n                        }\n                    }\n                            <\/style>\n                    <style>\n                .testimonials-with-bg .testimonials-with-bg-content .testimonial-wrapper .testimonials-with-bg-right-block .testimonial-person-photo.testimonial-person-photo-2{\n                    background-image: url(https:\/\/handel-schweiz.com\/wp-content\/uploads\/2023\/11\/Karin-Streit-heizmann-scaled-e1774537455703.jpg);\n                }\n\n                                    @media only screen and (max-width: 1400px) {\n                        .testimonials-with-bg .testimonials-with-bg-content .testimonial-wrapper .testimonials-with-bg-right-block .testimonial-person-photo.testimonial-person-photo-2 {\n                            background-image: url(https:\/\/handel-schweiz.com\/wp-content\/uploads\/2023\/11\/Karin-Streit-heizmann-scaled-e1774537455703.jpg);\n                        }\n                    }\n                            <\/style>\n                    <style>\n                .testimonials-with-bg .testimonials-with-bg-content .testimonial-wrapper .testimonials-with-bg-right-block .testimonial-person-photo.testimonial-person-photo-3{\n                    background-image: url(https:\/\/handel-schweiz.com\/wp-content\/uploads\/2023\/12\/hans_christian_vondercrone_21-09-13_09-31-38-e1701683040971-541x600.jpg);\n                }\n\n                                    @media only screen and (max-width: 1400px) {\n                        .testimonials-with-bg .testimonials-with-bg-content .testimonial-wrapper .testimonials-with-bg-right-block .testimonial-person-photo.testimonial-person-photo-3 {\n                            background-image: url(https:\/\/handel-schweiz.com\/wp-content\/uploads\/2023\/12\/hans_christian_vondercrone_21-09-13_09-31-38-e1701683040971-541x600.jpg);\n                        }\n                    }\n                            <\/style>\n        \n        <section class=\"testimonials-with-bg testimonials-with-bg-69f2d624983b7\">\n            <div>\n                <div class=\"testimonial-bg-color\"><\/div>\n\n                <div class=\"testimonials-with-bg-content scrollMagic-block\" data-uid=\"69f2d624983b7\">\n                    <div class=\"testimonials-with-bg-slider\">\n                                                    <div class=\"testimonial-wrapper\">\n                                <div class=\"testimonials-with-bg-left-block equal-h\">\n                                    <div class=\"testimonial\">\n                                        <div>\n                                            <div class=\"testimonial-title-block\">\n                                                <h2 class=\"testimonial-title text-light mb_0 text-not-uppercase text-white\">Ce que disent nos membres<\/h2>\n                                            <\/div>\n\n                                            <div class=\"testimonial-text-block\">\n                                                <p class=\"big\">\u00abWeltwirtschaftliche Krisen geben sich die Hand. Die Herausforderungen des Handels werden komplexer. Ein starker Verband mit klarer Strategie und Konsequenz gibt Orientierung und unterst\u00fctzt bei anstehenden Aufgaben.\u00bb<\/p>\n                                            <\/div>\n\n                                            <div class=\"testimonial-person-meta-block\">\n                                                <p class=\"mb_0\">Thomas Freuler<\/p>\n                                                <div class=\"person-meta\"><p>Pr\u00e4sident Schweizer Stahl- und Haustechnikverband \/ Spaeter AG<br \/>\nVorstand Handel Schweiz<\/p>\n<\/div>\n                                            <\/div>\n                                        <\/div>\n                                    <\/div>\n                                <\/div>\n\n                                <div class=\"testimonials-with-bg-right-block equal-h\">\n                                    <div class=\"testimonial-person-photo testimonial-person-photo-0\"><\/div>\n                                <\/div>\n                            <\/div>\n                                                    <div class=\"testimonial-wrapper\">\n                                <div class=\"testimonials-with-bg-left-block equal-h\">\n                                    <div class=\"testimonial\">\n                                        <div>\n                                            <div class=\"testimonial-title-block\">\n                                                <h2 class=\"testimonial-title text-light mb_0 text-not-uppercase text-white\">Ce que disent nos membres<\/h2>\n                                            <\/div>\n\n                                            <div class=\"testimonial-text-block\">\n                                                <p class=\"big\">\u00ab\u00a0Handel-Schweiz ist aktiv und engagiert sich f\u00fcr den Erhalt und die Entwicklung von handelsfreundlichen Rahmenbedingungen. Denn nur ein freier Handel garantiert die Versorgungssicherheit der Schweiz und f\u00fchrt zu wirtschaftlichem Erfolg.\u00a0\u00bb<\/p>\n                                            <\/div>\n\n                                            <div class=\"testimonial-person-meta-block\">\n                                                <p class=\"mb_0\">Benjamin St\u00e4helin<\/p>\n                                                <div class=\"person-meta\"><p>Gesch\u00e4ftsf\u00fchrer Tioman Trading SA<\/p>\n<\/div>\n                                            <\/div>\n                                        <\/div>\n                                    <\/div>\n                                <\/div>\n\n                                <div class=\"testimonials-with-bg-right-block equal-h\">\n                                    <div class=\"testimonial-person-photo testimonial-person-photo-1\"><\/div>\n                                <\/div>\n                            <\/div>\n                                                    <div class=\"testimonial-wrapper\">\n                                <div class=\"testimonials-with-bg-left-block equal-h\">\n                                    <div class=\"testimonial\">\n                                        <div>\n                                            <div class=\"testimonial-title-block\">\n                                                <h2 class=\"testimonial-title text-light mb_0 text-not-uppercase text-white\">Ce que disent nos membres<\/h2>\n                                            <\/div>\n\n                                            <div class=\"testimonial-text-block\">\n                                                <p class=\"big\">\u00ab\u00a0Handel Schweiz engagiert sich f\u00fcr praxisnahe Ausbildungen, um in der Berufsausbildung am Puls zu sein. Unsere Lernenden profitieren, dank einer soliden Grundlage, von tollen Karrierechancen f\u00fcr eine erfolgreiche berufliche Zukunft im Handelssektor.\u00a0\u00bb\r\n \r\n<\/p>\n                                            <\/div>\n\n                                            <div class=\"testimonial-person-meta-block\">\n                                                <p class=\"mb_0\">Karin Streit-Heizmann<\/p>\n                                                <div class=\"person-meta\"><p>Gesch\u00e4ftsf\u00fchrerin Heizmann AG<\/p>\n<\/div>\n                                            <\/div>\n                                        <\/div>\n                                    <\/div>\n                                <\/div>\n\n                                <div class=\"testimonials-with-bg-right-block equal-h\">\n                                    <div class=\"testimonial-person-photo testimonial-person-photo-2\"><\/div>\n                                <\/div>\n                            <\/div>\n                                                    <div class=\"testimonial-wrapper\">\n                                <div class=\"testimonials-with-bg-left-block equal-h\">\n                                    <div class=\"testimonial\">\n                                        <div>\n                                            <div class=\"testimonial-title-block\">\n                                                <h2 class=\"testimonial-title text-light mb_0 text-not-uppercase text-white\">Ce que disent nos membres<\/h2>\n                                            <\/div>\n\n                                            <div class=\"testimonial-text-block\">\n                                                <p class=\"big\">\u00ab\u00a0Gemeinsam mit andern f\u00fcr den Handel das Beste tun.\u00a0\u00bb<\/p>\n                                            <\/div>\n\n                                            <div class=\"testimonial-person-meta-block\">\n                                                <p class=\"mb_0\">Hans Christian von der Crone<\/p>\n                                                <div class=\"person-meta\"><p>Gesch\u00e4ftsf\u00fchrer Nimex AG \/ Vorstand Handel Schweiz<\/p>\n<\/div>\n                                            <\/div>\n                                        <\/div>\n                                    <\/div>\n                                <\/div>\n\n                                <div class=\"testimonials-with-bg-right-block equal-h\">\n                                    <div class=\"testimonial-person-photo testimonial-person-photo-3\"><\/div>\n                                <\/div>\n                            <\/div>\n                                            <\/div>\n                <\/div>\n            <\/div>\n        <\/section>\n    \n\n\n\n\n\n\n","protected":false},"featured_media":1150,"template":"","branchen_update_category":[110],"thema":[101],"class_list":["post-3614","branchen-update","type-branchen-update","status-publish","has-post-thumbnail","hentry","branchen_update_category-commerce","thema-formation-fr"],"acf":[],"yoast_head":"<!-- This site is optimized with the Yoast SEO plugin v27.5 - https:\/\/yoast.com\/product\/yoast-seo-wordpress\/ -->\n<title>Sp\u00e9cialistes du e-commerce r\u00e9compens\u00e9\u00b7es - HANDELSchweiz<\/title>\n<meta name=\"description\" content=\"Brevet f\u00e9d\u00e9ral pour les sp\u00e9cialistes du commerce \u00e9lectronique\" \/>\n<meta name=\"robots\" content=\"index, follow, max-snippet:-1, max-image-preview:large, max-video-preview:-1\" \/>\n<link rel=\"canonical\" href=\"https:\/\/handel-schweiz.com\/fr\/branchen-update\/specialistes-du-e-commerce-recompense\u00b7es\/\" \/>\n<meta property=\"og:locale\" content=\"fr_FR\" \/>\n<meta property=\"og:type\" content=\"article\" \/>\n<meta property=\"og:title\" content=\"Sp\u00e9cialistes du e-commerce r\u00e9compens\u00e9\u00b7es - HANDELSchweiz\" \/>\n<meta property=\"og:description\" content=\"Brevet f\u00e9d\u00e9ral pour les sp\u00e9cialistes du commerce \u00e9lectronique\" \/>\n<meta property=\"og:url\" content=\"https:\/\/handel-schweiz.com\/fr\/branchen-update\/specialistes-du-e-commerce-recompense\u00b7es\/\" \/>\n<meta property=\"og:site_name\" content=\"HANDELSchweiz\" \/>\n<meta property=\"article:modified_time\" content=\"2025-10-08T07:07:19+00:00\" \/>\n<meta property=\"og:image\" content=\"https:\/\/handel-schweiz.com\/wp-content\/uploads\/2023\/10\/shopping-venture-4516039_1280.jpg\" \/>\n\t<meta property=\"og:image:width\" content=\"1280\" \/>\n\t<meta property=\"og:image:height\" content=\"961\" \/>\n\t<meta property=\"og:image:type\" content=\"image\/jpeg\" \/>\n<meta name=\"twitter:card\" content=\"summary_large_image\" \/>\n<meta name=\"twitter:site\" content=\"@handelschweiz\" \/>\n<meta name=\"twitter:label1\" content=\"Dur\u00e9e de lecture estim\u00e9e\" \/>\n\t<meta name=\"twitter:data1\" content=\"1 minute\" \/>\n<script type=\"application\/ld+json\" class=\"yoast-schema-graph\">{\"@context\":\"https:\\\/\\\/schema.org\",\"@graph\":[{\"@type\":\"WebPage\",\"@id\":\"https:\\\/\\\/handel-schweiz.com\\\/fr\\\/branchen-update\\\/specialistes-du-e-commerce-recompense%c2%b7es\\\/\",\"url\":\"https:\\\/\\\/handel-schweiz.com\\\/fr\\\/branchen-update\\\/specialistes-du-e-commerce-recompense%c2%b7es\\\/\",\"name\":\"Sp\u00e9cialistes du e-commerce r\u00e9compens\u00e9\u00b7es - HANDELSchweiz\",\"isPartOf\":{\"@id\":\"https:\\\/\\\/handel-schweiz.com\\\/#website\"},\"primaryImageOfPage\":{\"@id\":\"https:\\\/\\\/handel-schweiz.com\\\/fr\\\/branchen-update\\\/specialistes-du-e-commerce-recompense%c2%b7es\\\/#primaryimage\"},\"image\":{\"@id\":\"https:\\\/\\\/handel-schweiz.com\\\/fr\\\/branchen-update\\\/specialistes-du-e-commerce-recompense%c2%b7es\\\/#primaryimage\"},\"thumbnailUrl\":\"https:\\\/\\\/handel-schweiz.com\\\/wp-content\\\/uploads\\\/2023\\\/10\\\/shopping-venture-4516039_1280.jpg\",\"datePublished\":\"2025-10-08T07:05:23+00:00\",\"dateModified\":\"2025-10-08T07:07:19+00:00\",\"description\":\"Brevet f\u00e9d\u00e9ral pour les sp\u00e9cialistes du commerce \u00e9lectronique\",\"breadcrumb\":{\"@id\":\"https:\\\/\\\/handel-schweiz.com\\\/fr\\\/branchen-update\\\/specialistes-du-e-commerce-recompense%c2%b7es\\\/#breadcrumb\"},\"inLanguage\":\"fr-FR\",\"potentialAction\":[{\"@type\":\"ReadAction\",\"target\":[\"https:\\\/\\\/handel-schweiz.com\\\/fr\\\/branchen-update\\\/specialistes-du-e-commerce-recompense%c2%b7es\\\/\"]}]},{\"@type\":\"ImageObject\",\"inLanguage\":\"fr-FR\",\"@id\":\"https:\\\/\\\/handel-schweiz.com\\\/fr\\\/branchen-update\\\/specialistes-du-e-commerce-recompense%c2%b7es\\\/#primaryimage\",\"url\":\"https:\\\/\\\/handel-schweiz.com\\\/wp-content\\\/uploads\\\/2023\\\/10\\\/shopping-venture-4516039_1280.jpg\",\"contentUrl\":\"https:\\\/\\\/handel-schweiz.com\\\/wp-content\\\/uploads\\\/2023\\\/10\\\/shopping-venture-4516039_1280.jpg\",\"width\":1280,\"height\":961},{\"@type\":\"BreadcrumbList\",\"@id\":\"https:\\\/\\\/handel-schweiz.com\\\/fr\\\/branchen-update\\\/specialistes-du-e-commerce-recompense%c2%b7es\\\/#breadcrumb\",\"itemListElement\":[{\"@type\":\"ListItem\",\"position\":1,\"name\":\"Home\",\"item\":\"https:\\\/\\\/handel-schweiz.com\\\/fr\\\/\"},{\"@type\":\"ListItem\",\"position\":2,\"name\":\"Branchen-Updates\",\"item\":\"https:\\\/\\\/handel-schweiz.com\\\/branchen-update\\\/\"},{\"@type\":\"ListItem\",\"position\":3,\"name\":\"Sp\u00e9cialistes du e-commerce r\u00e9compens\u00e9\u00b7es\"}]},{\"@type\":\"WebSite\",\"@id\":\"https:\\\/\\\/handel-schweiz.com\\\/#website\",\"url\":\"https:\\\/\\\/handel-schweiz.com\\\/\",\"name\":\"HANDELSchweiz\",\"description\":\"HANDEL f\u00f6rdern und vereinfachen\",\"publisher\":{\"@id\":\"https:\\\/\\\/handel-schweiz.com\\\/#organization\"},\"potentialAction\":[{\"@type\":\"SearchAction\",\"target\":{\"@type\":\"EntryPoint\",\"urlTemplate\":\"https:\\\/\\\/handel-schweiz.com\\\/?s={search_term_string}\"},\"query-input\":{\"@type\":\"PropertyValueSpecification\",\"valueRequired\":true,\"valueName\":\"search_term_string\"}}],\"inLanguage\":\"fr-FR\"},{\"@type\":\"Organization\",\"@id\":\"https:\\\/\\\/handel-schweiz.com\\\/#organization\",\"name\":\"HandelSchweiz\",\"alternateName\":\"Handel Schweiz\",\"url\":\"https:\\\/\\\/handel-schweiz.com\\\/\",\"logo\":{\"@type\":\"ImageObject\",\"inLanguage\":\"fr-FR\",\"@id\":\"https:\\\/\\\/handel-schweiz.com\\\/#\\\/schema\\\/logo\\\/image\\\/\",\"url\":\"https:\\\/\\\/handel-schweiz.com\\\/wp-content\\\/uploads\\\/2023\\\/11\\\/logo_de.svg\",\"contentUrl\":\"https:\\\/\\\/handel-schweiz.com\\\/wp-content\\\/uploads\\\/2023\\\/11\\\/logo_de.svg\",\"width\":417,\"height\":89,\"caption\":\"HandelSchweiz\"},\"image\":{\"@id\":\"https:\\\/\\\/handel-schweiz.com\\\/#\\\/schema\\\/logo\\\/image\\\/\"},\"sameAs\":[\"https:\\\/\\\/x.com\\\/handelschweiz\",\"https:\\\/\\\/ch.linkedin.com\\\/company\\\/handelschweiz\"]}]}<\/script>\n<!-- \/ Yoast SEO plugin. -->","yoast_head_json":{"title":"Sp\u00e9cialistes du e-commerce r\u00e9compens\u00e9\u00b7es - HANDELSchweiz","description":"Brevet f\u00e9d\u00e9ral pour les sp\u00e9cialistes du commerce \u00e9lectronique","robots":{"index":"index","follow":"follow","max-snippet":"max-snippet:-1","max-image-preview":"max-image-preview:large","max-video-preview":"max-video-preview:-1"},"canonical":"https:\/\/handel-schweiz.com\/fr\/branchen-update\/specialistes-du-e-commerce-recompense\u00b7es\/","og_locale":"fr_FR","og_type":"article","og_title":"Sp\u00e9cialistes du e-commerce r\u00e9compens\u00e9\u00b7es - HANDELSchweiz","og_description":"Brevet f\u00e9d\u00e9ral pour les sp\u00e9cialistes du commerce \u00e9lectronique","og_url":"https:\/\/handel-schweiz.com\/fr\/branchen-update\/specialistes-du-e-commerce-recompense\u00b7es\/","og_site_name":"HANDELSchweiz","article_modified_time":"2025-10-08T07:07:19+00:00","og_image":[{"width":1280,"height":961,"url":"https:\/\/handel-schweiz.com\/wp-content\/uploads\/2023\/10\/shopping-venture-4516039_1280.jpg","type":"image\/jpeg"}],"twitter_card":"summary_large_image","twitter_site":"@handelschweiz","twitter_misc":{"Dur\u00e9e de lecture estim\u00e9e":"1 minute"},"schema":{"@context":"https:\/\/schema.org","@graph":[{"@type":"WebPage","@id":"https:\/\/handel-schweiz.com\/fr\/branchen-update\/specialistes-du-e-commerce-recompense%c2%b7es\/","url":"https:\/\/handel-schweiz.com\/fr\/branchen-update\/specialistes-du-e-commerce-recompense%c2%b7es\/","name":"Sp\u00e9cialistes du e-commerce r\u00e9compens\u00e9\u00b7es - HANDELSchweiz","isPartOf":{"@id":"https:\/\/handel-schweiz.com\/#website"},"primaryImageOfPage":{"@id":"https:\/\/handel-schweiz.com\/fr\/branchen-update\/specialistes-du-e-commerce-recompense%c2%b7es\/#primaryimage"},"image":{"@id":"https:\/\/handel-schweiz.com\/fr\/branchen-update\/specialistes-du-e-commerce-recompense%c2%b7es\/#primaryimage"},"thumbnailUrl":"https:\/\/handel-schweiz.com\/wp-content\/uploads\/2023\/10\/shopping-venture-4516039_1280.jpg","datePublished":"2025-10-08T07:05:23+00:00","dateModified":"2025-10-08T07:07:19+00:00","description":"Brevet f\u00e9d\u00e9ral pour les sp\u00e9cialistes du commerce \u00e9lectronique","breadcrumb":{"@id":"https:\/\/handel-schweiz.com\/fr\/branchen-update\/specialistes-du-e-commerce-recompense%c2%b7es\/#breadcrumb"},"inLanguage":"fr-FR","potentialAction":[{"@type":"ReadAction","target":["https:\/\/handel-schweiz.com\/fr\/branchen-update\/specialistes-du-e-commerce-recompense%c2%b7es\/"]}]},{"@type":"ImageObject","inLanguage":"fr-FR","@id":"https:\/\/handel-schweiz.com\/fr\/branchen-update\/specialistes-du-e-commerce-recompense%c2%b7es\/#primaryimage","url":"https:\/\/handel-schweiz.com\/wp-content\/uploads\/2023\/10\/shopping-venture-4516039_1280.jpg","contentUrl":"https:\/\/handel-schweiz.com\/wp-content\/uploads\/2023\/10\/shopping-venture-4516039_1280.jpg","width":1280,"height":961},{"@type":"BreadcrumbList","@id":"https:\/\/handel-schweiz.com\/fr\/branchen-update\/specialistes-du-e-commerce-recompense%c2%b7es\/#breadcrumb","itemListElement":[{"@type":"ListItem","position":1,"name":"Home","item":"https:\/\/handel-schweiz.com\/fr\/"},{"@type":"ListItem","position":2,"name":"Branchen-Updates","item":"https:\/\/handel-schweiz.com\/branchen-update\/"},{"@type":"ListItem","position":3,"name":"Sp\u00e9cialistes du e-commerce r\u00e9compens\u00e9\u00b7es"}]},{"@type":"WebSite","@id":"https:\/\/handel-schweiz.com\/#website","url":"https:\/\/handel-schweiz.com\/","name":"HANDELSchweiz","description":"HANDEL f\u00f6rdern und vereinfachen","publisher":{"@id":"https:\/\/handel-schweiz.com\/#organization"},"potentialAction":[{"@type":"SearchAction","target":{"@type":"EntryPoint","urlTemplate":"https:\/\/handel-schweiz.com\/?s={search_term_string}"},"query-input":{"@type":"PropertyValueSpecification","valueRequired":true,"valueName":"search_term_string"}}],"inLanguage":"fr-FR"},{"@type":"Organization","@id":"https:\/\/handel-schweiz.com\/#organization","name":"HandelSchweiz","alternateName":"Handel Schweiz","url":"https:\/\/handel-schweiz.com\/","logo":{"@type":"ImageObject","inLanguage":"fr-FR","@id":"https:\/\/handel-schweiz.com\/#\/schema\/logo\/image\/","url":"https:\/\/handel-schweiz.com\/wp-content\/uploads\/2023\/11\/logo_de.svg","contentUrl":"https:\/\/handel-schweiz.com\/wp-content\/uploads\/2023\/11\/logo_de.svg","width":417,"height":89,"caption":"HandelSchweiz"},"image":{"@id":"https:\/\/handel-schweiz.com\/#\/schema\/logo\/image\/"},"sameAs":["https:\/\/x.com\/handelschweiz","https:\/\/ch.linkedin.com\/company\/handelschweiz"]}]}},"_links":{"self":[{"href":"https:\/\/handel-schweiz.com\/fr\/wp-json\/wp\/v2\/branchen-update\/3614","targetHints":{"allow":["GET"]}}],"collection":[{"href":"https:\/\/handel-schweiz.com\/fr\/wp-json\/wp\/v2\/branchen-update"}],"about":[{"href":"https:\/\/handel-schweiz.com\/fr\/wp-json\/wp\/v2\/types\/branchen-update"}],"wp:featuredmedia":[{"embeddable":true,"href":"https:\/\/handel-schweiz.com\/fr\/wp-json\/wp\/v2\/media\/1150"}],"wp:attachment":[{"href":"https:\/\/handel-schweiz.com\/fr\/wp-json\/wp\/v2\/media?parent=3614"}],"wp:term":[{"taxonomy":"branchen_update_category","embeddable":true,"href":"https:\/\/handel-schweiz.com\/fr\/wp-json\/wp\/v2\/branchen_update_category?post=3614"},{"taxonomy":"thema","embeddable":true,"href":"https:\/\/handel-schweiz.com\/fr\/wp-json\/wp\/v2\/thema?post=3614"}],"curies":[{"name":"wp","href":"https:\/\/api.w.org\/{rel}","templated":true}]}}