{"id":3637,"date":"2025-10-14T14:01:41","date_gmt":"2025-10-14T12:01:41","guid":{"rendered":"https:\/\/handel-schweiz.com\/?post_type=branchen-update&#038;p=3637"},"modified":"2025-10-14T14:09:47","modified_gmt":"2025-10-14T12:09:47","slug":"soutien-clair-aux-bilaterales-iii","status":"publish","type":"branchen-update","link":"https:\/\/handel-schweiz.com\/fr\/branchen-update\/soutien-clair-aux-bilaterales-iii\/","title":{"rendered":"Soutien clair aux Bilat\u00e9rales III"},"content":{"rendered":"\n    <section class=\"intro-text-block   intro-text-block-69f34a2c7171d\">\n        <div class=\"block-bg-color bg-white\"><\/div>\n\n        <div class=\"intro-text-block-content scrollMagic-block\" data-uid=\"69f34a2c7171d1\">\n            <div class=\"title-block\">\n                                                            <h1 class=\"big\"><p>Soutien clair aux <b>Bilat\u00e9rales III<\/b><\/p>\n<\/h1>\n                                                <\/div>\n\n            <div class=\"intro-text-columns-block \">\n                <div class=\"intro-text-left-block scrollMagic-block delay-animation-1\" data-uid=\"69f34a2c7171d2\">\n                                            <p class=\"leadtext\">Les membres de Commerce Suisse saluent la r\u00e9duction des obstacles techniques au commerce.<\/p>\n                    \n                    <div class=\"intro-text-left-block-texteditor\">\n                        <p><strong>La poursuite de la r\u00e9duction des obstacles au commerce est une priorit\u00e9 pour les membres de Commerce Suisse. Dans le sondage r\u00e9alis\u00e9 aupr\u00e8s des membres concernant les Bilat\u00e9rales III, la reconnaissance mutuelle en mati\u00e8re d\u2019\u00e9valuations de la conformit\u00e9 (MRA) est largement salu\u00e9e. Le r\u00e9sultat des n\u00e9gociations dans les dossiers relatifs aux transports ainsi que la participation aux programmes de recherche de l\u2019UE re\u00e7oivent \u00e9galement un large soutien. Les critiques \u00e0 l\u2019\u00e9gard des accords restent minoritaires, m\u00eame dans le dossier controvers\u00e9 tels que la libre circulation des personnes. Les entreprises membres souhaitent que Commerce Suisse s\u2019engage au niveau politique \u00e0 la fois en faveur des Bilat\u00e9rales III et de nouveaux accords de libre-\u00e9change. Elles souhaitent \u00e9galement qu\u2019un accord soit trouv\u00e9 rapidement dans le conflit douanier avec les \u00c9tats-Unis.<\/strong><\/p>\n<p>Les accords sur le march\u00e9 int\u00e9rieur entre la Suisse et l\u2019Union europ\u00e9enne existent depuis 25 ans. Les entreprises membres de Commerce Suisse consid\u00e8rent dans l\u2019ensemble les accords bilat\u00e9raux comme tr\u00e8s positifs pour leurs activit\u00e9s commerciales : 79 % les jugent positifs ou plut\u00f4t positifs, tandis que seulement 14 % les \u00e9valuent comme plut\u00f4t n\u00e9gatifs ou n\u00e9gatifs.<sup>[1]<\/sup><\/p>\n<p>La consultation sur les Bilat\u00e9rales III se poursuit jusqu\u2019\u00e0 fin octobre. Dans ce contexte, Commerce Suisse a interrog\u00e9 ses membres en septembre 2025 sur ce paquet d\u2019accords et les droits de douane am\u00e9ricains. Les r\u00e9sultats offrent un aper\u00e7u int\u00e9ressant de la conjoncture actuelle de la politique \u00e9conomique ext\u00e9rieure, bien qu\u2019ils ne soient toutefois pas repr\u00e9sentatifs.<\/p>\n<p>L\u2019\u00e9valuation positive se refl\u00e8te dans les diff\u00e9rents volets des accords bilat\u00e9raux III. Le r\u00e9sultat des n\u00e9gociations sur l\u2019accord a\u00e9rien est jug\u00e9 positif \u00e0 la quasi-unanimit\u00e9. Il r\u00e9glemente l\u2019acc\u00e8s des compagnies a\u00e9riennes suisses au march\u00e9 a\u00e9rien de l\u2019UE. 75 % jugent le r\u00e9sultat des n\u00e9gociations positif ou plut\u00f4t positif, contre seulement 10 % d\u2019avis contraires.<\/p>\n<p>En ce qui concerne les obstacles techniques au commerce respectivement le nouvel accord sur la reconnaissance mutuelle (ARM) : 67 % des entreprises interrog\u00e9es jugent le nouvel accord positif ou plut\u00f4t positif, tandis que 18 % ont une perception n\u00e9gative ou plut\u00f4t n\u00e9gative.<br \/>\nUn membre du secteur du jouet remarque que<em> \u00ab sans cet accord, l\u2019importation et l\u2019exportation seraient consid\u00e9rablement entrav\u00e9es, entra\u00eenant des prix plus \u00e9lev\u00e9s pour les consommateurs et un d\u00e9savantage concurrentiel suppl\u00e9mentaire pour les fournisseurs suisses. \u00bb<\/em><\/p>\n<p>Le r\u00e9sultat des n\u00e9gociations concernant la participation de la Suisse aux programmes europ\u00e9ens en mati\u00e8re d&rsquo;\u00e9ducation, de recherche et d&rsquo;innovation b\u00e9n\u00e9ficie d&rsquo;un large soutien parmi les personnes interrog\u00e9es. Une confortable majorit\u00e9 de 69 % le juge positif ou plut\u00f4t positif. 25 % sont d&rsquo;avis contraire.<\/p>\n<p>En ce qui concerne les transports terrestres, le r\u00e9sultat du sondage est tout aussi positif : 64 % des personnes interrog\u00e9es \u00e9valuent positivement le r\u00e9sultat des n\u00e9gociations, notamment le maintien de la limite des 40 tonnes et de la restriction des v\u00e9hicules \u00e9trangers aux seuls transports transfrontaliers. 22 % expriment un jugement n\u00e9gatif.<\/p>\n<p>En mati\u00e8re de protection des salaires, le r\u00e9sultat des n\u00e9gociations est consid\u00e9r\u00e9 comme un peu plus controvers\u00e9. 60 % des entreprises jugent le r\u00e9sultat des n\u00e9gociations positif ou plut\u00f4t positif. 29 % des entreprises penchent plut\u00f4t pour le contraire. Un membre commente :\u00a0 \u00ab <em>Des conditions de travail \u00e9quitables et un processus de d\u00e9tachement clairement r\u00e9glement\u00e9 cr\u00e9ent un march\u00e9 stable et juste pour tous les acteurs. <\/em>\u00bb Un autre membre craint toutefois une hausse des co\u00fbts de production en Suisse.<\/p>\n\n                                            <\/div>\n                <\/div>\n\n                <div class=\"intro-text-right-block scrollMagic-block delay-animation-3\" data-uid=\"69f34a2c7171d3\">\n                    <p>Dans le dossier de l\u2019agriculture et de la s\u00e9curit\u00e9 alimentaire, 58 % jugent le r\u00e9sultat positif ou plut\u00f4t positif, tandis que 30 % expriment une opinion contraire. Le nouvel accord sur le march\u00e9 de l\u2019\u00e9lectricit\u00e9 est plus controvers\u00e9: une majorit\u00e9 de 53 % voit plut\u00f4t des avantages. 36 % se montrent sceptiques et le consid\u00e8rent plut\u00f4t n\u00e9gativement.<\/p>\n<p>La libre circulation des personnes fait souvent l\u2019objet de discussions dans les m\u00e9dias. 50 % des entreprises jugent le r\u00e9sultat des n\u00e9gociations positif ou plut\u00f4t positif alors que 43 % le consid\u00e8rent n\u00e9gativement. L\u2019attitude divis\u00e9e de la population se retrouve donc parmi les membres de Commerce Suisse, m\u00eame si la moiti\u00e9 d\u2019entre eux saluent le compromis du Conseil f\u00e9d\u00e9ral.<\/p>\n<p>En mati\u00e8re de r\u00e9glementations relatives aux aides d\u2019\u00c9tat, th\u00e9matique moins pertinente pour la branche, 50 % estiment le r\u00e9sultat positif ou plut\u00f4t positif, contre 36 % d\u2019avis contraires. Seule une majorit\u00e9 relative de 46 % estime que les nouvelles r\u00e8gles institutionnelles convenues avec l\u2019UE sont positives ou plut\u00f4t positives pour leur affaires. 43 % ont une opinion n\u00e9gative.<\/p>\n<p>Un r\u00e9f\u00e9rendum contre le r\u00e9sultat des n\u00e9gociations est attendu. 54 % des personnes interrog\u00e9es estiment qu\u2019un \u00e9chec des Bilat\u00e9rales III aurait un impact n\u00e9gatif ou plut\u00f4t n\u00e9gatif sur leur entreprise. Une entreprise r\u00e9sume ainsi la situation : <em>\u00ab En tant qu\u2019entreprise commerciale, nous d\u00e9pendons fortement du march\u00e9 europ\u00e9en tant pour nos achats que pour nos ventes. <\/em><em>(&#8230;) La Suisse fait partie de l\u2019Europe et doit accepter des compromis. <\/em><em>Le cas des \u00c9tats-Unis a montr\u00e9 que la Suisse surestime son importance. \u00bb<\/em><\/p>\n<p>Un autre ajoute : <em>\u00ab Un \u00e9chec des Bilat\u00e9rales III aurait des cons\u00e9quences graves. Le plus grand risque serait la disparition des ARM, donc la r\u00e9apparition des obstacles techniques au commerce. \u00bb <\/em>Cependant, 36 % des entreprises ne partagent pas ces craintes et voient des avantages dans un rejet des accords.<\/p>\n<p>Conform\u00e9ment \u00e0 l\u2019\u00e9valuation g\u00e9n\u00e9rale, 54 % des entreprises interrog\u00e9es estiment que Commerce Suisse devrait s\u2019engager activement dans une campagne en faveur des Bilat\u00e9rales III. Une minorit\u00e9 de 31 % n\u2019est pas de cet avis.<\/p>\n<p>Les membres de Commerce Suisse se sont \u00e9galement exprim\u00e9s sur le conflit douanier avec les \u00c9tats-Unis. Le secteur de l\u2019importation n\u2019est que marginalement touch\u00e9. Dans le sondage, les importateurs manifestent toutefois leur solidarit\u00e9 avec l\u2019industrie exportatrice suisse : 78 % d\u2019entre eux jugent important que le Conseil f\u00e9d\u00e9ral parvienne rapidement \u00e0 un accord pour att\u00e9nuer les droits de douane am\u00e9ricains. Ce diff\u00e9rend douanier ne semble pas influencer de mani\u00e8re significative la position des membres vis-\u00e0-vis des Bilat\u00e9rales III (45 %). Cependant, un peu plus de membres ont une opinion plut\u00f4t positive ou positive \u00e0 l\u2019\u00e9gard des accords bilat\u00e9raux (30 %), tandis que 20 % se montrent plus critiques en raison de ces \u00e9v\u00e9nements.<\/p>\n<p>Les entreprises participantes accordent une grande importance aux accords de libre-\u00e9change conclus par la Suisse avec le reste du monde, notamment avec la Chine, le Japon, l\u2019Inde, le Canada, l\u2019Indon\u00e9sie et le Mercosur. Dans ce domaine \u00e9galement, le souhait d\u2019une implication politique accrue de Commerce Suisse est tr\u00e8s marqu\u00e9.<\/p>\n<p><sup>[1]<\/sup> Les 7 % restants ne se sont pas exprim\u00e9s sur la question. Pour des raisons de lisibilit\u00e9, nous renon\u00e7ons par la suite \u00e0 mentionner, pour chaque question, le pourcentage de personnes n\u2019ayant pas r\u00e9pondu.<\/p>\n                <\/div>\n            <\/div>\n        <\/div>\n    <\/section>\n\n\n\n\n\n\n\n\n\n\n\n\n    \n                    <style>\n                .testimonials-with-bg .testimonials-with-bg-content .testimonial-wrapper .testimonials-with-bg-right-block .testimonial-person-photo.testimonial-person-photo-0{\n                    background-image: url(https:\/\/handel-schweiz.com\/wp-content\/uploads\/2023\/06\/Thomas-Freuler-kl-547x600.jpg);\n                }\n\n                                    @media only screen and (max-width: 1400px) {\n                        .testimonials-with-bg .testimonials-with-bg-content .testimonial-wrapper .testimonials-with-bg-right-block .testimonial-person-photo.testimonial-person-photo-0 {\n                            background-image: url(https:\/\/handel-schweiz.com\/wp-content\/uploads\/2023\/11\/Thomas-Freuler-e1701605668535-543x600.jpg);\n                        }\n                    }\n                            <\/style>\n                    <style>\n                .testimonials-with-bg .testimonials-with-bg-content .testimonial-wrapper .testimonials-with-bg-right-block .testimonial-person-photo.testimonial-person-photo-1{\n                    background-image: url(https:\/\/handel-schweiz.com\/wp-content\/uploads\/2023\/11\/Foto-Testimonial-Ben-Staeheli-450x600.jpg);\n                }\n\n                                    @media only screen and (max-width: 1400px) {\n                        .testimonials-with-bg .testimonials-with-bg-content .testimonial-wrapper .testimonials-with-bg-right-block .testimonial-person-photo.testimonial-person-photo-1 {\n                            background-image: url(https:\/\/handel-schweiz.com\/wp-content\/uploads\/2023\/11\/Foto-Testimonial-Ben-Staeheli-450x600.jpg);\n                        }\n                    }\n                            <\/style>\n                    <style>\n                .testimonials-with-bg .testimonials-with-bg-content .testimonial-wrapper .testimonials-with-bg-right-block .testimonial-person-photo.testimonial-person-photo-2{\n                    background-image: url(https:\/\/handel-schweiz.com\/wp-content\/uploads\/2023\/11\/Karin-Streit-heizmann-scaled-e1774537455703.jpg);\n                }\n\n                                    @media only screen and (max-width: 1400px) {\n                        .testimonials-with-bg .testimonials-with-bg-content .testimonial-wrapper .testimonials-with-bg-right-block .testimonial-person-photo.testimonial-person-photo-2 {\n                            background-image: url(https:\/\/handel-schweiz.com\/wp-content\/uploads\/2023\/11\/Karin-Streit-heizmann-scaled-e1774537455703.jpg);\n                        }\n                    }\n                            <\/style>\n                    <style>\n                .testimonials-with-bg .testimonials-with-bg-content .testimonial-wrapper .testimonials-with-bg-right-block .testimonial-person-photo.testimonial-person-photo-3{\n                    background-image: url(https:\/\/handel-schweiz.com\/wp-content\/uploads\/2023\/12\/hans_christian_vondercrone_21-09-13_09-31-38-e1701683040971-541x600.jpg);\n                }\n\n                                    @media only screen and (max-width: 1400px) {\n                        .testimonials-with-bg .testimonials-with-bg-content .testimonial-wrapper .testimonials-with-bg-right-block .testimonial-person-photo.testimonial-person-photo-3 {\n                            background-image: url(https:\/\/handel-schweiz.com\/wp-content\/uploads\/2023\/12\/hans_christian_vondercrone_21-09-13_09-31-38-e1701683040971-541x600.jpg);\n                        }\n                    }\n                            <\/style>\n        \n        <section class=\"testimonials-with-bg testimonials-with-bg-69f34a2c72778\">\n            <div>\n                <div class=\"testimonial-bg-color\"><\/div>\n\n                <div class=\"testimonials-with-bg-content scrollMagic-block\" data-uid=\"69f34a2c72778\">\n                    <div class=\"testimonials-with-bg-slider\">\n                                                    <div class=\"testimonial-wrapper\">\n                                <div class=\"testimonials-with-bg-left-block equal-h\">\n                                    <div class=\"testimonial\">\n                                        <div>\n                                            <div class=\"testimonial-title-block\">\n                                                <h2 class=\"testimonial-title text-light mb_0 text-not-uppercase text-white\">Ce que disent nos membres<\/h2>\n                                            <\/div>\n\n                                            <div class=\"testimonial-text-block\">\n                                                <p class=\"big\">\u00abWeltwirtschaftliche Krisen geben sich die Hand. Die Herausforderungen des Handels werden komplexer. Ein starker Verband mit klarer Strategie und Konsequenz gibt Orientierung und unterst\u00fctzt bei anstehenden Aufgaben.\u00bb<\/p>\n                                            <\/div>\n\n                                            <div class=\"testimonial-person-meta-block\">\n                                                <p class=\"mb_0\">Thomas Freuler<\/p>\n                                                <div class=\"person-meta\"><p>Pr\u00e4sident Schweizer Stahl- und Haustechnikverband \/ Spaeter AG<br \/>\nVorstand Handel Schweiz<\/p>\n<\/div>\n                                            <\/div>\n                                        <\/div>\n                                    <\/div>\n                                <\/div>\n\n                                <div class=\"testimonials-with-bg-right-block equal-h\">\n                                    <div class=\"testimonial-person-photo testimonial-person-photo-0\"><\/div>\n                                <\/div>\n                            <\/div>\n                                                    <div class=\"testimonial-wrapper\">\n                                <div class=\"testimonials-with-bg-left-block equal-h\">\n                                    <div class=\"testimonial\">\n                                        <div>\n                                            <div class=\"testimonial-title-block\">\n                                                <h2 class=\"testimonial-title text-light mb_0 text-not-uppercase text-white\">Ce que disent nos membres<\/h2>\n                                            <\/div>\n\n                                            <div class=\"testimonial-text-block\">\n                                                <p class=\"big\">\u00ab\u00a0Handel-Schweiz ist aktiv und engagiert sich f\u00fcr den Erhalt und die Entwicklung von handelsfreundlichen Rahmenbedingungen. Denn nur ein freier Handel garantiert die Versorgungssicherheit der Schweiz und f\u00fchrt zu wirtschaftlichem Erfolg.\u00a0\u00bb<\/p>\n                                            <\/div>\n\n                                            <div class=\"testimonial-person-meta-block\">\n                                                <p class=\"mb_0\">Benjamin St\u00e4helin<\/p>\n                                                <div class=\"person-meta\"><p>Gesch\u00e4ftsf\u00fchrer Tioman Trading SA<\/p>\n<\/div>\n                                            <\/div>\n                                        <\/div>\n                                    <\/div>\n                                <\/div>\n\n                                <div class=\"testimonials-with-bg-right-block equal-h\">\n                                    <div class=\"testimonial-person-photo testimonial-person-photo-1\"><\/div>\n                                <\/div>\n                            <\/div>\n                                                    <div class=\"testimonial-wrapper\">\n                                <div class=\"testimonials-with-bg-left-block equal-h\">\n                                    <div class=\"testimonial\">\n                                        <div>\n                                            <div class=\"testimonial-title-block\">\n                                                <h2 class=\"testimonial-title text-light mb_0 text-not-uppercase text-white\">Ce que disent nos membres<\/h2>\n                                            <\/div>\n\n                                            <div class=\"testimonial-text-block\">\n                                                <p class=\"big\">\u00ab\u00a0Handel Schweiz engagiert sich f\u00fcr praxisnahe Ausbildungen, um in der Berufsausbildung am Puls zu sein. Unsere Lernenden profitieren, dank einer soliden Grundlage, von tollen Karrierechancen f\u00fcr eine erfolgreiche berufliche Zukunft im Handelssektor.\u00a0\u00bb\r\n \r\n<\/p>\n                                            <\/div>\n\n                                            <div class=\"testimonial-person-meta-block\">\n                                                <p class=\"mb_0\">Karin Streit-Heizmann<\/p>\n                                                <div class=\"person-meta\"><p>Gesch\u00e4ftsf\u00fchrerin Heizmann AG<\/p>\n<\/div>\n                                            <\/div>\n                                        <\/div>\n                                    <\/div>\n                                <\/div>\n\n                                <div class=\"testimonials-with-bg-right-block equal-h\">\n                                    <div class=\"testimonial-person-photo testimonial-person-photo-2\"><\/div>\n                                <\/div>\n                            <\/div>\n                                                    <div class=\"testimonial-wrapper\">\n                                <div class=\"testimonials-with-bg-left-block equal-h\">\n                                    <div class=\"testimonial\">\n                                        <div>\n                                            <div class=\"testimonial-title-block\">\n                                                <h2 class=\"testimonial-title text-light mb_0 text-not-uppercase text-white\">Ce que disent nos membres<\/h2>\n                                            <\/div>\n\n                                            <div class=\"testimonial-text-block\">\n                                                <p class=\"big\">\u00ab\u00a0Gemeinsam mit andern f\u00fcr den Handel das Beste tun.\u00a0\u00bb<\/p>\n                                            <\/div>\n\n                                            <div class=\"testimonial-person-meta-block\">\n                                                <p class=\"mb_0\">Hans Christian von der Crone<\/p>\n                                                <div class=\"person-meta\"><p>Gesch\u00e4ftsf\u00fchrer Nimex AG \/ Vorstand Handel Schweiz<\/p>\n<\/div>\n                                            <\/div>\n                                        <\/div>\n                                    <\/div>\n                                <\/div>\n\n                                <div class=\"testimonials-with-bg-right-block equal-h\">\n                                    <div class=\"testimonial-person-photo testimonial-person-photo-3\"><\/div>\n                                <\/div>\n                            <\/div>\n                                            <\/div>\n                <\/div>\n            <\/div>\n        <\/section>\n    \n\n\n\n\n\n\n","protected":false},"featured_media":1676,"template":"","branchen_update_category":[116],"thema":[82],"class_list":["post-3637","branchen-update","type-branchen-update","status-publish","has-post-thumbnail","hentry","branchen_update_category-politique","thema-commerce"],"acf":[],"yoast_head":"<!-- This site is optimized with the Yoast SEO plugin v27.5 - https:\/\/yoast.com\/product\/yoast-seo-wordpress\/ -->\n<title>Soutien clair aux Bilat\u00e9rales III - HANDELSchweiz<\/title>\n<meta name=\"description\" content=\"Les membres de Commerce Suisse saluent la r\u00e9duction des obstacles techniques au commerce.\" \/>\n<meta name=\"robots\" content=\"index, follow, max-snippet:-1, max-image-preview:large, max-video-preview:-1\" \/>\n<link rel=\"canonical\" href=\"https:\/\/handel-schweiz.com\/fr\/branchen-update\/soutien-clair-aux-bilaterales-iii\/\" \/>\n<meta property=\"og:locale\" content=\"fr_FR\" \/>\n<meta property=\"og:type\" content=\"article\" \/>\n<meta property=\"og:title\" content=\"Soutien clair aux Bilat\u00e9rales III - HANDELSchweiz\" \/>\n<meta property=\"og:description\" content=\"Les membres de Commerce Suisse saluent la r\u00e9duction des obstacles techniques au commerce.\" \/>\n<meta property=\"og:url\" content=\"https:\/\/handel-schweiz.com\/fr\/branchen-update\/soutien-clair-aux-bilaterales-iii\/\" \/>\n<meta property=\"og:site_name\" content=\"HANDELSchweiz\" \/>\n<meta property=\"article:modified_time\" content=\"2025-10-14T12:09:47+00:00\" \/>\n<meta property=\"og:image\" content=\"https:\/\/handel-schweiz.com\/wp-content\/uploads\/2023\/11\/newspaper-943004_640.jpg\" \/>\n\t<meta property=\"og:image:width\" content=\"640\" \/>\n\t<meta property=\"og:image:height\" content=\"402\" \/>\n\t<meta property=\"og:image:type\" content=\"image\/jpeg\" \/>\n<meta name=\"twitter:card\" content=\"summary_large_image\" \/>\n<meta name=\"twitter:site\" content=\"@handelschweiz\" \/>\n<meta name=\"twitter:label1\" content=\"Dur\u00e9e de lecture estim\u00e9e\" \/>\n\t<meta name=\"twitter:data1\" content=\"1 minute\" \/>\n<script type=\"application\/ld+json\" class=\"yoast-schema-graph\">{\"@context\":\"https:\\\/\\\/schema.org\",\"@graph\":[{\"@type\":\"WebPage\",\"@id\":\"https:\\\/\\\/handel-schweiz.com\\\/fr\\\/branchen-update\\\/soutien-clair-aux-bilaterales-iii\\\/\",\"url\":\"https:\\\/\\\/handel-schweiz.com\\\/fr\\\/branchen-update\\\/soutien-clair-aux-bilaterales-iii\\\/\",\"name\":\"Soutien clair aux Bilat\u00e9rales III - HANDELSchweiz\",\"isPartOf\":{\"@id\":\"https:\\\/\\\/handel-schweiz.com\\\/#website\"},\"primaryImageOfPage\":{\"@id\":\"https:\\\/\\\/handel-schweiz.com\\\/fr\\\/branchen-update\\\/soutien-clair-aux-bilaterales-iii\\\/#primaryimage\"},\"image\":{\"@id\":\"https:\\\/\\\/handel-schweiz.com\\\/fr\\\/branchen-update\\\/soutien-clair-aux-bilaterales-iii\\\/#primaryimage\"},\"thumbnailUrl\":\"https:\\\/\\\/handel-schweiz.com\\\/wp-content\\\/uploads\\\/2023\\\/11\\\/newspaper-943004_640.jpg\",\"datePublished\":\"2025-10-14T12:01:41+00:00\",\"dateModified\":\"2025-10-14T12:09:47+00:00\",\"description\":\"Les membres de Commerce Suisse saluent la r\u00e9duction des obstacles techniques au commerce.\",\"breadcrumb\":{\"@id\":\"https:\\\/\\\/handel-schweiz.com\\\/fr\\\/branchen-update\\\/soutien-clair-aux-bilaterales-iii\\\/#breadcrumb\"},\"inLanguage\":\"fr-FR\",\"potentialAction\":[{\"@type\":\"ReadAction\",\"target\":[\"https:\\\/\\\/handel-schweiz.com\\\/fr\\\/branchen-update\\\/soutien-clair-aux-bilaterales-iii\\\/\"]}]},{\"@type\":\"ImageObject\",\"inLanguage\":\"fr-FR\",\"@id\":\"https:\\\/\\\/handel-schweiz.com\\\/fr\\\/branchen-update\\\/soutien-clair-aux-bilaterales-iii\\\/#primaryimage\",\"url\":\"https:\\\/\\\/handel-schweiz.com\\\/wp-content\\\/uploads\\\/2023\\\/11\\\/newspaper-943004_640.jpg\",\"contentUrl\":\"https:\\\/\\\/handel-schweiz.com\\\/wp-content\\\/uploads\\\/2023\\\/11\\\/newspaper-943004_640.jpg\",\"width\":640,\"height\":402,\"caption\":\"Handel Schweiz\"},{\"@type\":\"BreadcrumbList\",\"@id\":\"https:\\\/\\\/handel-schweiz.com\\\/fr\\\/branchen-update\\\/soutien-clair-aux-bilaterales-iii\\\/#breadcrumb\",\"itemListElement\":[{\"@type\":\"ListItem\",\"position\":1,\"name\":\"Home\",\"item\":\"https:\\\/\\\/handel-schweiz.com\\\/fr\\\/\"},{\"@type\":\"ListItem\",\"position\":2,\"name\":\"Branchen-Updates\",\"item\":\"https:\\\/\\\/handel-schweiz.com\\\/branchen-update\\\/\"},{\"@type\":\"ListItem\",\"position\":3,\"name\":\"Soutien clair aux Bilat\u00e9rales III\"}]},{\"@type\":\"WebSite\",\"@id\":\"https:\\\/\\\/handel-schweiz.com\\\/#website\",\"url\":\"https:\\\/\\\/handel-schweiz.com\\\/\",\"name\":\"HANDELSchweiz\",\"description\":\"HANDEL f\u00f6rdern und vereinfachen\",\"publisher\":{\"@id\":\"https:\\\/\\\/handel-schweiz.com\\\/#organization\"},\"potentialAction\":[{\"@type\":\"SearchAction\",\"target\":{\"@type\":\"EntryPoint\",\"urlTemplate\":\"https:\\\/\\\/handel-schweiz.com\\\/?s={search_term_string}\"},\"query-input\":{\"@type\":\"PropertyValueSpecification\",\"valueRequired\":true,\"valueName\":\"search_term_string\"}}],\"inLanguage\":\"fr-FR\"},{\"@type\":\"Organization\",\"@id\":\"https:\\\/\\\/handel-schweiz.com\\\/#organization\",\"name\":\"HandelSchweiz\",\"alternateName\":\"Handel Schweiz\",\"url\":\"https:\\\/\\\/handel-schweiz.com\\\/\",\"logo\":{\"@type\":\"ImageObject\",\"inLanguage\":\"fr-FR\",\"@id\":\"https:\\\/\\\/handel-schweiz.com\\\/#\\\/schema\\\/logo\\\/image\\\/\",\"url\":\"https:\\\/\\\/handel-schweiz.com\\\/wp-content\\\/uploads\\\/2023\\\/11\\\/logo_de.svg\",\"contentUrl\":\"https:\\\/\\\/handel-schweiz.com\\\/wp-content\\\/uploads\\\/2023\\\/11\\\/logo_de.svg\",\"width\":417,\"height\":89,\"caption\":\"HandelSchweiz\"},\"image\":{\"@id\":\"https:\\\/\\\/handel-schweiz.com\\\/#\\\/schema\\\/logo\\\/image\\\/\"},\"sameAs\":[\"https:\\\/\\\/x.com\\\/handelschweiz\",\"https:\\\/\\\/ch.linkedin.com\\\/company\\\/handelschweiz\"]}]}<\/script>\n<!-- \/ Yoast SEO plugin. -->","yoast_head_json":{"title":"Soutien clair aux Bilat\u00e9rales III - HANDELSchweiz","description":"Les membres de Commerce Suisse saluent la r\u00e9duction des obstacles techniques au commerce.","robots":{"index":"index","follow":"follow","max-snippet":"max-snippet:-1","max-image-preview":"max-image-preview:large","max-video-preview":"max-video-preview:-1"},"canonical":"https:\/\/handel-schweiz.com\/fr\/branchen-update\/soutien-clair-aux-bilaterales-iii\/","og_locale":"fr_FR","og_type":"article","og_title":"Soutien clair aux Bilat\u00e9rales III - HANDELSchweiz","og_description":"Les membres de Commerce Suisse saluent la r\u00e9duction des obstacles techniques au commerce.","og_url":"https:\/\/handel-schweiz.com\/fr\/branchen-update\/soutien-clair-aux-bilaterales-iii\/","og_site_name":"HANDELSchweiz","article_modified_time":"2025-10-14T12:09:47+00:00","og_image":[{"width":640,"height":402,"url":"https:\/\/handel-schweiz.com\/wp-content\/uploads\/2023\/11\/newspaper-943004_640.jpg","type":"image\/jpeg"}],"twitter_card":"summary_large_image","twitter_site":"@handelschweiz","twitter_misc":{"Dur\u00e9e de lecture estim\u00e9e":"1 minute"},"schema":{"@context":"https:\/\/schema.org","@graph":[{"@type":"WebPage","@id":"https:\/\/handel-schweiz.com\/fr\/branchen-update\/soutien-clair-aux-bilaterales-iii\/","url":"https:\/\/handel-schweiz.com\/fr\/branchen-update\/soutien-clair-aux-bilaterales-iii\/","name":"Soutien clair aux Bilat\u00e9rales III - HANDELSchweiz","isPartOf":{"@id":"https:\/\/handel-schweiz.com\/#website"},"primaryImageOfPage":{"@id":"https:\/\/handel-schweiz.com\/fr\/branchen-update\/soutien-clair-aux-bilaterales-iii\/#primaryimage"},"image":{"@id":"https:\/\/handel-schweiz.com\/fr\/branchen-update\/soutien-clair-aux-bilaterales-iii\/#primaryimage"},"thumbnailUrl":"https:\/\/handel-schweiz.com\/wp-content\/uploads\/2023\/11\/newspaper-943004_640.jpg","datePublished":"2025-10-14T12:01:41+00:00","dateModified":"2025-10-14T12:09:47+00:00","description":"Les membres de Commerce Suisse saluent la r\u00e9duction des obstacles techniques au commerce.","breadcrumb":{"@id":"https:\/\/handel-schweiz.com\/fr\/branchen-update\/soutien-clair-aux-bilaterales-iii\/#breadcrumb"},"inLanguage":"fr-FR","potentialAction":[{"@type":"ReadAction","target":["https:\/\/handel-schweiz.com\/fr\/branchen-update\/soutien-clair-aux-bilaterales-iii\/"]}]},{"@type":"ImageObject","inLanguage":"fr-FR","@id":"https:\/\/handel-schweiz.com\/fr\/branchen-update\/soutien-clair-aux-bilaterales-iii\/#primaryimage","url":"https:\/\/handel-schweiz.com\/wp-content\/uploads\/2023\/11\/newspaper-943004_640.jpg","contentUrl":"https:\/\/handel-schweiz.com\/wp-content\/uploads\/2023\/11\/newspaper-943004_640.jpg","width":640,"height":402,"caption":"Handel Schweiz"},{"@type":"BreadcrumbList","@id":"https:\/\/handel-schweiz.com\/fr\/branchen-update\/soutien-clair-aux-bilaterales-iii\/#breadcrumb","itemListElement":[{"@type":"ListItem","position":1,"name":"Home","item":"https:\/\/handel-schweiz.com\/fr\/"},{"@type":"ListItem","position":2,"name":"Branchen-Updates","item":"https:\/\/handel-schweiz.com\/branchen-update\/"},{"@type":"ListItem","position":3,"name":"Soutien clair aux Bilat\u00e9rales III"}]},{"@type":"WebSite","@id":"https:\/\/handel-schweiz.com\/#website","url":"https:\/\/handel-schweiz.com\/","name":"HANDELSchweiz","description":"HANDEL f\u00f6rdern und vereinfachen","publisher":{"@id":"https:\/\/handel-schweiz.com\/#organization"},"potentialAction":[{"@type":"SearchAction","target":{"@type":"EntryPoint","urlTemplate":"https:\/\/handel-schweiz.com\/?s={search_term_string}"},"query-input":{"@type":"PropertyValueSpecification","valueRequired":true,"valueName":"search_term_string"}}],"inLanguage":"fr-FR"},{"@type":"Organization","@id":"https:\/\/handel-schweiz.com\/#organization","name":"HandelSchweiz","alternateName":"Handel Schweiz","url":"https:\/\/handel-schweiz.com\/","logo":{"@type":"ImageObject","inLanguage":"fr-FR","@id":"https:\/\/handel-schweiz.com\/#\/schema\/logo\/image\/","url":"https:\/\/handel-schweiz.com\/wp-content\/uploads\/2023\/11\/logo_de.svg","contentUrl":"https:\/\/handel-schweiz.com\/wp-content\/uploads\/2023\/11\/logo_de.svg","width":417,"height":89,"caption":"HandelSchweiz"},"image":{"@id":"https:\/\/handel-schweiz.com\/#\/schema\/logo\/image\/"},"sameAs":["https:\/\/x.com\/handelschweiz","https:\/\/ch.linkedin.com\/company\/handelschweiz"]}]}},"_links":{"self":[{"href":"https:\/\/handel-schweiz.com\/fr\/wp-json\/wp\/v2\/branchen-update\/3637","targetHints":{"allow":["GET"]}}],"collection":[{"href":"https:\/\/handel-schweiz.com\/fr\/wp-json\/wp\/v2\/branchen-update"}],"about":[{"href":"https:\/\/handel-schweiz.com\/fr\/wp-json\/wp\/v2\/types\/branchen-update"}],"wp:featuredmedia":[{"embeddable":true,"href":"https:\/\/handel-schweiz.com\/fr\/wp-json\/wp\/v2\/media\/1676"}],"wp:attachment":[{"href":"https:\/\/handel-schweiz.com\/fr\/wp-json\/wp\/v2\/media?parent=3637"}],"wp:term":[{"taxonomy":"branchen_update_category","embeddable":true,"href":"https:\/\/handel-schweiz.com\/fr\/wp-json\/wp\/v2\/branchen_update_category?post=3637"},{"taxonomy":"thema","embeddable":true,"href":"https:\/\/handel-schweiz.com\/fr\/wp-json\/wp\/v2\/thema?post=3637"}],"curies":[{"name":"wp","href":"https:\/\/api.w.org\/{rel}","templated":true}]}}