{"id":2263,"date":"2023-11-08T10:11:43","date_gmt":"2023-11-08T09:11:43","guid":{"rendered":"https:\/\/dev.handelschweiz.bertastrasse1.ch\/datenschutzerklaerung\/"},"modified":"2023-12-18T12:45:47","modified_gmt":"2023-12-18T11:45:47","slug":"declaration-de-protection-des-donnees","status":"publish","type":"page","link":"https:\/\/handel-schweiz.com\/fr\/protection-des-donnees\/declaration-de-protection-des-donnees\/","title":{"rendered":"D\u00e9claration de protection des donn\u00e9es"},"content":{"rendered":"\n<h3 class=\"wp-block-heading\">Qui sommes-nous et que faisons-nous?<\/h3>\n\n\n\n<p>L&rsquo;adresse de notre site web est: https:\/\/www.handel-schweiz.com.<br><br>Commerce Suisse (Viaduktstrasse 8, 4010 B\u00e2le) exploite le site web www.handel-schweiz.com (ci-apr\u00e8s d\u00e9nomm\u00e9 \u00abnous\u00bb). Sur ce site, vous pouvez vous informer sur notre organisation, utiliser nos services en ligne et prendre contact avec nous.<br>Nous accordons une grande importance \u00e0 la protection de vos donn\u00e9es personnelles. Dans cette d\u00e9claration de protection des donn\u00e9es, nous vous informons de mani\u00e8re transparente et compr\u00e9hensible sur les donn\u00e9es que nous collectons via notre site web et sur la mani\u00e8re dont nous les traitons.<\/p>\n\n\n\n<h3 class=\"wp-block-heading\">Contenu de la d\u00e9claration de protection des donn\u00e9es<\/h3>\n\n\n\n<p>Quelles donn\u00e9es sont&nbsp;<strong>collect\u00e9es<\/strong>&nbsp;sur commerce-suisse.com?<br>Dans quelles conditions traitons-nous vos donn\u00e9es&nbsp;et dans quel&nbsp;<strong>but<\/strong>?<br>Combien de temps conservons-nous vos donn\u00e9es?<br>Dans quels cas la divulgation \u00e0 des tiers est-elle autoris\u00e9e?<br>Comment traitons-nous vos donn\u00e9es?<br>Quand et comment pouvez-vous vous opposer \u00e0 un traitement de vos donn\u00e9es?<br><strong>Quels sont vos droits<\/strong>&nbsp;et comment les faire valoir?<\/p>\n\n\n\n<h3 class=\"wp-block-heading\">D\u00e9finitions des termes<\/h3>\n\n\n\n<p><strong class=\"privacy-policy-tutorial\">Que sont les donn\u00e9es \u00e0 caract\u00e8re personnel?<\/strong><br>Les donn\u00e9es \u00e0 caract\u00e8re personnel (ci-apr\u00e8s \u00e9galement d\u00e9sign\u00e9es par \u00ab\u00a7\u00bb) sont toutes les informations qui se rapportent \u00e0 une personne physique identifi\u00e9e ou identifiable. Il s&rsquo;agit par exemple du nom, de l&rsquo;adresse, de la date de naissance, de l&rsquo;adresse \u00e9lectronique ou du num\u00e9ro de t\u00e9l\u00e9phone. Les donn\u00e9es relatives aux pr\u00e9f\u00e9rences personnelles, telles que les activit\u00e9s de loisirs ou les adh\u00e9sions, font \u00e9galement partie des donn\u00e9es \u00e0 caract\u00e8re personnel.<br><strong>Que sont les donn\u00e9es personnelles sensibles?<\/strong><br>Les donn\u00e9es relatives aux opinions ou activit\u00e9s religieuses, philosophiques, politiques ou syndicales, les donn\u00e9es relatives \u00e0 la sant\u00e9 et, le cas \u00e9ch\u00e9ant, les donn\u00e9es relatives aux poursuites et sanctions administratives ou p\u00e9nales ainsi que les donn\u00e9es relatives aux mesures d&rsquo;aide sociale sont consid\u00e9r\u00e9es comme des donn\u00e9es personnelles sensibles. Si n\u00e9cessaire et appropri\u00e9, nous pouvons demander et traiter des donn\u00e9es personnelles sensibles. Dans ce cas, leur traitement est soumis \u00e0 une confidentialit\u00e9 plus stricte.<br><strong>Qu&rsquo;est-ce que le traitement de donn\u00e9es personnelles?<\/strong><br>Par traitement, on entend toute manipulation de donn\u00e9es personnelles, quels que soient les moyens et proc\u00e9d\u00e9s utilis\u00e9s, notamment la collecte, l&rsquo;enregistrement, la conservation, l&rsquo;utilisation, la modification, la communication, l&rsquo;archivage, l&rsquo;effacement ou la destruction de donn\u00e9es.<br><strong>Qu&rsquo;est-ce que la communication de donn\u00e9es personnelles?<\/strong><br>Il s&rsquo;agit de la transmission ou de la mise \u00e0 disposition de donn\u00e9es personnelles, par exemple la publication ou la divulgation \u00e0 un tiers.<\/p>\n\n\n\n<h3 class=\"wp-block-heading\">Contact<\/h3>\n\n\n\n<p>Pour toute question ou demande concernant la protection de vos donn\u00e9es par nos soins, vous pouvez nous contacter \u00e0 tout moment par e-mail \u00e0 <strong>kengeli@handel-schweiz.com<\/strong>. Le responsable du traitement des donn\u00e9es effectu\u00e9 par le biais de ce site web est:<br>Commerce Suisse, Kaspar Engeli, Viaduktstrasse 8, 4010 B\u00e2le<\/p>\n\n\n\n<h3 class=\"wp-block-heading\">Principes g\u00e9n\u00e9raux<\/h3>\n\n\n\n<p><strong>Quelles donn\u00e9es collectons-nous aupr\u00e8s de vous et par qui nous sont-elles fournies?<\/strong><br>Nous traitons en premier lieu les donn\u00e9es personnelles que vous nous transmettez ou que nous collectons lors de l&rsquo;exploitation de notre site web. Dans certaines circonstances, nous recevons \u00e9galement des donn\u00e9es personnelles vous concernant de la part de tiers. Il peut s&rsquo;agir des cat\u00e9gories de donn\u00e9es suivantes:<br>&#8211; Donn\u00e9es de base des personnes (nom, adresse, dates de naissance, etc.)<br>&#8211; Coordonn\u00e9es (num\u00e9ro de t\u00e9l\u00e9phone portable, adresse e-mail, etc.)<br>&#8211; Donn\u00e9es financi\u00e8res (p. ex. coordonn\u00e9es bancaires)<br>&#8211; Identifiants en ligne (p. ex. identifiants de cookies, adresses IP)<br>&#8211; Donn\u00e9es de localisation et de trafic<br>&#8211; Enregistrements sonores et visuels<br>&#8211; Donn\u00e9es sensibles (p. ex. donn\u00e9es biom\u00e9triques ou donn\u00e9es relatives \u00e0 votre sant\u00e9).<br><br><strong>Dans quelles conditions traitons-nous vos donn\u00e9es?<\/strong><br>Nous traitons vos donn\u00e9es de bonne foi et conform\u00e9ment aux finalit\u00e9s \u00e9nonc\u00e9es dans la pr\u00e9sente politique de confidentialit\u00e9. Nous veillons \u00e0 un traitement transparent et proportionn\u00e9.<br><br>Si nous ne sommes exceptionnellement pas en mesure de respecter ces principes, le traitement des donn\u00e9es peut toujours \u00eatre licite, car il existe une justification. En particulier, la justification est:<br><br>&#8211; votre consentement.<br>&#8211; l&rsquo;ex\u00e9cution d&rsquo;un contrat ou de mesures pr\u00e9contractuelles.<br>&#8211; nos int\u00e9r\u00eats l\u00e9gitimes, \u00e0 moins que vos int\u00e9r\u00eats ne pr\u00e9valent.<\/p>\n\n\n\n<p><strong>Comment pouvez-vous r\u00e9voquer votre consentement?<\/strong><br>Si vous nous avez donn\u00e9 votre consentement pour le traitement de vos donn\u00e9es personnelles \u00e0 des fins sp\u00e9cifiques, nous traitons vos donn\u00e9es dans le cadre de ce consentement, sauf si nous disposons d&rsquo;un autre motif justificatif.<br>Vous pouvez \u00e0 tout moment r\u00e9voquer le consentement que vous avez donn\u00e9 en envoyant un e-mail \u00e0 l&rsquo;adresse indiqu\u00e9e dans les mentions l\u00e9gales. Les traitements de donn\u00e9es d\u00e9j\u00e0 effectu\u00e9s ne sont pas concern\u00e9s.<br>Si vous vous \u00eates abonn\u00e9 \u00e0 notre newsletter, vous pouvez cliquer sur le lien indiqu\u00e9 dans la newsletter pour vous d\u00e9sabonner.<br><br><strong>Dans quels cas pouvons-nous transmettre vos donn\u00e9es \u00e0 des tiers?<\/strong><br><strong>Principe<\/strong><br>Nous pouvons \u00eatre amen\u00e9s \u00e0 recourir aux services de tiers ou de soci\u00e9t\u00e9s affili\u00e9es (appel\u00e9s sous-traitants) et \u00e0 leur confier le traitement de vos donn\u00e9es. Les cat\u00e9gories de destinataires sont notamment:<br>&#8211; Soci\u00e9t\u00e9s comptables, fiduciaires et de r\u00e9vision<br>&#8211; Soci\u00e9t\u00e9s de conseil (conseil juridique, fiscal, etc.)<br>&#8211; Prestataires de services informatiques (h\u00e9bergement de sites web, assistance, services cloud, conception de sites web, etc.)<br>&#8211; Prestataires de services de paiement (exclusivement apr\u00e8s votre accord pr\u00e9alable)<br>&#8211; Fournisseurs de services de suivi, de conversion et de publicit\u00e9 (exclusivement apr\u00e8s votre accord pr\u00e9alable)<br><br>Nous veillons en outre \u00e0 ce que ces tiers et nos soci\u00e9t\u00e9s affili\u00e9es respectent les conditions de la protection des donn\u00e9es et traitent vos donn\u00e9es personnelles de mani\u00e8re confidentielle.<br>Dans certaines circonstances, nous sommes \u00e9galement tenus de communiquer vos donn\u00e9es personnelles aux autorit\u00e9s.<br><br><strong>Transmission \u00e0 des partenaires et \u00e0 des entreprises de coop\u00e9ration<\/strong><br>Nous travaillons avec diff\u00e9rentes entreprises et partenaires qui mettent en ligne vos offres sur notre site. Les offres tierces sont signal\u00e9es comme telles (\u00abpublicit\u00e9s\u00bb).<br><br>Si vous profitez d&rsquo;une telle offre, nous transmettons vos donn\u00e9es personnelles au partenaire ou \u00e0 l&rsquo;entreprise de coop\u00e9ration concern\u00e9(e) (p. ex. nom, fonction, communication, etc.) dont vous souhaitez profiter de l&rsquo;offre. Ces partenaires et entreprises de coop\u00e9ration sont responsables de mani\u00e8re autonome des donn\u00e9es \u00e0 caract\u00e8re personnel qu&rsquo;ils re\u00e7oivent. Apr\u00e8s la transmission des donn\u00e9es, les dispositions relatives \u00e0 la protection des donn\u00e9es du partenaire concern\u00e9 s&rsquo;appliquent.<br><br><strong><strong>Visite de nos canaux de m\u00e9dias sociaux<\/strong><\/strong><br>Nous avons int\u00e9gr\u00e9 sur notre site web des liens vers nos canaux de m\u00e9dias sociaux, qui sont visibles dans tous les cas (via des ic\u00f4nes correspondantes). Si vous cliquez sur les ic\u00f4nes, vous serez redirig\u00e9 vers nos canaux de m\u00e9dias sociaux.<br><br>Dans ce cas, les fournisseurs de m\u00e9dias sociaux sont inform\u00e9s que vous acc\u00e9dez \u00e0 leur plateforme depuis notre site web. Les fournisseurs de m\u00e9dias sociaux peuvent utiliser les donn\u00e9es ainsi collect\u00e9es \u00e0 leurs propres fins. Nous attirons votre attention sur le fait que nous n&rsquo;avons pas connaissance du contenu des donn\u00e9es transmises ni de leur utilisation par les exploitants.<br><br><strong>Transmission \u00e0 l&rsquo;\u00e9tranger<\/strong><br>Si le niveau de protection des donn\u00e9es ne correspond pas \u00e0 celui de la Suisse, nous proc\u00e9dons \u00e0 une \u00e9valuation pr\u00e9alable des risques et nous nous assurons par contrat que la m\u00eame protection qu&rsquo;en Suisse est garantie (p. ex. au moyen des nouvelles clauses contractuelles standard de la Commission europ\u00e9enne ou d&rsquo;autres mesures prescrites par la loi). Si notre \u00e9valuation des risques s&rsquo;av\u00e8re n\u00e9gative, nous prenons des mesures techniques suppl\u00e9mentaires pour prot\u00e9ger vos donn\u00e9es. Vous pouvez consulter les clauses contractuelles standard de la Commission europ\u00e9enne en cliquant sur le lien suivant: <a href=\"https:\/\/commission.europa.eu\/publications\/standard-contractual-clauses-controllers-and-processors-eueea_fr\">Clauses contractuelles types entre les responsables du traitement et les sous-traitants dans l\u2019UE\/EEE (europa.eu)<\/a>.<br><br><strong>Combien de temps conservons-nous vos donn\u00e9es?<\/strong><br>Nous ne conservons les donn\u00e9es \u00e0 caract\u00e8re personnel que le temps n\u00e9cessaire \u00e0 la r\u00e9alisation des diff\u00e9rentes finalit\u00e9s pour lesquelles les donn\u00e9es ont \u00e9t\u00e9 collect\u00e9es.<br>Les donn\u00e9es que nous enregistrons lors de votre visite sur notre site web sont conserv\u00e9es pendant douze mois. Une exception est faite pour les donn\u00e9es d&rsquo;analyse et de suivi, qui peuvent \u00eatre conserv\u00e9es plus longtemps.<br>Nous conservons les donn\u00e9es contractuelles plus longtemps, car nous y sommes tenus par des dispositions l\u00e9gales. Nous devons notamment conserver les communications commerciales, les contrats conclus et les pi\u00e8ces comptables pendant 10 ans au maximum. Dans la mesure o\u00f9 nous n&rsquo;avons plus besoin de telles donn\u00e9es de votre part pour l&rsquo;ex\u00e9cution des services, les donn\u00e9es sont bloqu\u00e9es et nous ne les utilisons plus qu&rsquo;\u00e0 des fins de facturation et \u00e0 des fins fiscales.<br><br><strong>Comment prot\u00e9geons-nous vos donn\u00e9es?<\/strong><br>Nous conserverons vos donn\u00e9es en toute s\u00e9curit\u00e9 et prendrons toutes les mesures raisonnables pour prot\u00e9ger vos donn\u00e9es contre les pertes, les acc\u00e8s, les utilisations abusives ou les modifications.<br><br>Nos partenaires contractuels et nos collaborateurs qui ont acc\u00e8s \u00e0 vos donn\u00e9es sont tenus de respecter les dispositions l\u00e9gales relatives \u00e0 la protection des donn\u00e9es. Dans certains cas, il sera n\u00e9cessaire que nous transmettions vos demandes \u00e0 des entreprises qui nous sont li\u00e9es. Dans ces cas \u00e9galement, vos donn\u00e9es seront trait\u00e9es de mani\u00e8re confidentielle.<br><br>Sur notre site web, nous utilisons le proc\u00e9d\u00e9 SSL (Secure Socket Layer) en combinaison avec le niveau de cryptage le plus \u00e9lev\u00e9 support\u00e9 par votre navigateur.<\/p>\n\n\n\n<p><\/p>\n\n\n\n<h3 class=\"wp-block-heading\">Quels sont vos droits?<\/h3>\n\n\n\n<p><strong><strong><strong>Droit \u00e0 des renseignements:<\/strong><\/strong><\/strong><br>Vous avez le droit de demander \u00e0 tout moment \u00e0 consulter gratuitement vos donn\u00e9es personnelles stock\u00e9es chez nous si nous traitons ces donn\u00e9es. Vous avez ainsi la possibilit\u00e9 d\u2019examiner quelles donn\u00e9es personnelles vous concernant nous traitons et de vous assurer que nous les utilisons conform\u00e9ment \u00e0 la r\u00e9glementation applicable en mati\u00e8re de protection des donn\u00e9es.<br><strong><strong><strong>Droit \u00e0 la rectification:<\/strong><\/strong><\/strong><br>Vous avez le droit de demander la rectification de donn\u00e9es personnelles incorrectes ou incompl\u00e8tes et d\u2019\u00eatre inform\u00e9 de la rectification. Dans ce cas, nous informons les destinataires des donn\u00e9es concern\u00e9es des modifications effectu\u00e9es, pour autant que cela ne soit pas impossible ou n\u2019engendre pas des charges disproportionn\u00e9es.<br><strong><strong>Droit \u00e0 la suppression:<\/strong><\/strong><br>Vous avez le droit de demander la suppression de vos donn\u00e9es personnelles dans certaines circonstances. Le droit \u00e0 la suppression peut \u00eatre exclu dans certains cas.<br><strong><strong>Droit \u00e0 la restriction du traitement:<\/strong><\/strong><br>Dans certaines conditions, vous avez le droit de demander la restriction du traitement des donn\u00e9es personnelles vous concernant.<br><strong><strong>Droit \u00e0 la transmission des donn\u00e9es:<\/strong><\/strong><br>Dans certaines circonstances, vous avez le droit d\u2019obtenir gratuitement dans un format lisible les donn\u00e9es personnelles que vous avez mises \u00e0 notre disposition.<br><strong><strong><strong>Droit de r\u00e9vocation:<\/strong><\/strong><\/strong><br>Vous avez en principe le droit de r\u00e9voquer \u00e0 tout moment un consentement donn\u00e9. Les activit\u00e9s de traitement accomplies par le pass\u00e9 sur la base de votre consentement ne deviennent cependant pas illicites du fait de la r\u00e9vocation de votre consentement.<br><strong><strong>Droit de recours:<\/strong><\/strong><br>L\u2019autorit\u00e9 comp\u00e9tente en mati\u00e8re de protection des donn\u00e9es en Suisse est le pr\u00e9pos\u00e9 f\u00e9d\u00e9ral \u00e0 la protection des donn\u00e9es et \u00e0 la transparence (<a href=\"https:\/\/www.edoeb.admin.ch\/edoeb\/fr\/home.html\" target=\"_blank\" rel=\"noreferrer noopener\">http:\/\/edoeb.admin.ch<\/a>). Vous trouverez\u00a0<a href=\"https:\/\/edpb.europa.eu\/about-edpb\/board\/members_fr\" target=\"_blank\" rel=\"noreferrer noopener\">ici\u00a0<\/a>la liste des autorit\u00e9s comp\u00e9tentes au sein de l\u2019EEE.<\/p>\n\n\n\n<h3 class=\"wp-block-heading\">Op\u00e9rations individuelles de traitement des donn\u00e9es<\/h3>\n\n\n\n<p><strong>Mise \u00e0 disposition du site web et cr\u00e9ation de fichiers journaux<\/strong><br><strong><strong>Quelles informations recevons-nous et comment les utilisons-nous?<\/strong><\/strong><br>Lorsque vous visitez www.commerce-suisse.ch, certaines donn\u00e9es sont automatiquement enregistr\u00e9es sur nos serveurs ou sur les serveurs des services et produits que nous achetons et\/ou installons \u00e0 des fins d&rsquo;administration du syst\u00e8me, de statistiques, de sauvegarde ou de suivi. Ces donn\u00e9es sont les suivantes:<br><br>&#8211; Nom de votre fournisseur d&rsquo;acc\u00e8s \u00e0 Internet<br>&#8211; Votre adresse IP (dans certaines circonstances)<br>&#8211; Version de votre logiciel de navigation<br>&#8211; Syst\u00e8me d&rsquo;exploitation de l&rsquo;ordinateur utilis\u00e9 pour acc\u00e9der \u00e0 l&rsquo;URL<br>&#8211; Date et heure de l&rsquo;acc\u00e8s<br>&#8211; Site web \u00e0 partir duquel vous visitez l&rsquo;URL<br>&#8211; Mots de recherche que vous avez utilis\u00e9s pour trouver l&rsquo;URL<br><br><strong><strong>Pourquoi pouvons-nous traiter ces donn\u00e9es?<\/strong><\/strong><br>Ces donn\u00e9es ne peuvent \u00eatre attribu\u00e9es \u00e0 aucune personne en particulier et aucun regroupement de ces donn\u00e9es avec d&rsquo;autres sources de donn\u00e9es n&rsquo;a lieu. L&rsquo;enregistrement des fichiers journaux vise \u00e0 garantir le bon fonctionnement du site web et \u00e0 assurer la s\u00e9curit\u00e9 de nos syst\u00e8mes informatiques. Il s&rsquo;agit de notre int\u00e9r\u00eat l\u00e9gitime.<br><strong>Comment emp\u00eacher la collecte de donn\u00e9es?<\/strong><br>Les donn\u00e9es ne sont conserv\u00e9es que le temps n\u00e9cessaire \u00e0 la r\u00e9alisation de l&rsquo;objectif de leur collecte. En cons\u00e9quence, les donn\u00e9es sont supprim\u00e9es \u00e0 la fin de chaque session. L&rsquo;enregistrement des fichiers journaux \u00e9tant absolument n\u00e9cessaire pour le fonctionnement du site web, vous n&rsquo;avez pas la possibilit\u00e9 de vous y opposer.<br><br><strong>Pixel de suivi<\/strong><br><strong><strong>Comment les pixels de suivi fonctionnent-ils?<\/strong><\/strong><br>Nous pouvons utiliser des pixels de suivi sur notre site web. Les pixels sont \u00e9galement appel\u00e9s balises web (Web Beacons). Les pixels &#8211; \u00e9galement ceux de tiers dont nous utilisons les services &#8211; sont de petites images g\u00e9n\u00e9ralement invisibles qui sont automatiquement appel\u00e9es lors de la visite de notre site web. Les pixels invisibles permettent de collecter les m\u00eames informations que les fichiers journaux du serveur. Nous les utilisons aux m\u00eames fins que ces derniers. Vous ne pouvez pas emp\u00eacher la collecte de ces donn\u00e9es.<br><br><strong>\u00c9valuations<\/strong><br>Dans certains cas, vos donn\u00e9es \u00e0 caract\u00e8re personnel sont trait\u00e9es de mani\u00e8re automatis\u00e9e afin d&rsquo;\u00e9valuer certains aspects personnels.<br>Nous utilisons ces \u00e9valuations notamment pour pouvoir vous informer et vous conseiller de mani\u00e8re cibl\u00e9e sur certains services ou produits que nous proposons. \u00c0 cette fin, nous utilisons des instruments d&rsquo;\u00e9valuation qui nous permettent de communiquer en fonction des besoins et de prendre des mesures publicitaires appropri\u00e9es, y compris des \u00e9tudes de march\u00e9 et d&rsquo;opinion.<br><br><strong>Contact<\/strong><br><strong><strong>Formulaire de contact<\/strong><\/strong><br><strong><strong>Quelles informations recevons-nous et comment les utilisons-nous?<\/strong><br><\/strong>Sur notre site web, vous pouvez prendre contact avec nous via un formulaire de contact \u00e9lectronique. Les donn\u00e9es que vous indiquez dans le masque de saisie, telles que votre nom, votre adresse e-mail, etc., nous sont alors transmises et enregistr\u00e9es. Les donn\u00e9es que vous nous transmettez nous servent \u00e0 r\u00e9pondre \u00e0 votre demande.<br><strong><strong>Pourquoi pouvons-nous traiter ces donn\u00e9es?<\/strong><\/strong><br>L&rsquo;ex\u00e9cution de mesures pr\u00e9contractuelles ainsi que nos int\u00e9r\u00eats l\u00e9gitimes dans l&rsquo;ex\u00e9cution de la demande constituent un motif justificatif.<br><strong><strong>Consigne de s\u00e9curit\u00e9<\/strong><\/strong><br>Nous attirons votre attention sur le fait que les e-mails peuvent \u00eatre lus ou modifi\u00e9s de mani\u00e8re non autoris\u00e9e et inaper\u00e7ue lors de leur transmission. Le filtre anti-spam peut rejeter des e-mails si ceux-ci ont \u00e9t\u00e9 identifi\u00e9s comme spams sur la base de certaines caract\u00e9ristiques.<br><br><strong>Mesure du succ\u00e8s et de la port\u00e9e<\/strong><br><strong><strong>Comment fonctionne la mesure du succ\u00e8s et de la port\u00e9e?<\/strong><\/strong><br>Nos notifications et communications peuvent contenir des liens web ou des pixels qui enregistrent si une communication individuelle a \u00e9t\u00e9 ouverte et quels liens web ont \u00e9t\u00e9 activ\u00e9s. Ces liens Internet et ces pixels peuvent \u00e9galement permettre d&rsquo;identifier les personnes qui utilisent les notifications et les communications.<br><strong><strong>Pourquoi pouvons-nous traiter ces donn\u00e9es?<\/strong><\/strong><br>Nous avons besoin de ces statistiques d&rsquo;utilisation pour mesurer le succ\u00e8s et la port\u00e9e afin de pouvoir proposer des notifications et des communications de mani\u00e8re efficace et conviviale, ainsi que de mani\u00e8re durable, s\u00fbre et fiable, sur la base des besoins et des habitudes de lecture des destinataires.<br><br><strong>Newsletter avec mesure du succ\u00e8s et de la port\u00e9e<\/strong><br>Sur notre site web, vous avez la possibilit\u00e9 de vous inscrire \u00e0 notre newsletter. La newsletter vous permet de recevoir des informations sur les nouveaux articles, les \u00e9v\u00e9nements et les offres. Nous collectons des mesures de succ\u00e8s et de port\u00e9e via notre newsletter.<br><strong><strong>Quelles donn\u00e9es traitons-nous?<\/strong><\/strong><br>Afin d&rsquo;envoyer la newsletter et de proc\u00e9der \u00e0 la mesure du succ\u00e8s et de la port\u00e9e, nous collectons notamment les donn\u00e9es suivantes:<br>&#8211; Adresse IP <br>&#8211; Coordonn\u00e9es<br>&#8211; Date et heure de l&rsquo;inscription<br>&#8211; Informations techniques telles que le navigateur, le syst\u00e8me d&rsquo;exploitation ou la r\u00e9solution d&rsquo;\u00e9cran<br>&#8211; Interactions avec la newsletter<br>En r\u00e8gle g\u00e9n\u00e9rale, l&rsquo;adresse IP est rendue anonyme de sorte qu&rsquo;il n&rsquo;est plus possible d&rsquo;\u00e9tablir une r\u00e9f\u00e9rence personnelle.<br><strong><strong>Dans quel but utilisons-nous les donn\u00e9es?<\/strong><\/strong><br>Nous utilisons les donn\u00e9es collect\u00e9es pour l&rsquo;envoi de la newsletter, pour la v\u00e9rification et pour les formules de politesse. Nous enregistrons vos donn\u00e9es, notamment l&rsquo;adresse IP utilis\u00e9e au moment de l&rsquo;inscription ainsi que la date et l&rsquo;heure, afin de garder une trace de l&rsquo;inscription et de pouvoir d\u00e9tecter les abus. Le stockage de ces donn\u00e9es se fait pendant la dur\u00e9e de votre inscription \u00e0 la newsletter. Nous utilisons \u00e9galement l&rsquo;adresse IP pour d\u00e9terminer votre position approximative. Les informations ainsi obtenues nous permettent de mesurer la pertinence de nos offres dans diff\u00e9rentes r\u00e9gions et de segmenter les campagnes publicitaires. Les informations techniques sont utilis\u00e9es pour pouvoir afficher correctement la newsletter sur chaque appareil. Les interactions, l&rsquo;heure et la date sont collect\u00e9es afin que nous puissions utiliser ces donn\u00e9es pour \u00e9valuer et optimiser nos campagnes de marketing et nos offres. En outre, ces donn\u00e9es nous permettent de d\u00e9terminer la mani\u00e8re dont les abonn\u00e9s interagissent avec notre newsletter.<br><strong><strong>Avec qui partageons-nous les donn\u00e9es?<\/strong><\/strong><br>Nous transmettons vos donn\u00e9es \u00e0 des prestataires de services mandat\u00e9s pour le traitement technique et la mesure du succ\u00e8s et de la port\u00e9e de la newsletter. Certains de ces prestataires poss\u00e8dent des serveurs dans le monde entier. Il est donc possible que les donn\u00e9es collect\u00e9es soient transmises dans le monde entier par nos prestataires de services. En outre, nos explications concernant la transmission des donn\u00e9es s&rsquo;appliquent.<br><strong><strong>Comment pouvez-vous emp\u00eacher le traitement des donn\u00e9es?<\/strong><\/strong><br>Vous pouvez vous d\u00e9sinscrire \u00e0 tout moment de la newsletter \u00e0 laquelle vous \u00eates abonn\u00e9 en confirmant le lien de d\u00e9sinscription correspondant dans un e-mail que nous vous faisons parvenir. Alternativement, votre d\u00e9sinscription est possible en nous envoyant un e-mail.<\/p>\n\n\n\n<h3 class=\"wp-block-heading\">Cookies <\/h3>\n\n\n\n<p><strong><strong>Comment fonctionnent les cookies?<\/strong><\/strong><br>Notre site web utilise des cookies. Les cookies sont des enregistrements de donn\u00e9es qui sont d\u00e9pos\u00e9s sur le syst\u00e8me d&rsquo;exploitation de votre appareil \u00e0 l&rsquo;aide du navigateur lorsque vous consultez notre site web. Les cookies n&rsquo;endommagent pas votre ordinateur et ne contiennent pas de virus.<br><strong><strong>Quelles informations recevons-nous et comment les utilisons-nous<\/strong>?<\/strong><br>La plupart des cookies que nous utilisons sont des \u00abcookies de session\u00bb. Ils sont automatiquement supprim\u00e9s \u00e0 la fin de votre visite. D&rsquo;autres cookies restent enregistr\u00e9s sur votre terminal jusqu&rsquo;\u00e0 ce que vous les supprimiez. Ces cookies nous permettent de reconna\u00eetre votre navigateur lors de votre prochaine visite. Cela nous permet d&rsquo;enregistrer certains param\u00e8tres (tels que les param\u00e8tres de langue ou les indications de lieu) afin que vous n&rsquo;ayez pas \u00e0 les saisir \u00e0 nouveau lorsque vous consultez \u00e0 nouveau le site web.<br><strong><strong>Pourquoi pouvons-nous utiliser des cookies?<\/strong><\/strong><br>Nous utilisons des cookies afin de rendre notre site web plus convivial, plus efficace et plus s\u00fbr. L&rsquo;utilisation de cookies et le traitement de vos donn\u00e9es \u00e0 cet \u00e9gard se font sur la base de nos int\u00e9r\u00eats l\u00e9gitimes aux fins mentionn\u00e9es.<br><strong><strong>Comment emp\u00eacher la collecte de donn\u00e9es via les cookies?<\/strong><\/strong><br>Les cookies sont stock\u00e9s sur votre ordinateur. Vous avez donc le contr\u00f4le total de l&rsquo;utilisation des cookies. Vous pouvez les supprimer compl\u00e8tement ou d\u00e9sactiver ou limiter leur transmission en modifiant les param\u00e8tres de votre navigateur. En cas de d\u00e9sactivation des cookies pour notre site web, il est possible que vous ne puissiez plus utiliser toutes les fonctions du site web.<br><br><strong>Google Analytics<\/strong><br><strong>Comment fonctionne Google Analytics?<\/strong><br>Notre site web utilise Google Analytics, un service fourni par Google Ireland Ltd, Google Building Gordon House, Barrow St, Dublin 4, Irlande et Google LLC, 1600 Amphitheatre Parkway Mountain View, CA 94043, \u00c9tats-Unis ; tous deux \u00e9tant conjointement d\u00e9nomm\u00e9s \u00abGoogle\u00bb et Google Ireland Ltd \u00e9tant responsable du traitement des donn\u00e9es personnelles. Google utilise des cookies, qui sont enregistr\u00e9s sur votre appareil et permettent une analyse du site web par vos soins. Les informations g\u00e9n\u00e9r\u00e9es par les cookies concernant votre utilisation du site web sont transmises \u00e0 un serveur de Google aux \u00c9tats-Unis et y sont stock\u00e9es. Nous avons ajout\u00e9 le code \u00abanonymizeIP\u00bb \u00e0 Google Analytics. Cela garantit que toutes les donn\u00e9es sont collect\u00e9es de mani\u00e8re anonyme. Ce n&rsquo;est que dans des cas exceptionnels que l&rsquo;adresse IP compl\u00e8te est transmise \u00e0 un serveur de Google aux \u00c9tats-Unis et y est raccourcie.<br><strong><strong><strong>Pourquoi sommes-nous autoris\u00e9s \u00e0 utiliser Google Analytics?<\/strong><\/strong><\/strong><br>Google \u00e9value les donn\u00e9es collect\u00e9es pour notre compte afin que nous puissions nous faire une id\u00e9e des visites et du comportement des utilisateurs sur notre site web. Cela nous permet d&rsquo;am\u00e9liorer nos services ainsi que le contenu et la conception de notre site Web.<br><strong>Comment pouvez-vous emp\u00eacher la collecte de vos donn\u00e9es via Google Analytics?<\/strong><br>Vous pouvez emp\u00eacher l&rsquo;enregistrement de cookies en s\u00e9lectionnant les param\u00e8tres correspondants dans votre navigateur (voir explications relatives aux cookies). Vous pouvez d\u00e9sactiver Google Analytics en t\u00e9l\u00e9chargeant et en installant le module compl\u00e9mentaire de navigateur correspondant.<br><br>Vous trouverez de plus amples informations sur le service d&rsquo;analyse web utilis\u00e9 \u00e0 cette adresse:\u00a0<a href=\"https:\/\/policies.google.com\/privacy\" target=\"_blank\" rel=\"noreferrer noopener\">https:\/\/policies.google.com\/privacy<\/a>.<br>Vous trouverez les instructions pour emp\u00eacher le traitement de vos donn\u00e9es par le service d&rsquo;analyse web \u00e0 cette adresse:\u00a0<a href=\"https:\/\/tools.google.com\/dlpage\/gaoptout\" target=\"_blank\" rel=\"noreferrer noopener\">https:\/\/tools.google.com\/dlpage\/gaoptout<\/a><\/p>\n\n\n\n<p><strong>Google Tag Manager<\/strong><br>Nous utilisons Google Tag Manager sur notre site web. Celui-ci saisit sur notre site web des donn\u00e9es sur le comportement des utilisateurs et les transmet \u00e0 nos outils d&rsquo;analyse. Google Tag Manager n&rsquo;a pas acc\u00e8s aux donn\u00e9es, il se contente de les collecter. \u00c9tant donn\u00e9 que Google Tag Manager ne traite pas de donn\u00e9es \u00e0 caract\u00e8re personnel, nous vous renvoyons aux explications relatives aux services de suivi correspondants et aux directives d&rsquo;utilisation de Google Tag Manager. Directives d&rsquo;utilisation:\u00a0<a href=\"https:\/\/www.google.com\/intl\/de\/tagmanager\/use-policy.html\" target=\"_blank\" rel=\"noreferrer noopener\">https:\/\/www.google.com\/intl\/de\/tagmanager\/use-policy.html<\/a>.<br><br><strong>Global Site Tag<\/strong><br>Global Site Tag (gtag.js) est un syst\u00e8me de gestion des balises d\u00e9velopp\u00e9 par Google. Il est utilis\u00e9 pour suivre et g\u00e9rer des donn\u00e9es telles que le trafic, les ventes, les conversions, etc. \u00e0 partir d&rsquo;une seule ligne de code. Il permet aux entreprises d&rsquo;impl\u00e9menter des balises de suivi \u00e0 diverses fins, par exemple Google Ads, Google Analytics, etc.<br><br><strong>Mailchimp<\/strong><br>Nous envoyons des newsletters politiques, des courriels et d\u2019autres notifications \u00e9lectroniques contenant des informations publicitaires (ci-apr\u00e8s \u00abmailings\u00bb) seulement avec le consentement du destinataire. Pour envoyer nos courriels, nous utilisons des services de marketing par courriel de Mailchimp (The Rocket Science Group LLC d\/b\/a Mailchimp (USA) en tant que filiale d&rsquo;Intuit Inc. (USA), 675 Ponce de Leon Ave NE, Suite 5000, Atlanta, GA 30308, USA). Les donn\u00e9es des mailings sont stock\u00e9es \u00e0 la fois sur le serveur d\u2019h\u00e9bergement du site web et sur un serveur de Mailchimp aux \u00c9tats-Unis. Pour de plus amples informations sur la collecte et l\u2019exploitation de vos donn\u00e9es par MailChimp, veuillez consulter sa politique de confidentialit\u00e9:\u00a0<a href=\"https:\/\/mailchimp.com\/legal\/\" target=\"_blank\" rel=\"noreferrer noopener\">https:\/\/mailchimp.com\/legal\/<\/a>\u00a0ou\u00a0<a href=\"https:\/\/www.intuit.com\/privacy\/statement\/\" target=\"_blank\" rel=\"noreferrer noopener\">https:\/\/www.intuit.com\/privacy\/statement\/<\/a><br><br><strong>Youtube<\/strong><br>Nous utilisons sur notre site web des plugins du portail vid\u00e9o YouTube (YouTube LLC, 901 Cherry Ave., San Bruno, CA 94066, \u00c9tats-Unis). YouTube est une filiale de Google Ireland Limited, Gordon House, Barrow Street, Dublin 4, Irlande. Nous utilisons ces plugins pour am\u00e9liorer l\u2019exp\u00e9rience utilisateur gr\u00e2ce \u00e0 des vid\u00e9os. Pour de plus amples informations sur la collecte et l\u2019exploitation de vos donn\u00e9es par YouTube, veuillez consulter la politique de confidentialit\u00e9 de YouTube\/Google\u00a0<a href=\"https:\/\/policies.google.com\/privacy\" target=\"_blank\" rel=\"noreferrer noopener\">https:\/\/policies.google.com\/privacy<\/a>.<br><br><strong>LinkedIn<\/strong><br>Sur notre site web, nous utilisons le pixel de LinkedIn pour le suivi des conversions (LinkedIn Ireland Unlimited Company, Attn: Legal Dept., Privacy Policy and User Agreement, Wilton Plaza, Wilton Place, Dublin 2, Irlande). Le pixel nous permet d\u2019\u00e9tablir des statistiques sur l\u2019utilisation de notre site web afin de l\u2019optimiser. Pour de plus amples informations sur la collecte et l\u2019exploitation de vos donn\u00e9es par LinkedIn, veuillez consulter sa politique de confidentialit\u00e9:\u00a0<a href=\"https:\/\/www.linkedin.com\/help\/linkedin\" target=\"_blank\" rel=\"noreferrer noopener\">https:\/\/www.linkedin.com\/help\/linkedin<\/a>.<br><br>9.12.2023<\/p>\n","protected":false},"excerpt":{"rendered":"<p>Qui sommes-nous et que faisons-nous? L&rsquo;adresse de notre site web est: https:\/\/www.handel-schweiz.com. Commerce Suisse (Viaduktstrasse 8, 4010 B\u00e2le) exploite le site web www.handel-schweiz.com (ci-apr\u00e8s d\u00e9nomm\u00e9 \u00abnous\u00bb). Sur ce site, vous pouvez vous informer sur notre organisation, utiliser nos services en ligne et prendre contact avec nous.Nous accordons une grande importance \u00e0 la protection de vos [&hellip;]<\/p>\n","protected":false},"author":4,"featured_media":1921,"parent":2287,"menu_order":0,"comment_status":"closed","ping_status":"closed","template":"","meta":{"_acf_changed":false,"inline_featured_image":false,"_themeisle_gutenberg_block_has_review":false,"footnotes":""},"thema":[],"class_list":["post-2263","page","type-page","status-publish","has-post-thumbnail","hentry"],"acf":[],"yoast_head":"<!-- This site is optimized with the Yoast SEO plugin v27.5 - https:\/\/yoast.com\/product\/yoast-seo-wordpress\/ -->\n<title>D\u00e9claration de protection des donn\u00e9es - HANDELSchweiz<\/title>\n<meta name=\"description\" content=\"Par la pr\u00e9sente d\u00e9claration de protection des donn\u00e9es, nous vous informons de la mani\u00e8re dont nous, Commerce Suisse, collectons et traitons les donn\u00e9es personnelles. Cette d\u00e9claration de protection des donn\u00e9es ne constitue pas une description exhaustive.\" \/>\n<meta name=\"robots\" content=\"index, follow, max-snippet:-1, max-image-preview:large, max-video-preview:-1\" \/>\n<link rel=\"canonical\" href=\"https:\/\/handel-schweiz.com\/fr\/protection-des-donnees\/declaration-de-protection-des-donnees\/\" \/>\n<meta property=\"og:locale\" content=\"fr_FR\" \/>\n<meta property=\"og:type\" content=\"article\" \/>\n<meta property=\"og:title\" content=\"D\u00e9claration de protection des donn\u00e9es - HANDELSchweiz\" \/>\n<meta property=\"og:description\" content=\"Par la pr\u00e9sente d\u00e9claration de protection des donn\u00e9es, nous vous informons de la mani\u00e8re dont nous, Commerce Suisse, collectons et traitons les donn\u00e9es personnelles. Cette d\u00e9claration de protection des donn\u00e9es ne constitue pas une description exhaustive.\" \/>\n<meta property=\"og:url\" content=\"https:\/\/handel-schweiz.com\/fr\/protection-des-donnees\/declaration-de-protection-des-donnees\/\" \/>\n<meta property=\"og:site_name\" content=\"HANDELSchweiz\" \/>\n<meta property=\"article:modified_time\" content=\"2023-12-18T11:45:47+00:00\" \/>\n<meta property=\"og:image\" content=\"https:\/\/handel-schweiz.com\/wp-content\/uploads\/2023\/11\/privacy-policy-6562483_1920.png\" \/>\n\t<meta property=\"og:image:width\" content=\"1920\" \/>\n\t<meta property=\"og:image:height\" content=\"1413\" \/>\n\t<meta property=\"og:image:type\" content=\"image\/png\" \/>\n<meta name=\"twitter:card\" content=\"summary_large_image\" \/>\n<meta name=\"twitter:site\" content=\"@handelschweiz\" \/>\n<meta name=\"twitter:label1\" content=\"Dur\u00e9e de lecture estim\u00e9e\" \/>\n\t<meta name=\"twitter:data1\" content=\"21 minutes\" \/>\n<script type=\"application\/ld+json\" class=\"yoast-schema-graph\">{\"@context\":\"https:\\\/\\\/schema.org\",\"@graph\":[{\"@type\":\"WebPage\",\"@id\":\"https:\\\/\\\/handel-schweiz.com\\\/fr\\\/protection-des-donnees\\\/declaration-de-protection-des-donnees\\\/\",\"url\":\"https:\\\/\\\/handel-schweiz.com\\\/fr\\\/protection-des-donnees\\\/declaration-de-protection-des-donnees\\\/\",\"name\":\"D\u00e9claration de protection des donn\u00e9es - HANDELSchweiz\",\"isPartOf\":{\"@id\":\"https:\\\/\\\/handel-schweiz.com\\\/#website\"},\"primaryImageOfPage\":{\"@id\":\"https:\\\/\\\/handel-schweiz.com\\\/fr\\\/protection-des-donnees\\\/declaration-de-protection-des-donnees\\\/#primaryimage\"},\"image\":{\"@id\":\"https:\\\/\\\/handel-schweiz.com\\\/fr\\\/protection-des-donnees\\\/declaration-de-protection-des-donnees\\\/#primaryimage\"},\"thumbnailUrl\":\"https:\\\/\\\/handel-schweiz.com\\\/wp-content\\\/uploads\\\/2023\\\/11\\\/privacy-policy-6562483_1920.png\",\"datePublished\":\"2023-11-08T09:11:43+00:00\",\"dateModified\":\"2023-12-18T11:45:47+00:00\",\"description\":\"Par la pr\u00e9sente d\u00e9claration de protection des donn\u00e9es, nous vous informons de la mani\u00e8re dont nous, Commerce Suisse, collectons et traitons les donn\u00e9es personnelles. Cette d\u00e9claration de protection des donn\u00e9es ne constitue pas une description exhaustive.\",\"breadcrumb\":{\"@id\":\"https:\\\/\\\/handel-schweiz.com\\\/fr\\\/protection-des-donnees\\\/declaration-de-protection-des-donnees\\\/#breadcrumb\"},\"inLanguage\":\"fr-FR\",\"potentialAction\":[{\"@type\":\"ReadAction\",\"target\":[\"https:\\\/\\\/handel-schweiz.com\\\/fr\\\/protection-des-donnees\\\/declaration-de-protection-des-donnees\\\/\"]}]},{\"@type\":\"ImageObject\",\"inLanguage\":\"fr-FR\",\"@id\":\"https:\\\/\\\/handel-schweiz.com\\\/fr\\\/protection-des-donnees\\\/declaration-de-protection-des-donnees\\\/#primaryimage\",\"url\":\"https:\\\/\\\/handel-schweiz.com\\\/wp-content\\\/uploads\\\/2023\\\/11\\\/privacy-policy-6562483_1920.png\",\"contentUrl\":\"https:\\\/\\\/handel-schweiz.com\\\/wp-content\\\/uploads\\\/2023\\\/11\\\/privacy-policy-6562483_1920.png\",\"width\":1920,\"height\":1413},{\"@type\":\"BreadcrumbList\",\"@id\":\"https:\\\/\\\/handel-schweiz.com\\\/fr\\\/protection-des-donnees\\\/declaration-de-protection-des-donnees\\\/#breadcrumb\",\"itemListElement\":[{\"@type\":\"ListItem\",\"position\":1,\"name\":\"Home\",\"item\":\"https:\\\/\\\/handel-schweiz.com\\\/fr\\\/\"},{\"@type\":\"ListItem\",\"position\":2,\"name\":\"PROTECTION DES DONN\u00c9ES\",\"item\":\"https:\\\/\\\/handel-schweiz.com\\\/fr\\\/protection-des-donnees\\\/\"},{\"@type\":\"ListItem\",\"position\":3,\"name\":\"D\u00e9claration de protection des donn\u00e9es\"}]},{\"@type\":\"WebSite\",\"@id\":\"https:\\\/\\\/handel-schweiz.com\\\/#website\",\"url\":\"https:\\\/\\\/handel-schweiz.com\\\/\",\"name\":\"HANDELSchweiz\",\"description\":\"HANDEL f\u00f6rdern und vereinfachen\",\"publisher\":{\"@id\":\"https:\\\/\\\/handel-schweiz.com\\\/#organization\"},\"potentialAction\":[{\"@type\":\"SearchAction\",\"target\":{\"@type\":\"EntryPoint\",\"urlTemplate\":\"https:\\\/\\\/handel-schweiz.com\\\/?s={search_term_string}\"},\"query-input\":{\"@type\":\"PropertyValueSpecification\",\"valueRequired\":true,\"valueName\":\"search_term_string\"}}],\"inLanguage\":\"fr-FR\"},{\"@type\":\"Organization\",\"@id\":\"https:\\\/\\\/handel-schweiz.com\\\/#organization\",\"name\":\"HandelSchweiz\",\"alternateName\":\"Handel Schweiz\",\"url\":\"https:\\\/\\\/handel-schweiz.com\\\/\",\"logo\":{\"@type\":\"ImageObject\",\"inLanguage\":\"fr-FR\",\"@id\":\"https:\\\/\\\/handel-schweiz.com\\\/#\\\/schema\\\/logo\\\/image\\\/\",\"url\":\"https:\\\/\\\/handel-schweiz.com\\\/wp-content\\\/uploads\\\/2023\\\/11\\\/logo_de.svg\",\"contentUrl\":\"https:\\\/\\\/handel-schweiz.com\\\/wp-content\\\/uploads\\\/2023\\\/11\\\/logo_de.svg\",\"width\":417,\"height\":89,\"caption\":\"HandelSchweiz\"},\"image\":{\"@id\":\"https:\\\/\\\/handel-schweiz.com\\\/#\\\/schema\\\/logo\\\/image\\\/\"},\"sameAs\":[\"https:\\\/\\\/x.com\\\/handelschweiz\",\"https:\\\/\\\/ch.linkedin.com\\\/company\\\/handelschweiz\"]}]}<\/script>\n<!-- \/ Yoast SEO plugin. -->","yoast_head_json":{"title":"D\u00e9claration de protection des donn\u00e9es - HANDELSchweiz","description":"Par la pr\u00e9sente d\u00e9claration de protection des donn\u00e9es, nous vous informons de la mani\u00e8re dont nous, Commerce Suisse, collectons et traitons les donn\u00e9es personnelles. Cette d\u00e9claration de protection des donn\u00e9es ne constitue pas une description exhaustive.","robots":{"index":"index","follow":"follow","max-snippet":"max-snippet:-1","max-image-preview":"max-image-preview:large","max-video-preview":"max-video-preview:-1"},"canonical":"https:\/\/handel-schweiz.com\/fr\/protection-des-donnees\/declaration-de-protection-des-donnees\/","og_locale":"fr_FR","og_type":"article","og_title":"D\u00e9claration de protection des donn\u00e9es - HANDELSchweiz","og_description":"Par la pr\u00e9sente d\u00e9claration de protection des donn\u00e9es, nous vous informons de la mani\u00e8re dont nous, Commerce Suisse, collectons et traitons les donn\u00e9es personnelles. Cette d\u00e9claration de protection des donn\u00e9es ne constitue pas une description exhaustive.","og_url":"https:\/\/handel-schweiz.com\/fr\/protection-des-donnees\/declaration-de-protection-des-donnees\/","og_site_name":"HANDELSchweiz","article_modified_time":"2023-12-18T11:45:47+00:00","og_image":[{"width":1920,"height":1413,"url":"https:\/\/handel-schweiz.com\/wp-content\/uploads\/2023\/11\/privacy-policy-6562483_1920.png","type":"image\/png"}],"twitter_card":"summary_large_image","twitter_site":"@handelschweiz","twitter_misc":{"Dur\u00e9e de lecture estim\u00e9e":"21 minutes"},"schema":{"@context":"https:\/\/schema.org","@graph":[{"@type":"WebPage","@id":"https:\/\/handel-schweiz.com\/fr\/protection-des-donnees\/declaration-de-protection-des-donnees\/","url":"https:\/\/handel-schweiz.com\/fr\/protection-des-donnees\/declaration-de-protection-des-donnees\/","name":"D\u00e9claration de protection des donn\u00e9es - HANDELSchweiz","isPartOf":{"@id":"https:\/\/handel-schweiz.com\/#website"},"primaryImageOfPage":{"@id":"https:\/\/handel-schweiz.com\/fr\/protection-des-donnees\/declaration-de-protection-des-donnees\/#primaryimage"},"image":{"@id":"https:\/\/handel-schweiz.com\/fr\/protection-des-donnees\/declaration-de-protection-des-donnees\/#primaryimage"},"thumbnailUrl":"https:\/\/handel-schweiz.com\/wp-content\/uploads\/2023\/11\/privacy-policy-6562483_1920.png","datePublished":"2023-11-08T09:11:43+00:00","dateModified":"2023-12-18T11:45:47+00:00","description":"Par la pr\u00e9sente d\u00e9claration de protection des donn\u00e9es, nous vous informons de la mani\u00e8re dont nous, Commerce Suisse, collectons et traitons les donn\u00e9es personnelles. Cette d\u00e9claration de protection des donn\u00e9es ne constitue pas une description exhaustive.","breadcrumb":{"@id":"https:\/\/handel-schweiz.com\/fr\/protection-des-donnees\/declaration-de-protection-des-donnees\/#breadcrumb"},"inLanguage":"fr-FR","potentialAction":[{"@type":"ReadAction","target":["https:\/\/handel-schweiz.com\/fr\/protection-des-donnees\/declaration-de-protection-des-donnees\/"]}]},{"@type":"ImageObject","inLanguage":"fr-FR","@id":"https:\/\/handel-schweiz.com\/fr\/protection-des-donnees\/declaration-de-protection-des-donnees\/#primaryimage","url":"https:\/\/handel-schweiz.com\/wp-content\/uploads\/2023\/11\/privacy-policy-6562483_1920.png","contentUrl":"https:\/\/handel-schweiz.com\/wp-content\/uploads\/2023\/11\/privacy-policy-6562483_1920.png","width":1920,"height":1413},{"@type":"BreadcrumbList","@id":"https:\/\/handel-schweiz.com\/fr\/protection-des-donnees\/declaration-de-protection-des-donnees\/#breadcrumb","itemListElement":[{"@type":"ListItem","position":1,"name":"Home","item":"https:\/\/handel-schweiz.com\/fr\/"},{"@type":"ListItem","position":2,"name":"PROTECTION DES DONN\u00c9ES","item":"https:\/\/handel-schweiz.com\/fr\/protection-des-donnees\/"},{"@type":"ListItem","position":3,"name":"D\u00e9claration de protection des donn\u00e9es"}]},{"@type":"WebSite","@id":"https:\/\/handel-schweiz.com\/#website","url":"https:\/\/handel-schweiz.com\/","name":"HANDELSchweiz","description":"HANDEL f\u00f6rdern und vereinfachen","publisher":{"@id":"https:\/\/handel-schweiz.com\/#organization"},"potentialAction":[{"@type":"SearchAction","target":{"@type":"EntryPoint","urlTemplate":"https:\/\/handel-schweiz.com\/?s={search_term_string}"},"query-input":{"@type":"PropertyValueSpecification","valueRequired":true,"valueName":"search_term_string"}}],"inLanguage":"fr-FR"},{"@type":"Organization","@id":"https:\/\/handel-schweiz.com\/#organization","name":"HandelSchweiz","alternateName":"Handel Schweiz","url":"https:\/\/handel-schweiz.com\/","logo":{"@type":"ImageObject","inLanguage":"fr-FR","@id":"https:\/\/handel-schweiz.com\/#\/schema\/logo\/image\/","url":"https:\/\/handel-schweiz.com\/wp-content\/uploads\/2023\/11\/logo_de.svg","contentUrl":"https:\/\/handel-schweiz.com\/wp-content\/uploads\/2023\/11\/logo_de.svg","width":417,"height":89,"caption":"HandelSchweiz"},"image":{"@id":"https:\/\/handel-schweiz.com\/#\/schema\/logo\/image\/"},"sameAs":["https:\/\/x.com\/handelschweiz","https:\/\/ch.linkedin.com\/company\/handelschweiz"]}]}},"_links":{"self":[{"href":"https:\/\/handel-schweiz.com\/fr\/wp-json\/wp\/v2\/pages\/2263","targetHints":{"allow":["GET"]}}],"collection":[{"href":"https:\/\/handel-schweiz.com\/fr\/wp-json\/wp\/v2\/pages"}],"about":[{"href":"https:\/\/handel-schweiz.com\/fr\/wp-json\/wp\/v2\/types\/page"}],"author":[{"embeddable":true,"href":"https:\/\/handel-schweiz.com\/fr\/wp-json\/wp\/v2\/users\/4"}],"replies":[{"embeddable":true,"href":"https:\/\/handel-schweiz.com\/fr\/wp-json\/wp\/v2\/comments?post=2263"}],"version-history":[{"count":10,"href":"https:\/\/handel-schweiz.com\/fr\/wp-json\/wp\/v2\/pages\/2263\/revisions"}],"predecessor-version":[{"id":2840,"href":"https:\/\/handel-schweiz.com\/fr\/wp-json\/wp\/v2\/pages\/2263\/revisions\/2840"}],"up":[{"embeddable":true,"href":"https:\/\/handel-schweiz.com\/fr\/wp-json\/wp\/v2\/pages\/2287"}],"wp:featuredmedia":[{"embeddable":true,"href":"https:\/\/handel-schweiz.com\/fr\/wp-json\/wp\/v2\/media\/1921"}],"wp:attachment":[{"href":"https:\/\/handel-schweiz.com\/fr\/wp-json\/wp\/v2\/media?parent=2263"}],"wp:term":[{"taxonomy":"thema","embeddable":true,"href":"https:\/\/handel-schweiz.com\/fr\/wp-json\/wp\/v2\/thema?post=2263"}],"curies":[{"name":"wp","href":"https:\/\/api.w.org\/{rel}","templated":true}]}}