{"id":2295,"date":"2023-06-16T09:28:32","date_gmt":"2023-06-16T07:28:32","guid":{"rendered":"https:\/\/dev.handelschweiz.bertastrasse1.ch\/veranstaltung\/tag-des-handels-2023\/"},"modified":"2024-01-30T09:51:32","modified_gmt":"2024-01-30T08:51:32","slug":"journee-du-commerce-2023","status":"publish","type":"veranstaltung","link":"https:\/\/handel-schweiz.com\/fr\/veranstaltung\/journee-du-commerce-2023\/","title":{"rendered":"Journ\u00e9e de Commerce 2023"},"content":{"rendered":"\n    <section class=\"intro-text-block intro-text-veranstaltungen-block intro-text-block-69f3179b0497d\">\n        <div class=\"block-bg-color bg-white\"><\/div>\n\n        <div class=\"intro-text-block-content\">\n            <div class=\"title-block scrollMagic-block\" data-uid=\"69f3179b0497d1\">\n                <h1 class=\"big\">\n                                            <p><b>Journ\u00e9e de Commerce 2023<\/b> <\/p>\n                                    <\/h1>\n            <\/div>\n\n            <div class=\"intro-text-columns-block\">\n                <div class=\"intro-text-left-block scrollMagic-block delay-animation-2\" data-uid=\"69f3179b0497d2\">\n                                            <p class=\"leadtext\">En route pour Berne<\/p>\n                    \n                    <div class=\"veranstaltung-header-meta-block veranstaltung-header-meta-block-top\">\n                        <div class=\"veranstaltung-header-meta-block-content\">\n    <div>\n        <p><span><i class=\"fas fa-calendar-alt\"><\/i><\/span><span>16. June 2023<\/span><\/p>\n\n                    <p><span><i class=\"fas fa-clock\"><\/i><\/span><span>13.30<\/span><\/p>\n        \n                                    <p class=\"location\"><a href=\"https:\/\/www.google.ch\/maps\/place\/Kursaal+Bern\/@46.9528674,7.4495948,15z\/data=!4m6!3m5!1s0x478e39e9f811e0a5:0xc531de3b70790ed7!8m2!3d46.9528674!4d7.4495948!16s%2Fg%2F11fklqqqbk?entry=ttu\" target=\"_blank\"><span><i class=\"fas fa-map-marker-alt\"><\/i><\/span><span>Bern<\/span><\/a><\/p>\n                        <\/div>\n<\/div>\n                    <\/div>\n\n                    <div class=\"intro-text-left-block-texteditor\">\n                        <p><strong>La \u00ab\u00a0Journ\u00e9e du commerce\u00a0\u00bb est derri\u00e8re nous et a \u00e9t\u00e9 source d&rsquo;inspiration : La branche suisse du commerce s&rsquo;est r\u00e9unie au Kursaal de Berne. Dans une atmosph\u00e8re d\u00e9tendue et estivale, la situation politico-\u00e9conomique actuelle a \u00e9t\u00e9 analys\u00e9e et le r\u00e9seau au sein de l&rsquo;association a \u00e9t\u00e9 entretenu.<\/strong><\/p>\n<p>Rudolf Schmid (pr\u00e9sident de Commerce Suisse) et Kaspar Engeli (directeur de Commerce Suisse) ont clairement montr\u00e9 que l&rsquo;association met \u00e9nergiquement en \u0153uvre sa strat\u00e9gie d&rsquo;avenir (FFF) et qu&rsquo;elle repose sur des bases tr\u00e8s saines. Le rapport annuel 2022 de Commerce Suisse donne un aper\u00e7u approfondi de ce travail associatif vari\u00e9.<\/p>\n<p>Eric Scheidegger (directeur suppl\u00e9ant du SECO) a livr\u00e9 un impressionnant tour d&rsquo;horizon \u00e0 360 degr\u00e9s de l&rsquo;\u00e9tat de la place \u00e9conomique suisse en comparaison internationale. Il a soulign\u00e9 la responsabilit\u00e9 individuelle des entreprises et les conditions-cadres lib\u00e9rales comme \u00e9tant des piliers importants du mod\u00e8le de r\u00e9ussite suisse.<\/p>\n<p>La table ronde qui a suivi, avec Martin Hirzel (pr\u00e9sident de Swissmem) et Thomas Freuler (pr\u00e9sident de l&rsquo;Association suisse de l&rsquo;acier et de la technique du b\u00e2timent), a permis d&rsquo;approfondir ces th\u00e8mes de mani\u00e8re divertissante et \u00e0 l&rsquo;aide d&rsquo;exemples concrets et de d\u00e9fis pour le commerce.<\/p>\n<p>Lors du flying lunch et de l&rsquo;ap\u00e9ritif, les membres et invit\u00e9s pr\u00e9sents, issus d&rsquo;associations, d&rsquo;autorit\u00e9s et d&rsquo;entreprises, ont saisi la balle au bond et poursuivi les discussions entam\u00e9es.<\/p>\n<h3>Programme<\/h3>\n<ul>\n<li>dans la matin\u00e9e<br \/>\nAssembl\u00e9es g\u00e9n\u00e9rales des associations participantes<\/li>\n<li>13.30 \u2013 15.45 \u00abJourn\u00e9e du Commerce\u00bb<br \/>\nDiscours de bienvenue de\u00a0<strong>Rudolf\u00a0O. Schmid<\/strong>, Pr\u00e9sidenrt de Commerce Suisse<br \/>\nAssembl\u00e9e g\u00e9n\u00e9rale Commerce Suisse<br \/>\nPr\u00e9sentation:<br \/>\n<strong>Dr. Eric Scheidegger<\/strong>, Directeur suppl\u00e9ant du SECO, Chef de la Direction de la politique \u00e9conomique<br \/>\nTable ronde:<br \/>\nDr. Eric Scheidegger, Directeur suppl\u00e9ant du SECO, Chef de la Direction de la politique \u00e9conomique<br \/>\nMartin Hirzel, Pr\u00e9sident de Swissmem<br \/>\nThomas Freuler, Pr\u00e9sident de l\u2019Association Suisse du Commerce de l\u2019Acier et de la Technique du B\u00e2timent,\u00a0Directeur g\u00e9n\u00e9ral de SPAETER<br \/>\nMod\u00e9ration:<br \/>\nKaspar Engeli, directeur du Commerce Suisse<\/li>\n<li>15.45 Ap\u00e9ro<\/li>\n<\/ul>\n\n                                            <\/div>\n                <\/div>\n\n                <div class=\"intro-text-right-block scrollMagic-block delay-animation-3\" data-uid=\"69f3179b0497d3\">\n                    \n                    \n                                            <h3>Points de l\u2019 ordre du jour<\/h3>\n<ul>\n<li>Accueil par le pr\u00e9sident , Monsieur Rudolf O. Schmid<\/li>\n<li>Proc\u00e8s-verbal de l\u2019Assembl\u00e9e g\u00e9n\u00e9rale et des d\u00e9l\u00e9gu\u00e9s du 17 juin 2022 \u00e0 R\u00fcschlikon<\/li>\n<li>Approbation du rapport annuel 2022<\/li>\n<li>Approbation des comptes annuels 2022 et du rapport de l\u2019 organe de contr\u00f4le<\/li>\n<li>D\u00e9cision de d\u00e9charge au comit\u00e9 et \u00e0 l\u2019 organe de contr\u00f4le<\/li>\n<li>\u00c9lections<br \/>\n\u00c9lections de remplacement du comit\u00e9<br \/>\n\u00c9lections de l\u2019organe de contr\u00f4le<\/li>\n<li>Divers<\/li>\n<\/ul>\n<h3>Conf\u00e9rencier<\/h3>\n<ul>\n<li>Dr. Eric Scheidegger, Directeur suppl\u00e9ant du SECO, Chef de la Direction de la politique \u00e9conomique<\/li>\n<\/ul>\n<h3>Table ronde<\/h3>\n<ul>\n<li>Martin Hirzel, Pr\u00e9sident de Swissmem<\/li>\n<li>Thomas Freuler, Pr\u00e9sident de l\u2019Association Suisse du Commerce de l\u2019Acier et de la Technique du B\u00e2timent,\u00a0Directeur g\u00e9n\u00e9ral de SPAETER<\/li>\n<\/ul>\n<h3>Mod\u00e9ration<\/h3>\n<ul>\n<li>Kaspar Engeli, directeur Commerce Suisse<\/li>\n<\/ul>\n                    \n                                    <\/div>\n            <\/div>\n        <\/div>\n    <\/section>\n\n\n\n\n\n\n\n\n\n\n\n            <section class=\"custom-gallery-block custom-gallery-block-gray block-paddings custom-gallery-block_69f3179b0b3d1\">\n            <div class=\"block-bg-color bg-gray\"><\/div>\n\n            <div class=\"custom-gallery-block-content scrollMagic-block\" data-uid=\"69f3179b0b3d1\">\n                                    <div class=\"title-block\">\n                        <h2 class=\"mixed-font\"><p><b>IMPRESSIONEN <\/b>Tag des Handels 2022<\/p>\n<\/h2>\n                    <\/div>\n                \n                <div class=\"bilder\">\n                                            <div class=\"bild-wrapper \">\n                            <div style=\"background-image: url('https:\/\/handel-schweiz.com\/wp-content\/uploads\/2023\/11\/TdH22-GDI-600x400.jpg')\">\n                                <img decoding=\"async\" src=\"https:\/\/handel-schweiz.com\/wp-content\/themes\/handelschweiz\/assets\/images\/gallery-image-template.png\" alt=\"Galerie\" \/>\n                            <\/div>\n                        <\/div>\n                                            <div class=\"bild-wrapper \">\n                            <div style=\"background-image: url('https:\/\/handel-schweiz.com\/wp-content\/uploads\/2023\/11\/TdH22-Personen-600x400.jpg')\">\n                                <img decoding=\"async\" src=\"https:\/\/handel-schweiz.com\/wp-content\/themes\/handelschweiz\/assets\/images\/gallery-image-template.png\" alt=\"Galerie\" \/>\n                            <\/div>\n                        <\/div>\n                                            <div class=\"bild-wrapper \">\n                            <div style=\"background-image: url('https:\/\/handel-schweiz.com\/wp-content\/uploads\/2023\/11\/TdH22-draussen-2-600x400.jpg')\">\n                                <img decoding=\"async\" src=\"https:\/\/handel-schweiz.com\/wp-content\/themes\/handelschweiz\/assets\/images\/gallery-image-template.png\" alt=\"Galerie\" \/>\n                            <\/div>\n                        <\/div>\n                                            <div class=\"bild-wrapper hidden-mob\">\n                            <div style=\"background-image: url('https:\/\/handel-schweiz.com\/wp-content\/uploads\/2023\/11\/TdH22-Probst1-600x400.jpg')\">\n                                <img decoding=\"async\" src=\"https:\/\/handel-schweiz.com\/wp-content\/themes\/handelschweiz\/assets\/images\/gallery-image-template.png\" alt=\"Galerie\" \/>\n                            <\/div>\n                        <\/div>\n                                            <div class=\"bild-wrapper hidden-mob\">\n                            <div style=\"background-image: url('https:\/\/handel-schweiz.com\/wp-content\/uploads\/2023\/11\/TdH22-Wechsel-600x400.jpg')\">\n                                <img decoding=\"async\" src=\"https:\/\/handel-schweiz.com\/wp-content\/themes\/handelschweiz\/assets\/images\/gallery-image-template.png\" alt=\"Galerie\" \/>\n                            <\/div>\n                        <\/div>\n                                            <div class=\"bild-wrapper hidden-mob\">\n                            <div style=\"background-image: url('https:\/\/handel-schweiz.com\/wp-content\/uploads\/2023\/11\/TdH22-Schmid-600x400.jpg')\">\n                                <img decoding=\"async\" src=\"https:\/\/handel-schweiz.com\/wp-content\/themes\/handelschweiz\/assets\/images\/gallery-image-template.png\" alt=\"Galerie\" \/>\n                            <\/div>\n                        <\/div>\n                                            <div class=\"bild-wrapper hidden-mob\">\n                            <div style=\"background-image: url('https:\/\/handel-schweiz.com\/wp-content\/uploads\/2023\/11\/TdH22-Kaspar-600x400.jpg')\">\n                                <img decoding=\"async\" src=\"https:\/\/handel-schweiz.com\/wp-content\/themes\/handelschweiz\/assets\/images\/gallery-image-template.png\" alt=\"Galerie\" \/>\n                            <\/div>\n                        <\/div>\n                                            <div class=\"bild-wrapper hidden-mob\">\n                            <div style=\"background-image: url('https:\/\/handel-schweiz.com\/wp-content\/uploads\/2023\/11\/TdH22-Alle-600x400.jpg')\">\n                                <img decoding=\"async\" src=\"https:\/\/handel-schweiz.com\/wp-content\/themes\/handelschweiz\/assets\/images\/gallery-image-template.png\" alt=\"Galerie\" \/>\n                            <\/div>\n                        <\/div>\n                                            <div class=\"bild-wrapper hidden-mob\">\n                            <div style=\"background-image: url('https:\/\/handel-schweiz.com\/wp-content\/uploads\/2023\/11\/TdH22-Podium-2-600x400.jpg')\">\n                                <img decoding=\"async\" src=\"https:\/\/handel-schweiz.com\/wp-content\/themes\/handelschweiz\/assets\/images\/gallery-image-template.png\" alt=\"Galerie\" \/>\n                            <\/div>\n                        <\/div>\n                                    <\/div>\n\n                                    <div class=\"more-link-block\">\n                        <a href=\"#\" class=\"arrow-btn arrow-btn-bg-gray\">MEHR ANZEIGEN <span>\u00bb<\/span><\/a>\n                    <\/div>\n                            <\/div>\n        <\/section>\n    \n\n\n\n\n\n\n\n","protected":false},"featured_media":1114,"template":"","thema":[62],"class_list":["post-2295","veranstaltung","type-veranstaltung","status-publish","has-post-thumbnail","hentry","thema-journee-du-commerce"],"acf":[],"yoast_head":"<!-- This site is optimized with the Yoast SEO plugin v27.5 - https:\/\/yoast.com\/product\/yoast-seo-wordpress\/ -->\n<title>Journ\u00e9e de Commerce 2023 - HANDELSchweiz<\/title>\n<meta name=\"description\" content=\"Le secteur suisse du commerce s&#039;est r\u00e9uni \u00e0 Berne. La situation politico-\u00e9conomique a \u00e9t\u00e9 analys\u00e9e dans une atmosph\u00e8re d\u00e9tendue.\" \/>\n<meta name=\"robots\" content=\"index, follow, max-snippet:-1, max-image-preview:large, max-video-preview:-1\" \/>\n<link rel=\"canonical\" href=\"https:\/\/handel-schweiz.com\/fr\/veranstaltung\/journee-du-commerce-2023\/\" \/>\n<meta property=\"og:locale\" content=\"fr_FR\" \/>\n<meta property=\"og:type\" content=\"article\" \/>\n<meta property=\"og:title\" content=\"Journ\u00e9e de Commerce 2023 - HANDELSchweiz\" \/>\n<meta property=\"og:description\" content=\"Le secteur suisse du commerce s&#039;est r\u00e9uni \u00e0 Berne. La situation politico-\u00e9conomique a \u00e9t\u00e9 analys\u00e9e dans une atmosph\u00e8re d\u00e9tendue.\" \/>\n<meta property=\"og:url\" content=\"https:\/\/handel-schweiz.com\/fr\/veranstaltung\/journee-du-commerce-2023\/\" \/>\n<meta property=\"og:site_name\" content=\"HANDELSchweiz\" \/>\n<meta property=\"article:modified_time\" content=\"2024-01-30T08:51:32+00:00\" \/>\n<meta property=\"og:image\" content=\"https:\/\/handel-schweiz.com\/wp-content\/uploads\/2023\/06\/Kursaal-Bern.jpg\" \/>\n\t<meta property=\"og:image:width\" content=\"600\" \/>\n\t<meta property=\"og:image:height\" content=\"650\" \/>\n\t<meta property=\"og:image:type\" content=\"image\/jpeg\" \/>\n<meta name=\"twitter:card\" content=\"summary_large_image\" \/>\n<meta name=\"twitter:site\" content=\"@handelschweiz\" \/>\n<meta name=\"twitter:label1\" content=\"Dur\u00e9e de lecture estim\u00e9e\" \/>\n\t<meta name=\"twitter:data1\" content=\"1 minute\" \/>\n<script type=\"application\/ld+json\" class=\"yoast-schema-graph\">{\"@context\":\"https:\\\/\\\/schema.org\",\"@graph\":[{\"@type\":\"WebPage\",\"@id\":\"https:\\\/\\\/handel-schweiz.com\\\/fr\\\/veranstaltung\\\/journee-du-commerce-2023\\\/\",\"url\":\"https:\\\/\\\/handel-schweiz.com\\\/fr\\\/veranstaltung\\\/journee-du-commerce-2023\\\/\",\"name\":\"Journ\u00e9e de Commerce 2023 - HANDELSchweiz\",\"isPartOf\":{\"@id\":\"https:\\\/\\\/handel-schweiz.com\\\/#website\"},\"primaryImageOfPage\":{\"@id\":\"https:\\\/\\\/handel-schweiz.com\\\/fr\\\/veranstaltung\\\/journee-du-commerce-2023\\\/#primaryimage\"},\"image\":{\"@id\":\"https:\\\/\\\/handel-schweiz.com\\\/fr\\\/veranstaltung\\\/journee-du-commerce-2023\\\/#primaryimage\"},\"thumbnailUrl\":\"https:\\\/\\\/handel-schweiz.com\\\/wp-content\\\/uploads\\\/2023\\\/06\\\/Kursaal-Bern.jpg\",\"datePublished\":\"2023-06-16T07:28:32+00:00\",\"dateModified\":\"2024-01-30T08:51:32+00:00\",\"description\":\"Le secteur suisse du commerce s'est r\u00e9uni \u00e0 Berne. La situation politico-\u00e9conomique a \u00e9t\u00e9 analys\u00e9e dans une atmosph\u00e8re d\u00e9tendue.\",\"breadcrumb\":{\"@id\":\"https:\\\/\\\/handel-schweiz.com\\\/fr\\\/veranstaltung\\\/journee-du-commerce-2023\\\/#breadcrumb\"},\"inLanguage\":\"fr-FR\",\"potentialAction\":[{\"@type\":\"ReadAction\",\"target\":[\"https:\\\/\\\/handel-schweiz.com\\\/fr\\\/veranstaltung\\\/journee-du-commerce-2023\\\/\"]}]},{\"@type\":\"ImageObject\",\"inLanguage\":\"fr-FR\",\"@id\":\"https:\\\/\\\/handel-schweiz.com\\\/fr\\\/veranstaltung\\\/journee-du-commerce-2023\\\/#primaryimage\",\"url\":\"https:\\\/\\\/handel-schweiz.com\\\/wp-content\\\/uploads\\\/2023\\\/06\\\/Kursaal-Bern.jpg\",\"contentUrl\":\"https:\\\/\\\/handel-schweiz.com\\\/wp-content\\\/uploads\\\/2023\\\/06\\\/Kursaal-Bern.jpg\",\"width\":600,\"height\":650,\"caption\":\"Tag des Handels 2023\\\/Handel Schweiz\"},{\"@type\":\"BreadcrumbList\",\"@id\":\"https:\\\/\\\/handel-schweiz.com\\\/fr\\\/veranstaltung\\\/journee-du-commerce-2023\\\/#breadcrumb\",\"itemListElement\":[{\"@type\":\"ListItem\",\"position\":1,\"name\":\"Home\",\"item\":\"https:\\\/\\\/handel-schweiz.com\\\/fr\\\/\"},{\"@type\":\"ListItem\",\"position\":2,\"name\":\"Veranstaltungen\",\"item\":\"https:\\\/\\\/handel-schweiz.com\\\/veranstaltung\\\/\"},{\"@type\":\"ListItem\",\"position\":3,\"name\":\"Journ\u00e9e de Commerce 2023\"}]},{\"@type\":\"WebSite\",\"@id\":\"https:\\\/\\\/handel-schweiz.com\\\/#website\",\"url\":\"https:\\\/\\\/handel-schweiz.com\\\/\",\"name\":\"HANDELSchweiz\",\"description\":\"HANDEL f\u00f6rdern und vereinfachen\",\"publisher\":{\"@id\":\"https:\\\/\\\/handel-schweiz.com\\\/#organization\"},\"potentialAction\":[{\"@type\":\"SearchAction\",\"target\":{\"@type\":\"EntryPoint\",\"urlTemplate\":\"https:\\\/\\\/handel-schweiz.com\\\/?s={search_term_string}\"},\"query-input\":{\"@type\":\"PropertyValueSpecification\",\"valueRequired\":true,\"valueName\":\"search_term_string\"}}],\"inLanguage\":\"fr-FR\"},{\"@type\":\"Organization\",\"@id\":\"https:\\\/\\\/handel-schweiz.com\\\/#organization\",\"name\":\"HandelSchweiz\",\"alternateName\":\"Handel Schweiz\",\"url\":\"https:\\\/\\\/handel-schweiz.com\\\/\",\"logo\":{\"@type\":\"ImageObject\",\"inLanguage\":\"fr-FR\",\"@id\":\"https:\\\/\\\/handel-schweiz.com\\\/#\\\/schema\\\/logo\\\/image\\\/\",\"url\":\"https:\\\/\\\/handel-schweiz.com\\\/wp-content\\\/uploads\\\/2023\\\/11\\\/logo_de.svg\",\"contentUrl\":\"https:\\\/\\\/handel-schweiz.com\\\/wp-content\\\/uploads\\\/2023\\\/11\\\/logo_de.svg\",\"width\":417,\"height\":89,\"caption\":\"HandelSchweiz\"},\"image\":{\"@id\":\"https:\\\/\\\/handel-schweiz.com\\\/#\\\/schema\\\/logo\\\/image\\\/\"},\"sameAs\":[\"https:\\\/\\\/x.com\\\/handelschweiz\",\"https:\\\/\\\/ch.linkedin.com\\\/company\\\/handelschweiz\"]}]}<\/script>\n<!-- \/ Yoast SEO plugin. -->","yoast_head_json":{"title":"Journ\u00e9e de Commerce 2023 - HANDELSchweiz","description":"Le secteur suisse du commerce s'est r\u00e9uni \u00e0 Berne. La situation politico-\u00e9conomique a \u00e9t\u00e9 analys\u00e9e dans une atmosph\u00e8re d\u00e9tendue.","robots":{"index":"index","follow":"follow","max-snippet":"max-snippet:-1","max-image-preview":"max-image-preview:large","max-video-preview":"max-video-preview:-1"},"canonical":"https:\/\/handel-schweiz.com\/fr\/veranstaltung\/journee-du-commerce-2023\/","og_locale":"fr_FR","og_type":"article","og_title":"Journ\u00e9e de Commerce 2023 - HANDELSchweiz","og_description":"Le secteur suisse du commerce s'est r\u00e9uni \u00e0 Berne. La situation politico-\u00e9conomique a \u00e9t\u00e9 analys\u00e9e dans une atmosph\u00e8re d\u00e9tendue.","og_url":"https:\/\/handel-schweiz.com\/fr\/veranstaltung\/journee-du-commerce-2023\/","og_site_name":"HANDELSchweiz","article_modified_time":"2024-01-30T08:51:32+00:00","og_image":[{"width":600,"height":650,"url":"https:\/\/handel-schweiz.com\/wp-content\/uploads\/2023\/06\/Kursaal-Bern.jpg","type":"image\/jpeg"}],"twitter_card":"summary_large_image","twitter_site":"@handelschweiz","twitter_misc":{"Dur\u00e9e de lecture estim\u00e9e":"1 minute"},"schema":{"@context":"https:\/\/schema.org","@graph":[{"@type":"WebPage","@id":"https:\/\/handel-schweiz.com\/fr\/veranstaltung\/journee-du-commerce-2023\/","url":"https:\/\/handel-schweiz.com\/fr\/veranstaltung\/journee-du-commerce-2023\/","name":"Journ\u00e9e de Commerce 2023 - HANDELSchweiz","isPartOf":{"@id":"https:\/\/handel-schweiz.com\/#website"},"primaryImageOfPage":{"@id":"https:\/\/handel-schweiz.com\/fr\/veranstaltung\/journee-du-commerce-2023\/#primaryimage"},"image":{"@id":"https:\/\/handel-schweiz.com\/fr\/veranstaltung\/journee-du-commerce-2023\/#primaryimage"},"thumbnailUrl":"https:\/\/handel-schweiz.com\/wp-content\/uploads\/2023\/06\/Kursaal-Bern.jpg","datePublished":"2023-06-16T07:28:32+00:00","dateModified":"2024-01-30T08:51:32+00:00","description":"Le secteur suisse du commerce s'est r\u00e9uni \u00e0 Berne. La situation politico-\u00e9conomique a \u00e9t\u00e9 analys\u00e9e dans une atmosph\u00e8re d\u00e9tendue.","breadcrumb":{"@id":"https:\/\/handel-schweiz.com\/fr\/veranstaltung\/journee-du-commerce-2023\/#breadcrumb"},"inLanguage":"fr-FR","potentialAction":[{"@type":"ReadAction","target":["https:\/\/handel-schweiz.com\/fr\/veranstaltung\/journee-du-commerce-2023\/"]}]},{"@type":"ImageObject","inLanguage":"fr-FR","@id":"https:\/\/handel-schweiz.com\/fr\/veranstaltung\/journee-du-commerce-2023\/#primaryimage","url":"https:\/\/handel-schweiz.com\/wp-content\/uploads\/2023\/06\/Kursaal-Bern.jpg","contentUrl":"https:\/\/handel-schweiz.com\/wp-content\/uploads\/2023\/06\/Kursaal-Bern.jpg","width":600,"height":650,"caption":"Tag des Handels 2023\/Handel Schweiz"},{"@type":"BreadcrumbList","@id":"https:\/\/handel-schweiz.com\/fr\/veranstaltung\/journee-du-commerce-2023\/#breadcrumb","itemListElement":[{"@type":"ListItem","position":1,"name":"Home","item":"https:\/\/handel-schweiz.com\/fr\/"},{"@type":"ListItem","position":2,"name":"Veranstaltungen","item":"https:\/\/handel-schweiz.com\/veranstaltung\/"},{"@type":"ListItem","position":3,"name":"Journ\u00e9e de Commerce 2023"}]},{"@type":"WebSite","@id":"https:\/\/handel-schweiz.com\/#website","url":"https:\/\/handel-schweiz.com\/","name":"HANDELSchweiz","description":"HANDEL f\u00f6rdern und vereinfachen","publisher":{"@id":"https:\/\/handel-schweiz.com\/#organization"},"potentialAction":[{"@type":"SearchAction","target":{"@type":"EntryPoint","urlTemplate":"https:\/\/handel-schweiz.com\/?s={search_term_string}"},"query-input":{"@type":"PropertyValueSpecification","valueRequired":true,"valueName":"search_term_string"}}],"inLanguage":"fr-FR"},{"@type":"Organization","@id":"https:\/\/handel-schweiz.com\/#organization","name":"HandelSchweiz","alternateName":"Handel Schweiz","url":"https:\/\/handel-schweiz.com\/","logo":{"@type":"ImageObject","inLanguage":"fr-FR","@id":"https:\/\/handel-schweiz.com\/#\/schema\/logo\/image\/","url":"https:\/\/handel-schweiz.com\/wp-content\/uploads\/2023\/11\/logo_de.svg","contentUrl":"https:\/\/handel-schweiz.com\/wp-content\/uploads\/2023\/11\/logo_de.svg","width":417,"height":89,"caption":"HandelSchweiz"},"image":{"@id":"https:\/\/handel-schweiz.com\/#\/schema\/logo\/image\/"},"sameAs":["https:\/\/x.com\/handelschweiz","https:\/\/ch.linkedin.com\/company\/handelschweiz"]}]}},"_links":{"self":[{"href":"https:\/\/handel-schweiz.com\/fr\/wp-json\/wp\/v2\/veranstaltung\/2295","targetHints":{"allow":["GET"]}}],"collection":[{"href":"https:\/\/handel-schweiz.com\/fr\/wp-json\/wp\/v2\/veranstaltung"}],"about":[{"href":"https:\/\/handel-schweiz.com\/fr\/wp-json\/wp\/v2\/types\/veranstaltung"}],"wp:featuredmedia":[{"embeddable":true,"href":"https:\/\/handel-schweiz.com\/fr\/wp-json\/wp\/v2\/media\/1114"}],"wp:attachment":[{"href":"https:\/\/handel-schweiz.com\/fr\/wp-json\/wp\/v2\/media?parent=2295"}],"wp:term":[{"taxonomy":"thema","embeddable":true,"href":"https:\/\/handel-schweiz.com\/fr\/wp-json\/wp\/v2\/thema?post=2295"}],"curies":[{"name":"wp","href":"https:\/\/api.w.org\/{rel}","templated":true}]}}